{"id":22293,"date":"2026-04-29T10:04:59","date_gmt":"2026-04-29T08:04:59","guid":{"rendered":"https:\/\/www.cheminsdereves.fr\/?page_id=22293"},"modified":"2026-04-29T14:35:52","modified_gmt":"2026-04-29T12:35:52","slug":"la-mise-en-oeuvre-de-limmeuble-haussmannien-au-38bis","status":"publish","type":"page","link":"https:\/\/www.cheminsdereves.fr\/index.php\/la-mise-en-oeuvre-de-limmeuble-haussmannien-au-38bis\/","title":{"rendered":"La mise en \u0153uvre de l&rsquo;immeuble haussmannien Au 38bis"},"content":{"rendered":"\t\t<div data-elementor-type=\"wp-page\" data-elementor-id=\"22293\" class=\"elementor elementor-22293\" data-elementor-post-type=\"page\">\n\t\t\t\t\t\t<section class=\"has_eae_slider elementor-section elementor-top-section elementor-element elementor-element-c0ed83e elementor-section-boxed elementor-section-height-default elementor-section-height-default\" data-eae-slider=\"56446\" data-id=\"c0ed83e\" data-element_type=\"section\" data-e-type=\"section\">\n\t\t\t\t\t\t<div class=\"elementor-container elementor-column-gap-default\">\n\t\t\t\t\t<div class=\"has_eae_slider elementor-column elementor-col-100 elementor-top-column elementor-element elementor-element-5f6ca35\" data-eae-slider=\"60133\" data-id=\"5f6ca35\" data-element_type=\"column\" data-e-type=\"column\">\n\t\t\t<div class=\"elementor-widget-wrap elementor-element-populated\">\n\t\t\t\t\t\t<div class=\"elementor-element elementor-element-e5cd654 elementor-widget__width-initial elementor-widget elementor-widget-text-editor\" data-id=\"e5cd654\" data-element_type=\"widget\" data-e-type=\"widget\" data-widget_type=\"text-editor.default\">\n\t\t\t\t<div class=\"elementor-widget-container\">\n\t\t\t\t\t\t\t\t\t<p>Cette collection d&rsquo;immeubles a \u00e9t\u00e9 d\u00e9velopp\u00e9e \u00e0 partir des sources du 19\u00e8me si\u00e8cle du centre de documentation de l&rsquo;Ecole Nationale Sup\u00e9rieure\u00a0 d&rsquo;Architecture de Lyon, dont les documentalistes ont eu la gentillesse de mettre \u00e0 notre disposition leurs fonds anciens. Bien entendu, certains immeubles ont \u00e9t\u00e9 modifi\u00e9s et adapt\u00e9s pour pouvoir \u00eatre produits en carton bois.<\/p><p>Ces mod\u00e8les sont en demi relief, particuli\u00e8rement indiqu\u00e9s pour les parois de fond ou de c\u00f4t\u00e9 de vos modules ou r\u00e9seaux. Les techniques de montage sont simples et requi\u00e8rent essentiellement de la colle blanche, un cutter, une lime et un r\u00e9glet. Les pi\u00e8ces sont pr\u00e9-d\u00e9coup\u00e9es avec pr\u00e9cision au laser et s&rsquo;ajustent parfaitement. Selon les mod\u00e8les, vous trouverez dans le set des planches de carton bois de 3 mm, 2,2 mm, 2 mm, 1.5 mm,\u00a0 1 mm, 0.75 mm et des feuilles de d\u00e9taillage permettant la r\u00e9alisation des huisseries et des persiennes. Des indications pr\u00e9cises sont donn\u00e9es pour le montage, la peinture et la patine les cas \u00e9ch\u00e9ants. Les notices sont suffisamment claires et d\u00e9taill\u00e9es pour vous guider et le montage est relativement similaire quelque soit l&rsquo;immeuble. Les cas particuliers &#8211; souvent des \u00e9l\u00e9ments de d\u00e9taillage sp\u00e9cifique \u00e0 un immeuble &#8211; sont indiqu\u00e9s au cas par cas. Nous vous recommandons de lire l&rsquo;int\u00e9gralit\u00e9 de la notice avant de commencer les travaux. N&rsquo;h\u00e9sitez pas \u00e0 nous contacter \u00e0 l&rsquo;adresse contact@cheminsdereves.fr si jamais vous aviez une h\u00e9sitation. Nous nous ferons un plaisir de vous renseigner.<\/p><p>Nous vous souhaitons de bonnes s\u00e9ances de mod\u00e9lisme avec cette maquette.<\/p>\t\t\t\t\t\t\t\t<\/div>\n\t\t\t\t<\/div>\n\t\t\t\t\t<\/div>\n\t\t<\/div>\n\t\t\t\t\t<\/div>\n\t\t<\/section>\n\t\t\t\t<section class=\"has_eae_slider elementor-section elementor-top-section elementor-element elementor-element-b5cbb35 elementor-section-boxed elementor-section-height-default elementor-section-height-default\" data-eae-slider=\"23250\" data-id=\"b5cbb35\" data-element_type=\"section\" data-e-type=\"section\">\n\t\t\t\t\t\t<div class=\"elementor-container elementor-column-gap-default\">\n\t\t\t\t\t<div class=\"has_eae_slider elementor-column elementor-col-100 elementor-top-column elementor-element elementor-element-b4ce2db\" data-eae-slider=\"5779\" data-id=\"b4ce2db\" data-element_type=\"column\" data-e-type=\"column\">\n\t\t\t<div class=\"elementor-widget-wrap elementor-element-populated\">\n\t\t\t\t\t\t<div class=\"elementor-element elementor-element-f9cc12d elementor-widget elementor-widget-heading\" data-id=\"f9cc12d\" data-element_type=\"widget\" data-e-type=\"widget\" data-widget_type=\"heading.default\">\n\t\t\t\t<div class=\"elementor-widget-container\">\n\t\t\t\t\t<div id=\"ez-toc-container\" class=\"ez-toc-v2_0_82_2 counter-hierarchy ez-toc-counter ez-toc-grey ez-toc-container-direction\">\n<div class=\"ez-toc-title-container\">\n<p class=\"ez-toc-title\" style=\"cursor:inherit\">Table des mati\u00e8res<\/p>\n<span class=\"ez-toc-title-toggle\"><a href=\"#\" class=\"ez-toc-pull-right ez-toc-btn ez-toc-btn-xs ez-toc-btn-default ez-toc-toggle\" aria-label=\"Toggle Table of Content\"><span class=\"ez-toc-js-icon-con\"><span class=\"\"><span class=\"eztoc-hide\" style=\"display:none;\">Toggle<\/span><span class=\"ez-toc-icon-toggle-span\"><svg style=\"fill: #999;color:#999\" xmlns=\"http:\/\/www.w3.org\/2000\/svg\" class=\"list-377408\" width=\"20px\" height=\"20px\" viewBox=\"0 0 24 24\" fill=\"none\"><path d=\"M6 6H4v2h2V6zm14 0H8v2h12V6zM4 11h2v2H4v-2zm16 0H8v2h12v-2zM4 16h2v2H4v-2zm16 0H8v2h12v-2z\" fill=\"currentColor\"><\/path><\/svg><svg style=\"fill: #999;color:#999\" class=\"arrow-unsorted-368013\" xmlns=\"http:\/\/www.w3.org\/2000\/svg\" width=\"10px\" height=\"10px\" viewBox=\"0 0 24 24\" version=\"1.2\" baseProfile=\"tiny\"><path d=\"M18.2 9.3l-6.2-6.3-6.2 6.3c-.2.2-.3.4-.3.7s.1.5.3.7c.2.2.4.3.7.3h11c.3 0 .5-.1.7-.3.2-.2.3-.5.3-.7s-.1-.5-.3-.7zM5.8 14.7l6.2 6.3 6.2-6.3c.2-.2.3-.5.3-.7s-.1-.5-.3-.7c-.2-.2-.4-.3-.7-.3h-11c-.3 0-.5.1-.7.3-.2.2-.3.5-.3.7s.1.5.3.7z\"\/><\/svg><\/span><\/span><\/span><\/a><\/span><\/div>\n<nav><ul class='ez-toc-list ez-toc-list-level-1 ' ><li class='ez-toc-page-1 ez-toc-heading-level-2'><a class=\"ez-toc-link ez-toc-heading-1\" href=\"https:\/\/www.cheminsdereves.fr\/index.php\/la-mise-en-oeuvre-de-limmeuble-haussmannien-au-38bis\/#Le_reperage_des_differentes_planches_fournies_dans_le_set\" >Le rep\u00e9rage des diff\u00e9rentes planches fournies dans le set<\/a><\/li><li class='ez-toc-page-1 ez-toc-heading-level-2'><a class=\"ez-toc-link ez-toc-heading-2\" href=\"https:\/\/www.cheminsdereves.fr\/index.php\/la-mise-en-oeuvre-de-limmeuble-haussmannien-au-38bis\/#Le_montage_de_la_facade_avant\" >Le montage de la fa\u00e7ade avant<\/a><ul class='ez-toc-list-level-3' ><li class='ez-toc-heading-level-3'><a class=\"ez-toc-link ez-toc-heading-3\" href=\"https:\/\/www.cheminsdereves.fr\/index.php\/la-mise-en-oeuvre-de-limmeuble-haussmannien-au-38bis\/#Les_premiers_travaux\" >Les premiers travaux<\/a><\/li><\/ul><\/li><li class='ez-toc-page-1 ez-toc-heading-level-2'><a class=\"ez-toc-link ez-toc-heading-4\" href=\"https:\/\/www.cheminsdereves.fr\/index.php\/la-mise-en-oeuvre-de-limmeuble-haussmannien-au-38bis\/#Le_montage_des_planchers_et_facades_laterales\" >Le montage des planchers et fa\u00e7ades lat\u00e9rales<\/a><\/li><li class='ez-toc-page-1 ez-toc-heading-level-2'><a class=\"ez-toc-link ez-toc-heading-5\" href=\"https:\/\/www.cheminsdereves.fr\/index.php\/la-mise-en-oeuvre-de-limmeuble-haussmannien-au-38bis\/#Le_montage_des_supports_de_toit\" >Le montage des supports de toit<\/a><\/li><li class='ez-toc-page-1 ez-toc-heading-level-2'><a class=\"ez-toc-link ez-toc-heading-6\" href=\"https:\/\/www.cheminsdereves.fr\/index.php\/la-mise-en-oeuvre-de-limmeuble-haussmannien-au-38bis\/#La_peinture_de_votre_maquette\" >La peinture de votre maquette<\/a><\/li><li class='ez-toc-page-1 ez-toc-heading-level-2'><a class=\"ez-toc-link ez-toc-heading-7\" href=\"https:\/\/www.cheminsdereves.fr\/index.php\/la-mise-en-oeuvre-de-limmeuble-haussmannien-au-38bis\/#Le_montage_des_huisseries\" >Le montage des huisseries<\/a><ul class='ez-toc-list-level-3' ><li class='ez-toc-heading-level-3'><a class=\"ez-toc-link ez-toc-heading-8\" href=\"https:\/\/www.cheminsdereves.fr\/index.php\/la-mise-en-oeuvre-de-limmeuble-haussmannien-au-38bis\/#Huisseries_et_persiennes\" >Huisseries et persiennes<\/a><\/li><li class='ez-toc-page-1 ez-toc-heading-level-3'><a class=\"ez-toc-link ez-toc-heading-9\" href=\"https:\/\/www.cheminsdereves.fr\/index.php\/la-mise-en-oeuvre-de-limmeuble-haussmannien-au-38bis\/#La_porte_dentree\" >La porte d'entr\u00e9e<\/a><\/li><\/ul><\/li><li class='ez-toc-page-1 ez-toc-heading-level-2'><a class=\"ez-toc-link ez-toc-heading-10\" href=\"https:\/\/www.cheminsdereves.fr\/index.php\/la-mise-en-oeuvre-de-limmeuble-haussmannien-au-38bis\/#Le_montage_de_la_toiture\" >Le montage de la toiture<\/a><ul class='ez-toc-list-level-3' ><li class='ez-toc-heading-level-3'><a class=\"ez-toc-link ez-toc-heading-11\" href=\"https:\/\/www.cheminsdereves.fr\/index.php\/la-mise-en-oeuvre-de-limmeuble-haussmannien-au-38bis\/#Le_pan_de_toit_en_ardoises\" >Le pan de toit en ardoises<\/a><\/li><li class='ez-toc-page-1 ez-toc-heading-level-3'><a class=\"ez-toc-link ez-toc-heading-12\" href=\"https:\/\/www.cheminsdereves.fr\/index.php\/la-mise-en-oeuvre-de-limmeuble-haussmannien-au-38bis\/#La_finalisation_de_la_toiture\" >La finalisation de la toiture<\/a><\/li><\/ul><\/li><li class='ez-toc-page-1 ez-toc-heading-level-2'><a class=\"ez-toc-link ez-toc-heading-13\" href=\"https:\/\/www.cheminsdereves.fr\/index.php\/la-mise-en-oeuvre-de-limmeuble-haussmannien-au-38bis\/#Les_ferronneries\" >Les ferronneries<\/a><\/li><li class='ez-toc-page-1 ez-toc-heading-level-2'><a class=\"ez-toc-link ez-toc-heading-14\" href=\"https:\/\/www.cheminsdereves.fr\/index.php\/la-mise-en-oeuvre-de-limmeuble-haussmannien-au-38bis\/#La_descente_deau\" >La descente d'eau<\/a><\/li><\/ul><\/nav><\/div>\n<h2 class=\"elementor-heading-title elementor-size-default\"><span class=\"ez-toc-section\" id=\"Le_reperage_des_differentes_planches_fournies_dans_le_set\"><\/span>Le rep\u00e9rage des diff\u00e9rentes planches fournies dans le set<span class=\"ez-toc-section-end\"><\/span><\/h2>\t\t\t\t<\/div>\n\t\t\t\t<\/div>\n\t\t\t\t\t<\/div>\n\t\t<\/div>\n\t\t\t\t\t<\/div>\n\t\t<\/section>\n\t\t\t\t<section class=\"has_eae_slider elementor-section elementor-top-section elementor-element elementor-element-a145997 elementor-section-boxed elementor-section-height-default elementor-section-height-default\" data-eae-slider=\"21403\" data-id=\"a145997\" data-element_type=\"section\" data-e-type=\"section\">\n\t\t\t\t\t\t<div class=\"elementor-container elementor-column-gap-default\">\n\t\t\t\t\t<div class=\"has_eae_slider elementor-column elementor-col-100 elementor-top-column elementor-element elementor-element-7bb75a7\" data-eae-slider=\"14019\" data-id=\"7bb75a7\" data-element_type=\"column\" data-e-type=\"column\">\n\t\t\t<div class=\"elementor-widget-wrap elementor-element-populated\">\n\t\t\t\t\t\t<div class=\"elementor-element elementor-element-ce81819 elementor-widget__width-initial elementor-widget elementor-widget-text-editor\" data-id=\"ce81819\" data-element_type=\"widget\" data-e-type=\"widget\" data-widget_type=\"text-editor.default\">\n\t\t\t\t<div class=\"elementor-widget-container\">\n\t\t\t\t\t\t\t\t\t<p>Ces kits sont parmi les plus d\u00e9taill\u00e9s de nos collections et nous vous invitons \u00e0 bien rep\u00e9rer les diff\u00e9rentes planches les composant avant montage.<\/p>\t\t\t\t\t\t\t\t<\/div>\n\t\t\t\t<\/div>\n\t\t\t\t\t<\/div>\n\t\t<\/div>\n\t\t\t\t\t<\/div>\n\t\t<\/section>\n\t\t\t\t<section class=\"has_eae_slider elementor-section elementor-top-section elementor-element elementor-element-76dbbc0 elementor-section-boxed elementor-section-height-default elementor-section-height-default\" data-eae-slider=\"1151\" data-id=\"76dbbc0\" data-element_type=\"section\" data-e-type=\"section\">\n\t\t\t\t\t\t<div class=\"elementor-container elementor-column-gap-default\">\n\t\t\t\t\t<div class=\"has_eae_slider elementor-column elementor-col-50 elementor-top-column elementor-element elementor-element-43eaa09\" data-eae-slider=\"88390\" data-id=\"43eaa09\" data-element_type=\"column\" data-e-type=\"column\">\n\t\t\t<div class=\"elementor-widget-wrap elementor-element-populated\">\n\t\t\t\t\t\t<div class=\"elementor-element elementor-element-01f036a elementor-widget elementor-widget-image\" data-id=\"01f036a\" data-element_type=\"widget\" data-e-type=\"widget\" data-widget_type=\"image.default\">\n\t\t\t\t<div class=\"elementor-widget-container\">\n\t\t\t\t\t\t\t\t\t\t\t\t\t\t\t<img fetchpriority=\"high\" decoding=\"async\" width=\"240\" height=\"320\" src=\"https:\/\/www.cheminsdereves.fr\/wp-content\/uploads\/2025\/11\/Planche-3-mm-rotated.jpg\" class=\"attachment-large size-large wp-image-18508\" alt=\"\" srcset=\"https:\/\/www.cheminsdereves.fr\/wp-content\/uploads\/2025\/11\/Planche-3-mm-rotated.jpg 240w, https:\/\/www.cheminsdereves.fr\/wp-content\/uploads\/2025\/11\/Planche-3-mm-225x300.jpg 225w\" sizes=\"(max-width: 240px) 100vw, 240px\" \/>\t\t\t\t\t\t\t\t\t\t\t\t\t\t\t<\/div>\n\t\t\t\t<\/div>\n\t\t\t\t<div class=\"elementor-element elementor-element-6806386 elementor-widget__width-initial elementor-widget elementor-widget-text-editor\" data-id=\"6806386\" data-element_type=\"widget\" data-e-type=\"widget\" data-widget_type=\"text-editor.default\">\n\t\t\t\t<div class=\"elementor-widget-container\">\n\t\t\t\t\t\t\t\t\t<p>Vous trouverez plusieurs planches de 2.2 mm avec le support de la fa\u00e7ade avant, les supports et planchers, et diverses pi\u00e8ces de mod\u00e9natures (ci-contre).<\/p>\t\t\t\t\t\t\t\t<\/div>\n\t\t\t\t<\/div>\n\t\t\t\t<div class=\"elementor-element elementor-element-77880f6 elementor-widget elementor-widget-image\" data-id=\"77880f6\" data-element_type=\"widget\" data-e-type=\"widget\" data-widget_type=\"image.default\">\n\t\t\t\t<div class=\"elementor-widget-container\">\n\t\t\t\t\t\t\t\t\t\t\t\t\t\t\t<img decoding=\"async\" width=\"240\" height=\"320\" src=\"https:\/\/www.cheminsdereves.fr\/wp-content\/uploads\/2026\/04\/Pieces-1.5-mm-rotated.jpg\" class=\"attachment-large size-large wp-image-22547\" alt=\"\" srcset=\"https:\/\/www.cheminsdereves.fr\/wp-content\/uploads\/2026\/04\/Pieces-1.5-mm-rotated.jpg 240w, https:\/\/www.cheminsdereves.fr\/wp-content\/uploads\/2026\/04\/Pieces-1.5-mm-225x300.jpg 225w\" sizes=\"(max-width: 240px) 100vw, 240px\" \/>\t\t\t\t\t\t\t\t\t\t\t\t\t\t\t<\/div>\n\t\t\t\t<\/div>\n\t\t\t\t<div class=\"elementor-element elementor-element-6693cc9 elementor-widget__width-initial elementor-widget elementor-widget-text-editor\" data-id=\"6693cc9\" data-element_type=\"widget\" data-e-type=\"widget\" data-widget_type=\"text-editor.default\">\n\t\t\t\t<div class=\"elementor-widget-container\">\n\t\t\t\t\t\t\t\t\t<p>La planche de 1 mm regroupe quelques pi\u00e8ces pour certains balcons et des \u00e9l\u00e9ments de d\u00e9tail (pi\u00e8ces supportant supportant les balcons par exemple).<\/p>\t\t\t\t\t\t\t\t<\/div>\n\t\t\t\t<\/div>\n\t\t\t\t<div class=\"elementor-element elementor-element-8bb54ab elementor-widget elementor-widget-image\" data-id=\"8bb54ab\" data-element_type=\"widget\" data-e-type=\"widget\" data-widget_type=\"image.default\">\n\t\t\t\t<div class=\"elementor-widget-container\">\n\t\t\t\t\t\t\t\t\t\t\t\t\t\t\t<img decoding=\"async\" width=\"240\" height=\"320\" src=\"https:\/\/www.cheminsdereves.fr\/wp-content\/uploads\/2026\/04\/Pieces-0.75-mm-38-bis-rotated.jpg\" class=\"attachment-large size-large wp-image-22553\" alt=\"\" srcset=\"https:\/\/www.cheminsdereves.fr\/wp-content\/uploads\/2026\/04\/Pieces-0.75-mm-38-bis-rotated.jpg 240w, https:\/\/www.cheminsdereves.fr\/wp-content\/uploads\/2026\/04\/Pieces-0.75-mm-38-bis-225x300.jpg 225w\" sizes=\"(max-width: 240px) 100vw, 240px\" \/>\t\t\t\t\t\t\t\t\t\t\t\t\t\t\t<\/div>\n\t\t\t\t<\/div>\n\t\t\t\t<div class=\"elementor-element elementor-element-f04fae9 elementor-widget elementor-widget-image\" data-id=\"f04fae9\" data-element_type=\"widget\" data-e-type=\"widget\" data-widget_type=\"image.default\">\n\t\t\t\t<div class=\"elementor-widget-container\">\n\t\t\t\t\t\t\t\t\t\t\t\t\t\t\t<img loading=\"lazy\" decoding=\"async\" width=\"240\" height=\"320\" src=\"https:\/\/www.cheminsdereves.fr\/wp-content\/uploads\/2026\/04\/Detaillage-38-bis-rotated.jpg\" class=\"attachment-large size-large wp-image-22579\" alt=\"\" srcset=\"https:\/\/www.cheminsdereves.fr\/wp-content\/uploads\/2026\/04\/Detaillage-38-bis-rotated.jpg 240w, https:\/\/www.cheminsdereves.fr\/wp-content\/uploads\/2026\/04\/Detaillage-38-bis-225x300.jpg 225w\" sizes=\"(max-width: 240px) 100vw, 240px\" \/>\t\t\t\t\t\t\t\t\t\t\t\t\t\t\t<\/div>\n\t\t\t\t<\/div>\n\t\t\t\t<div class=\"elementor-element elementor-element-1fdc218 elementor-widget__width-initial elementor-widget elementor-widget-text-editor\" data-id=\"1fdc218\" data-element_type=\"widget\" data-e-type=\"widget\" data-widget_type=\"text-editor.default\">\n\t\t\t\t<div class=\"elementor-widget-container\">\n\t\t\t\t\t\t\t\t\t<p>Enfin, pour ceux qui auraient choisi cette option, vous devez aussi trouver dans le kit la planche pr\u00e9-d\u00e9coup\u00e9e \u00e9voquant les briques.<\/p>\t\t\t\t\t\t\t\t<\/div>\n\t\t\t\t<\/div>\n\t\t\t\t\t<\/div>\n\t\t<\/div>\n\t\t\t\t<div class=\"has_eae_slider elementor-column elementor-col-50 elementor-top-column elementor-element elementor-element-2e36d9e\" data-eae-slider=\"97541\" data-id=\"2e36d9e\" data-element_type=\"column\" data-e-type=\"column\">\n\t\t\t<div class=\"elementor-widget-wrap elementor-element-populated\">\n\t\t\t\t\t\t<div class=\"elementor-element elementor-element-f291882 elementor-widget__width-initial elementor-widget elementor-widget-text-editor\" data-id=\"f291882\" data-element_type=\"widget\" data-e-type=\"widget\" data-widget_type=\"text-editor.default\">\n\t\t\t\t<div class=\"elementor-widget-container\">\n\t\t\t\t\t\t\t\t\t<p>Les planches de 3 mm d&rsquo;\u00e9paisseur fournissent les fa\u00e7ades lat\u00e9rales.<\/p>\t\t\t\t\t\t\t\t<\/div>\n\t\t\t\t<\/div>\n\t\t\t\t<div class=\"elementor-element elementor-element-27c7035 elementor-widget elementor-widget-image\" data-id=\"27c7035\" data-element_type=\"widget\" data-e-type=\"widget\" data-widget_type=\"image.default\">\n\t\t\t\t<div class=\"elementor-widget-container\">\n\t\t\t\t\t\t\t\t\t\t\t\t\t\t\t<img loading=\"lazy\" decoding=\"async\" width=\"320\" height=\"320\" src=\"https:\/\/www.cheminsdereves.fr\/wp-content\/uploads\/2026\/04\/Pieces-2.2-mm-rotated.jpg\" class=\"attachment-large size-large wp-image-22548\" alt=\"\" srcset=\"https:\/\/www.cheminsdereves.fr\/wp-content\/uploads\/2026\/04\/Pieces-2.2-mm-rotated.jpg 320w, https:\/\/www.cheminsdereves.fr\/wp-content\/uploads\/2026\/04\/Pieces-2.2-mm-300x300.jpg 300w, https:\/\/www.cheminsdereves.fr\/wp-content\/uploads\/2026\/04\/Pieces-2.2-mm-150x150.jpg 150w, https:\/\/www.cheminsdereves.fr\/wp-content\/uploads\/2026\/04\/Pieces-2.2-mm-100x100.jpg 100w\" sizes=\"(max-width: 320px) 100vw, 320px\" \/>\t\t\t\t\t\t\t\t\t\t\t\t\t\t\t<\/div>\n\t\t\t\t<\/div>\n\t\t\t\t<div class=\"elementor-element elementor-element-6c8930e elementor-widget__width-initial elementor-widget elementor-widget-text-editor\" data-id=\"6c8930e\" data-element_type=\"widget\" data-e-type=\"widget\" data-widget_type=\"text-editor.default\">\n\t\t\t\t<div class=\"elementor-widget-container\">\n\t\t\t\t\t\t\t\t\t<p>Les planches de 1.5 mm ci-contre et ci-dessous regroupent diverses pi\u00e8ces devant composer certains balcons, des \u00e9l\u00e9ments de d\u00e9tail supportant les balcons et les bases de toitures.<\/p>\t\t\t\t\t\t\t\t<\/div>\n\t\t\t\t<\/div>\n\t\t\t\t<div class=\"elementor-element elementor-element-455f6a4 elementor-widget elementor-widget-image\" data-id=\"455f6a4\" data-element_type=\"widget\" data-e-type=\"widget\" data-widget_type=\"image.default\">\n\t\t\t\t<div class=\"elementor-widget-container\">\n\t\t\t\t\t\t\t\t\t\t\t\t\t\t\t<img loading=\"lazy\" decoding=\"async\" width=\"320\" height=\"320\" src=\"https:\/\/www.cheminsdereves.fr\/wp-content\/uploads\/2026\/04\/toiture-1-1.jpg\" class=\"attachment-large size-large wp-image-22549\" alt=\"\" srcset=\"https:\/\/www.cheminsdereves.fr\/wp-content\/uploads\/2026\/04\/toiture-1-1.jpg 320w, https:\/\/www.cheminsdereves.fr\/wp-content\/uploads\/2026\/04\/toiture-1-1-300x300.jpg 300w, https:\/\/www.cheminsdereves.fr\/wp-content\/uploads\/2026\/04\/toiture-1-1-150x150.jpg 150w, https:\/\/www.cheminsdereves.fr\/wp-content\/uploads\/2026\/04\/toiture-1-1-100x100.jpg 100w\" sizes=\"(max-width: 320px) 100vw, 320px\" \/>\t\t\t\t\t\t\t\t\t\t\t\t\t\t\t<\/div>\n\t\t\t\t<\/div>\n\t\t\t\t<div class=\"elementor-element elementor-element-f4cfff0 elementor-widget elementor-widget-image\" data-id=\"f4cfff0\" data-element_type=\"widget\" data-e-type=\"widget\" data-widget_type=\"image.default\">\n\t\t\t\t<div class=\"elementor-widget-container\">\n\t\t\t\t\t\t\t\t\t\t\t\t\t\t\t<img loading=\"lazy\" decoding=\"async\" width=\"240\" height=\"320\" src=\"https:\/\/www.cheminsdereves.fr\/wp-content\/uploads\/2026\/04\/Pieces-1-mm-38bis-CB-1-rotated.jpg\" class=\"attachment-large size-large wp-image-22546\" alt=\"\" srcset=\"https:\/\/www.cheminsdereves.fr\/wp-content\/uploads\/2026\/04\/Pieces-1-mm-38bis-CB-1-rotated.jpg 240w, https:\/\/www.cheminsdereves.fr\/wp-content\/uploads\/2026\/04\/Pieces-1-mm-38bis-CB-1-225x300.jpg 225w\" sizes=\"(max-width: 240px) 100vw, 240px\" \/>\t\t\t\t\t\t\t\t\t\t\t\t\t\t\t<\/div>\n\t\t\t\t<\/div>\n\t\t\t\t<div class=\"elementor-element elementor-element-9096ecb elementor-widget__width-initial elementor-widget elementor-widget-text-editor\" data-id=\"9096ecb\" data-element_type=\"widget\" data-e-type=\"widget\" data-widget_type=\"text-editor.default\">\n\t\t\t\t<div class=\"elementor-widget-container\">\n\t\t\t\t\t\t\t\t\t<p>Les planches de 0.75 mm composent l&rsquo;habillage de la fa\u00e7ade avant et de la partie zingu\u00e9e du comble bris\u00e9.<\/p>\t\t\t\t\t\t\t\t<\/div>\n\t\t\t\t<\/div>\n\t\t\t\t<div class=\"elementor-element elementor-element-cfeae27 elementor-widget__width-initial elementor-widget elementor-widget-text-editor\" data-id=\"cfeae27\" data-element_type=\"widget\" data-e-type=\"widget\" data-widget_type=\"text-editor.default\">\n\t\t\t\t<div class=\"elementor-widget-container\">\n\t\t\t\t\t\t\t\t\t<p>La photo ci contre regroupe les \u00e9l\u00e9ments de d\u00e9taillage : ardoises, huisseries, persiennes,\u00a0 planche de gravure chimique.<\/p>\t\t\t\t\t\t\t\t<\/div>\n\t\t\t\t<\/div>\n\t\t\t\t<div class=\"elementor-element elementor-element-69d74a5 elementor-widget elementor-widget-image\" data-id=\"69d74a5\" data-element_type=\"widget\" data-e-type=\"widget\" data-widget_type=\"image.default\">\n\t\t\t\t<div class=\"elementor-widget-container\">\n\t\t\t\t\t\t\t\t\t\t\t\t\t\t\t<img loading=\"lazy\" decoding=\"async\" width=\"240\" height=\"320\" src=\"https:\/\/www.cheminsdereves.fr\/wp-content\/uploads\/2026\/04\/Briques-38bis-1-rotated.jpg\" class=\"attachment-large size-large wp-image-22580\" alt=\"\" srcset=\"https:\/\/www.cheminsdereves.fr\/wp-content\/uploads\/2026\/04\/Briques-38bis-1-rotated.jpg 240w, https:\/\/www.cheminsdereves.fr\/wp-content\/uploads\/2026\/04\/Briques-38bis-1-225x300.jpg 225w\" sizes=\"(max-width: 240px) 100vw, 240px\" \/>\t\t\t\t\t\t\t\t\t\t\t\t\t\t\t<\/div>\n\t\t\t\t<\/div>\n\t\t\t\t\t<\/div>\n\t\t<\/div>\n\t\t\t\t\t<\/div>\n\t\t<\/section>\n\t\t\t\t<section class=\"has_eae_slider elementor-section elementor-top-section elementor-element elementor-element-c9701d2 elementor-section-boxed elementor-section-height-default elementor-section-height-default\" data-eae-slider=\"98381\" data-id=\"c9701d2\" data-element_type=\"section\" data-e-type=\"section\">\n\t\t\t\t\t\t<div class=\"elementor-container elementor-column-gap-default\">\n\t\t\t\t\t<div class=\"has_eae_slider elementor-column elementor-col-100 elementor-top-column elementor-element elementor-element-c4e454d\" data-eae-slider=\"65452\" data-id=\"c4e454d\" data-element_type=\"column\" data-e-type=\"column\">\n\t\t\t<div class=\"elementor-widget-wrap elementor-element-populated\">\n\t\t\t\t\t\t<div class=\"elementor-element elementor-element-7bee88e elementor-widget elementor-widget-heading\" data-id=\"7bee88e\" data-element_type=\"widget\" data-e-type=\"widget\" data-widget_type=\"heading.default\">\n\t\t\t\t<div class=\"elementor-widget-container\">\n\t\t\t\t\t<h2 class=\"elementor-heading-title elementor-size-default\"><span class=\"ez-toc-section\" id=\"Le_montage_de_la_facade_avant\"><\/span>Le montage de la fa\u00e7ade avant<span class=\"ez-toc-section-end\"><\/span><\/h2>\t\t\t\t<\/div>\n\t\t\t\t<\/div>\n\t\t\t\t\t<\/div>\n\t\t<\/div>\n\t\t\t\t\t<\/div>\n\t\t<\/section>\n\t\t\t\t<section class=\"has_eae_slider elementor-section elementor-top-section elementor-element elementor-element-c0efbb7 elementor-section-boxed elementor-section-height-default elementor-section-height-default\" data-eae-slider=\"2953\" data-id=\"c0efbb7\" data-element_type=\"section\" data-e-type=\"section\">\n\t\t\t\t\t\t<div class=\"elementor-container elementor-column-gap-default\">\n\t\t\t\t\t<div class=\"has_eae_slider elementor-column elementor-col-100 elementor-top-column elementor-element elementor-element-ae1bdc3\" data-eae-slider=\"32045\" data-id=\"ae1bdc3\" data-element_type=\"column\" data-e-type=\"column\">\n\t\t\t<div class=\"elementor-widget-wrap elementor-element-populated\">\n\t\t\t\t\t\t<div class=\"elementor-element elementor-element-3a2fdc4 elementor-widget elementor-widget-heading\" data-id=\"3a2fdc4\" data-element_type=\"widget\" data-e-type=\"widget\" data-widget_type=\"heading.default\">\n\t\t\t\t<div class=\"elementor-widget-container\">\n\t\t\t\t\t<h3 class=\"elementor-heading-title elementor-size-default\"><span class=\"ez-toc-section\" id=\"Les_premiers_travaux\"><\/span>Les premiers travaux<span class=\"ez-toc-section-end\"><\/span><\/h3>\t\t\t\t<\/div>\n\t\t\t\t<\/div>\n\t\t\t\t\t<\/div>\n\t\t<\/div>\n\t\t\t\t\t<\/div>\n\t\t<\/section>\n\t\t\t\t<section class=\"has_eae_slider elementor-section elementor-top-section elementor-element elementor-element-0ad59ca elementor-section-boxed elementor-section-height-default elementor-section-height-default\" data-eae-slider=\"2526\" data-id=\"0ad59ca\" data-element_type=\"section\" data-e-type=\"section\">\n\t\t\t\t\t\t<div class=\"elementor-container elementor-column-gap-default\">\n\t\t\t\t\t<div class=\"has_eae_slider elementor-column elementor-col-50 elementor-top-column elementor-element elementor-element-2c93faa\" data-eae-slider=\"17039\" data-id=\"2c93faa\" data-element_type=\"column\" data-e-type=\"column\">\n\t\t\t<div class=\"elementor-widget-wrap elementor-element-populated\">\n\t\t\t\t\t\t<div class=\"elementor-element elementor-element-b88a135 elementor-widget elementor-widget-image\" data-id=\"b88a135\" data-element_type=\"widget\" data-e-type=\"widget\" data-widget_type=\"image.default\">\n\t\t\t\t<div class=\"elementor-widget-container\">\n\t\t\t\t\t\t\t\t\t\t\t\t\t\t\t<img loading=\"lazy\" decoding=\"async\" width=\"320\" height=\"240\" src=\"https:\/\/www.cheminsdereves.fr\/wp-content\/uploads\/2026\/04\/rdc-38-bis-CB.jpg\" class=\"attachment-large size-large wp-image-22302\" alt=\"\" srcset=\"https:\/\/www.cheminsdereves.fr\/wp-content\/uploads\/2026\/04\/rdc-38-bis-CB.jpg 320w, https:\/\/www.cheminsdereves.fr\/wp-content\/uploads\/2026\/04\/rdc-38-bis-CB-300x225.jpg 300w\" sizes=\"(max-width: 320px) 100vw, 320px\" \/>\t\t\t\t\t\t\t\t\t\t\t\t\t\t\t<\/div>\n\t\t\t\t<\/div>\n\t\t\t\t<div class=\"elementor-element elementor-element-bb7104d elementor-widget__width-initial elementor-widget elementor-widget-text-editor\" data-id=\"bb7104d\" data-element_type=\"widget\" data-e-type=\"widget\" data-widget_type=\"text-editor.default\">\n\t\t\t\t<div class=\"elementor-widget-container\">\n\t\t\t\t\t\t\t\t\t<p>Vous pourrez continuer en collant l&rsquo;entourage de porte d&rsquo;entr\u00e9e (plaque de 2.2 mm) et les deux bas de fa\u00e7ade de chaque c\u00f4t\u00e9 de la porte (plaque de 1.5 mm).\u00a0<\/p>\t\t\t\t\t\t\t\t<\/div>\n\t\t\t\t<\/div>\n\t\t\t\t<div class=\"elementor-element elementor-element-462289f elementor-widget__width-initial elementor-widget elementor-widget-text-editor\" data-id=\"462289f\" data-element_type=\"widget\" data-e-type=\"widget\" data-widget_type=\"text-editor.default\">\n\t\t\t\t<div class=\"elementor-widget-container\">\n\t\t\t\t\t\t\t\t\t<p>Les \u00e9l\u00e9ments composant les balcons des \u00e9tages 4 et 5 (plaque de 1 mm) sont seront ensuite coll\u00e9s par superposition de deux pi\u00e8ces.<\/p>\t\t\t\t\t\t\t\t<\/div>\n\t\t\t\t<\/div>\n\t\t\t\t<div class=\"elementor-element elementor-element-b91e4b0 elementor-widget elementor-widget-image\" data-id=\"b91e4b0\" data-element_type=\"widget\" data-e-type=\"widget\" data-widget_type=\"image.default\">\n\t\t\t\t<div class=\"elementor-widget-container\">\n\t\t\t\t\t\t\t\t\t\t\t\t\t\t\t<img loading=\"lazy\" decoding=\"async\" width=\"320\" height=\"320\" src=\"https:\/\/www.cheminsdereves.fr\/wp-content\/uploads\/2026\/04\/balcon-etage-2-38bis.jpg\" class=\"attachment-large size-large wp-image-22295\" alt=\"\" srcset=\"https:\/\/www.cheminsdereves.fr\/wp-content\/uploads\/2026\/04\/balcon-etage-2-38bis.jpg 320w, https:\/\/www.cheminsdereves.fr\/wp-content\/uploads\/2026\/04\/balcon-etage-2-38bis-300x300.jpg 300w, https:\/\/www.cheminsdereves.fr\/wp-content\/uploads\/2026\/04\/balcon-etage-2-38bis-150x150.jpg 150w, https:\/\/www.cheminsdereves.fr\/wp-content\/uploads\/2026\/04\/balcon-etage-2-38bis-100x100.jpg 100w\" sizes=\"(max-width: 320px) 100vw, 320px\" \/>\t\t\t\t\t\t\t\t\t\t\t\t\t\t\t<\/div>\n\t\t\t\t<\/div>\n\t\t\t\t<div class=\"elementor-element elementor-element-8525b1a elementor-widget__width-initial elementor-widget elementor-widget-text-editor\" data-id=\"8525b1a\" data-element_type=\"widget\" data-e-type=\"widget\" data-widget_type=\"text-editor.default\">\n\t\t\t\t<div class=\"elementor-widget-container\">\n\t\t\t\t\t\t\t\t\t<p>Les supports se trouvent dans les plaques de 1.5 et 2.2 mm et s&rsquo;ins\u00e8rent dans les orifices pr\u00e9vus \u00e0 cet effet (ci-dessus et ci-contre).<\/p>\t\t\t\t\t\t\t\t<\/div>\n\t\t\t\t<\/div>\n\t\t\t\t<div class=\"elementor-element elementor-element-455cdc1 elementor-widget elementor-widget-image\" data-id=\"455cdc1\" data-element_type=\"widget\" data-e-type=\"widget\" data-widget_type=\"image.default\">\n\t\t\t\t<div class=\"elementor-widget-container\">\n\t\t\t\t\t\t\t\t\t\t\t\t\t\t\t<img loading=\"lazy\" decoding=\"async\" width=\"240\" height=\"320\" src=\"https:\/\/www.cheminsdereves.fr\/wp-content\/uploads\/2026\/04\/Supports-1-mm-etage-2-38-bis-CB-rotated.jpg\" class=\"attachment-large size-large wp-image-22303\" alt=\"\" srcset=\"https:\/\/www.cheminsdereves.fr\/wp-content\/uploads\/2026\/04\/Supports-1-mm-etage-2-38-bis-CB-rotated.jpg 240w, https:\/\/www.cheminsdereves.fr\/wp-content\/uploads\/2026\/04\/Supports-1-mm-etage-2-38-bis-CB-225x300.jpg 225w\" sizes=\"(max-width: 240px) 100vw, 240px\" \/>\t\t\t\t\t\t\t\t\t\t\t\t\t\t\t<\/div>\n\t\t\t\t<\/div>\n\t\t\t\t\t<\/div>\n\t\t<\/div>\n\t\t\t\t<div class=\"has_eae_slider elementor-column elementor-col-50 elementor-top-column elementor-element elementor-element-9790dec\" data-eae-slider=\"66537\" data-id=\"9790dec\" data-element_type=\"column\" data-e-type=\"column\">\n\t\t\t<div class=\"elementor-widget-wrap elementor-element-populated\">\n\t\t\t\t\t\t<div class=\"elementor-element elementor-element-40a310b elementor-widget__width-initial elementor-widget elementor-widget-text-editor\" data-id=\"40a310b\" data-element_type=\"widget\" data-e-type=\"widget\" data-widget_type=\"text-editor.default\">\n\t\t\t\t<div class=\"elementor-widget-container\">\n\t\t\t\t\t\t\t\t\t<p>La premi\u00e8re \u00e9tape consiste \u00e0 coller l&rsquo;habillage de 0.75 mm sur la base de la fa\u00e7ade en carton bois de 2.2 mm. Proc\u00e9dez avec soin de fa\u00e7on \u00e0 ce que cette superposition s&rsquo;ajuste parfaitement. Faites attention, sur ce mod\u00e8le la plaque de 0.75 mm ne va pas jusqu&rsquo;en bas. Le superposition des deux pi\u00e8ces constituant les rebords de fen\u00eatres du 1er \u00e9tage (plaque de 1 mm) vous permet de guider le collage des deux fa\u00e7ades l&rsquo;une sur l&rsquo;autre.<\/p>\t\t\t\t\t\t\t\t<\/div>\n\t\t\t\t<\/div>\n\t\t\t\t<div class=\"elementor-element elementor-element-ad7f599 elementor-widget elementor-widget-image\" data-id=\"ad7f599\" data-element_type=\"widget\" data-e-type=\"widget\" data-widget_type=\"image.default\">\n\t\t\t\t<div class=\"elementor-widget-container\">\n\t\t\t\t\t\t\t\t\t\t\t\t\t\t\t<img loading=\"lazy\" decoding=\"async\" width=\"320\" height=\"240\" src=\"https:\/\/www.cheminsdereves.fr\/wp-content\/uploads\/2026\/04\/Montage-balcon-4-et-5-38bis.jpg\" class=\"attachment-large size-large wp-image-22299\" alt=\"\" srcset=\"https:\/\/www.cheminsdereves.fr\/wp-content\/uploads\/2026\/04\/Montage-balcon-4-et-5-38bis.jpg 320w, https:\/\/www.cheminsdereves.fr\/wp-content\/uploads\/2026\/04\/Montage-balcon-4-et-5-38bis-300x225.jpg 300w\" sizes=\"(max-width: 320px) 100vw, 320px\" \/>\t\t\t\t\t\t\t\t\t\t\t\t\t\t\t<\/div>\n\t\t\t\t<\/div>\n\t\t\t\t<div class=\"elementor-element elementor-element-8de9bf5 elementor-widget__width-initial elementor-widget elementor-widget-text-editor\" data-id=\"8de9bf5\" data-element_type=\"widget\" data-e-type=\"widget\" data-widget_type=\"text-editor.default\">\n\t\t\t\t<div class=\"elementor-widget-container\">\n\t\t\t\t\t\t\t\t\t<p>Les balcons aux \u00e9tages 2 et 3 se montent par superposition de deux pi\u00e8ces (plaque de 1.5 mm). Ci-contre, l&rsquo;\u00e9tage 2, le balcon est en un seul tenant. Les balcons sont s\u00e9par\u00e9s pour l&rsquo;\u00e9tage 3.<\/p>\t\t\t\t\t\t\t\t<\/div>\n\t\t\t\t<\/div>\n\t\t\t\t<div class=\"elementor-element elementor-element-44be1c8 elementor-widget elementor-widget-image\" data-id=\"44be1c8\" data-element_type=\"widget\" data-e-type=\"widget\" data-widget_type=\"image.default\">\n\t\t\t\t<div class=\"elementor-widget-container\">\n\t\t\t\t\t\t\t\t\t\t\t\t\t\t\t<img loading=\"lazy\" decoding=\"async\" width=\"320\" height=\"240\" src=\"https:\/\/www.cheminsdereves.fr\/wp-content\/uploads\/2026\/04\/supports-etage-4-et-5-38-bis-CB.jpg\" class=\"attachment-large size-large wp-image-22304\" alt=\"\" srcset=\"https:\/\/www.cheminsdereves.fr\/wp-content\/uploads\/2026\/04\/supports-etage-4-et-5-38-bis-CB.jpg 320w, https:\/\/www.cheminsdereves.fr\/wp-content\/uploads\/2026\/04\/supports-etage-4-et-5-38-bis-CB-300x225.jpg 300w\" sizes=\"(max-width: 320px) 100vw, 320px\" \/>\t\t\t\t\t\t\t\t\t\t\t\t\t\t\t<\/div>\n\t\t\t\t<\/div>\n\t\t\t\t<div class=\"elementor-element elementor-element-1c993fe elementor-widget__width-initial elementor-widget elementor-widget-text-editor\" data-id=\"1c993fe\" data-element_type=\"widget\" data-e-type=\"widget\" data-widget_type=\"text-editor.default\">\n\t\t\t\t<div class=\"elementor-widget-container\">\n\t\t\t\t\t\t\t\t\t<p>Vous pouvez rajouter ces pi\u00e8ces de 1 mm de chaque c\u00f4t\u00e9 des 2 supports centraux.<\/p>\t\t\t\t\t\t\t\t<\/div>\n\t\t\t\t<\/div>\n\t\t\t\t\t<\/div>\n\t\t<\/div>\n\t\t\t\t\t<\/div>\n\t\t<\/section>\n\t\t\t\t<section class=\"has_eae_slider elementor-section elementor-top-section elementor-element elementor-element-bc0cea5 elementor-section-boxed elementor-section-height-default elementor-section-height-default\" data-eae-slider=\"92719\" data-id=\"bc0cea5\" data-element_type=\"section\" data-e-type=\"section\">\n\t\t\t\t\t\t<div class=\"elementor-container elementor-column-gap-default\">\n\t\t\t\t\t<div class=\"has_eae_slider elementor-column elementor-col-50 elementor-top-column elementor-element elementor-element-c61b606\" data-eae-slider=\"87597\" data-id=\"c61b606\" data-element_type=\"column\" data-e-type=\"column\">\n\t\t\t<div class=\"elementor-widget-wrap elementor-element-populated\">\n\t\t\t\t\t\t<div class=\"elementor-element elementor-element-178b5bd elementor-widget__width-initial elementor-widget elementor-widget-text-editor\" data-id=\"178b5bd\" data-element_type=\"widget\" data-e-type=\"widget\" data-widget_type=\"text-editor.default\">\n\t\t\t\t<div class=\"elementor-widget-container\">\n\t\t\t\t\t\t\t\t\t<p>La structure principale de la fa\u00e7ade avant est \u00e0 pr\u00e9sent termin\u00e9e. Ne montez pas les huisseries pour l&rsquo;instant ! Comme vous pouvez le constater au fil des photos, il est possible de peindre au fur et \u00e0 mesure les tranches visibles. Nous avons fait le choix pour cet immeuble d&rsquo;une teinte ivoire (RAL 1015 pour \u00eatre pr\u00e9cis) proche de la couleur du carton bois mais tout autre choix &#8211; de blanc \u00e0 jaune clair est possible. Ces immeubles \u00e9taient construits en pierre calcaire dont la couleur varie selon les r\u00e9gions.<\/p>\t\t\t\t\t\t\t\t<\/div>\n\t\t\t\t<\/div>\n\t\t\t\t\t<\/div>\n\t\t<\/div>\n\t\t\t\t<div class=\"has_eae_slider elementor-column elementor-col-50 elementor-top-column elementor-element elementor-element-20d4878\" data-eae-slider=\"7807\" data-id=\"20d4878\" data-element_type=\"column\" data-e-type=\"column\">\n\t\t\t<div class=\"elementor-widget-wrap elementor-element-populated\">\n\t\t\t\t\t\t<div class=\"elementor-element elementor-element-f791300 elementor-widget elementor-widget-image\" data-id=\"f791300\" data-element_type=\"widget\" data-e-type=\"widget\" data-widget_type=\"image.default\">\n\t\t\t\t<div class=\"elementor-widget-container\">\n\t\t\t\t\t\t\t\t\t\t\t\t\t\t\t<img loading=\"lazy\" decoding=\"async\" width=\"240\" height=\"320\" src=\"https:\/\/www.cheminsdereves.fr\/wp-content\/uploads\/2026\/04\/facade-38-bis-terminee-avant-peinture-rotated.jpg\" class=\"attachment-large size-large wp-image-22297\" alt=\"\" srcset=\"https:\/\/www.cheminsdereves.fr\/wp-content\/uploads\/2026\/04\/facade-38-bis-terminee-avant-peinture-rotated.jpg 240w, https:\/\/www.cheminsdereves.fr\/wp-content\/uploads\/2026\/04\/facade-38-bis-terminee-avant-peinture-225x300.jpg 225w\" sizes=\"(max-width: 240px) 100vw, 240px\" \/>\t\t\t\t\t\t\t\t\t\t\t\t\t\t\t<\/div>\n\t\t\t\t<\/div>\n\t\t\t\t<div class=\"elementor-element elementor-element-dc9e925 elementor-widget__width-initial elementor-widget elementor-widget-text-editor\" data-id=\"dc9e925\" data-element_type=\"widget\" data-e-type=\"widget\" data-widget_type=\"text-editor.default\">\n\t\t\t\t<div class=\"elementor-widget-container\">\n\t\t\t\t\t\t\t\t\t<p>Nous vous invitons \u00e0 consulter <a href=\"https:\/\/www.cheminsdereves.fr\/index.php\/support\/la-peinture-et-la-patine-des-immeubles-en-carton-bois\/\"><strong>notre guide pour la d\u00e9coration et la patine des immeubles en carton bois<\/strong><\/a> pour de plus amples consignes.<\/p>\t\t\t\t\t\t\t\t<\/div>\n\t\t\t\t<\/div>\n\t\t\t\t\t<\/div>\n\t\t<\/div>\n\t\t\t\t\t<\/div>\n\t\t<\/section>\n\t\t\t\t<section class=\"has_eae_slider elementor-section elementor-top-section elementor-element elementor-element-3a28e18 elementor-section-boxed elementor-section-height-default elementor-section-height-default\" data-eae-slider=\"65326\" data-id=\"3a28e18\" data-element_type=\"section\" data-e-type=\"section\">\n\t\t\t\t\t\t<div class=\"elementor-container elementor-column-gap-default\">\n\t\t\t\t\t<div class=\"has_eae_slider elementor-column elementor-col-100 elementor-top-column elementor-element elementor-element-187bbc7\" data-eae-slider=\"53760\" data-id=\"187bbc7\" data-element_type=\"column\" data-e-type=\"column\">\n\t\t\t<div class=\"elementor-widget-wrap elementor-element-populated\">\n\t\t\t\t\t\t<div class=\"elementor-element elementor-element-9599454 elementor-widget elementor-widget-heading\" data-id=\"9599454\" data-element_type=\"widget\" data-e-type=\"widget\" data-widget_type=\"heading.default\">\n\t\t\t\t<div class=\"elementor-widget-container\">\n\t\t\t\t\t<h2 class=\"elementor-heading-title elementor-size-default\"><span class=\"ez-toc-section\" id=\"Le_montage_des_planchers_et_facades_laterales\"><\/span>Le montage des planchers et fa\u00e7ades lat\u00e9rales<span class=\"ez-toc-section-end\"><\/span><\/h2>\t\t\t\t<\/div>\n\t\t\t\t<\/div>\n\t\t\t\t\t<\/div>\n\t\t<\/div>\n\t\t\t\t\t<\/div>\n\t\t<\/section>\n\t\t\t\t<section class=\"has_eae_slider elementor-section elementor-top-section elementor-element elementor-element-ead867a elementor-section-boxed elementor-section-height-default elementor-section-height-default\" data-eae-slider=\"16136\" data-id=\"ead867a\" data-element_type=\"section\" data-e-type=\"section\">\n\t\t\t\t\t\t<div class=\"elementor-container elementor-column-gap-default\">\n\t\t\t\t\t<div class=\"has_eae_slider elementor-column elementor-col-50 elementor-top-column elementor-element elementor-element-6cd28ef\" data-eae-slider=\"45846\" data-id=\"6cd28ef\" data-element_type=\"column\" data-e-type=\"column\">\n\t\t\t<div class=\"elementor-widget-wrap elementor-element-populated\">\n\t\t\t\t\t\t<div class=\"elementor-element elementor-element-c6e01ff elementor-widget elementor-widget-image\" data-id=\"c6e01ff\" data-element_type=\"widget\" data-e-type=\"widget\" data-widget_type=\"image.default\">\n\t\t\t\t<div class=\"elementor-widget-container\">\n\t\t\t\t\t\t\t\t\t\t\t\t\t\t\t<img loading=\"lazy\" decoding=\"async\" width=\"240\" height=\"320\" src=\"https:\/\/www.cheminsdereves.fr\/wp-content\/uploads\/2026\/04\/montage-planchers-et-facades-rotated.jpg\" class=\"attachment-large size-large wp-image-22300\" alt=\"\" srcset=\"https:\/\/www.cheminsdereves.fr\/wp-content\/uploads\/2026\/04\/montage-planchers-et-facades-rotated.jpg 240w, https:\/\/www.cheminsdereves.fr\/wp-content\/uploads\/2026\/04\/montage-planchers-et-facades-225x300.jpg 225w\" sizes=\"(max-width: 240px) 100vw, 240px\" \/>\t\t\t\t\t\t\t\t\t\t\t\t\t\t\t<\/div>\n\t\t\t\t<\/div>\n\t\t\t\t\t<\/div>\n\t\t<\/div>\n\t\t\t\t<div class=\"has_eae_slider elementor-column elementor-col-50 elementor-top-column elementor-element elementor-element-291503d\" data-eae-slider=\"94886\" data-id=\"291503d\" data-element_type=\"column\" data-e-type=\"column\">\n\t\t\t<div class=\"elementor-widget-wrap elementor-element-populated\">\n\t\t\t\t\t\t<div class=\"elementor-element elementor-element-0e4a76d elementor-widget__width-initial elementor-widget elementor-widget-text-editor\" data-id=\"0e4a76d\" data-element_type=\"widget\" data-e-type=\"widget\" data-widget_type=\"text-editor.default\">\n\t\t\t\t<div class=\"elementor-widget-container\">\n\t\t\t\t\t\t\t\t\t<p>Les planchers s&rsquo;ins\u00e8rent facilement dans les ergots de positionnement pr\u00e9vus \u00e0 cet effet. Faites attention \u00e0 l&rsquo;\u00e9querrage. Nous vous recommandons de ne coller que les deux planchers illustr\u00e9s par la photo ci contre pour l&rsquo;instant. Les fa\u00e7ades lat\u00e9rales seront coll\u00e9es en place \u00e0 l&rsquo;issue. Nous vous recommandons de maintenir l&rsquo;ensemble avec des joints souples le temps du collage<\/p>\t\t\t\t\t\t\t\t<\/div>\n\t\t\t\t<\/div>\n\t\t\t\t\t<\/div>\n\t\t<\/div>\n\t\t\t\t\t<\/div>\n\t\t<\/section>\n\t\t\t\t<section class=\"has_eae_slider elementor-section elementor-top-section elementor-element elementor-element-dda61a5 elementor-section-boxed elementor-section-height-default elementor-section-height-default\" data-eae-slider=\"95264\" data-id=\"dda61a5\" data-element_type=\"section\" data-e-type=\"section\">\n\t\t\t\t\t\t<div class=\"elementor-container elementor-column-gap-default\">\n\t\t\t\t\t<div class=\"has_eae_slider elementor-column elementor-col-100 elementor-top-column elementor-element elementor-element-3eabbae\" data-eae-slider=\"40448\" data-id=\"3eabbae\" data-element_type=\"column\" data-e-type=\"column\">\n\t\t\t<div class=\"elementor-widget-wrap elementor-element-populated\">\n\t\t\t\t\t\t<div class=\"elementor-element elementor-element-88bcf0e elementor-widget elementor-widget-heading\" data-id=\"88bcf0e\" data-element_type=\"widget\" data-e-type=\"widget\" data-widget_type=\"heading.default\">\n\t\t\t\t<div class=\"elementor-widget-container\">\n\t\t\t\t\t<h2 class=\"elementor-heading-title elementor-size-default\"><span class=\"ez-toc-section\" id=\"Le_montage_des_supports_de_toit\"><\/span>Le montage des supports de toit<span class=\"ez-toc-section-end\"><\/span><\/h2>\t\t\t\t<\/div>\n\t\t\t\t<\/div>\n\t\t\t\t\t<\/div>\n\t\t<\/div>\n\t\t\t\t\t<\/div>\n\t\t<\/section>\n\t\t\t\t<section class=\"has_eae_slider elementor-section elementor-top-section elementor-element elementor-element-83e80ca elementor-section-boxed elementor-section-height-default elementor-section-height-default\" data-eae-slider=\"27338\" data-id=\"83e80ca\" data-element_type=\"section\" data-e-type=\"section\">\n\t\t\t\t\t\t<div class=\"elementor-container elementor-column-gap-default\">\n\t\t\t\t\t<div class=\"has_eae_slider elementor-column elementor-col-50 elementor-top-column elementor-element elementor-element-6459a80\" data-eae-slider=\"12479\" data-id=\"6459a80\" data-element_type=\"column\" data-e-type=\"column\">\n\t\t\t<div class=\"elementor-widget-wrap elementor-element-populated\">\n\t\t\t\t\t\t<div class=\"elementor-element elementor-element-67981b0 elementor-widget elementor-widget-image\" data-id=\"67981b0\" data-element_type=\"widget\" data-e-type=\"widget\" data-widget_type=\"image.default\">\n\t\t\t\t<div class=\"elementor-widget-container\">\n\t\t\t\t\t\t\t\t\t\t\t\t\t\t\t<img loading=\"lazy\" decoding=\"async\" width=\"320\" height=\"259\" src=\"https:\/\/www.cheminsdereves.fr\/wp-content\/uploads\/2026\/02\/Supports-toiture-1.jpg\" class=\"attachment-large size-large wp-image-21014\" alt=\"\" srcset=\"https:\/\/www.cheminsdereves.fr\/wp-content\/uploads\/2026\/02\/Supports-toiture-1.jpg 320w, https:\/\/www.cheminsdereves.fr\/wp-content\/uploads\/2026\/02\/Supports-toiture-1-300x243.jpg 300w\" sizes=\"(max-width: 320px) 100vw, 320px\" \/>\t\t\t\t\t\t\t\t\t\t\t\t\t\t\t<\/div>\n\t\t\t\t<\/div>\n\t\t\t\t\t<\/div>\n\t\t<\/div>\n\t\t\t\t<div class=\"has_eae_slider elementor-column elementor-col-50 elementor-top-column elementor-element elementor-element-622e84b\" data-eae-slider=\"20034\" data-id=\"622e84b\" data-element_type=\"column\" data-e-type=\"column\">\n\t\t\t<div class=\"elementor-widget-wrap elementor-element-populated\">\n\t\t\t\t\t\t<div class=\"elementor-element elementor-element-5f6a80b elementor-widget__width-initial elementor-widget elementor-widget-text-editor\" data-id=\"5f6a80b\" data-element_type=\"widget\" data-e-type=\"widget\" data-widget_type=\"text-editor.default\">\n\t\t\t\t<div class=\"elementor-widget-container\">\n\t\t\t\t\t\t\t\t\t<p>Les supports de toiture sont constitu\u00e9s par 2 pi\u00e8ces en carton bois de 3 mm \u00e0 placer \u00e0 l&rsquo;aide des ergots de positionnement. Il faudra leur adjoindre 2 pi\u00e8ces en carton bois de 2.2 mm coll\u00e9es \u00e0 l&rsquo;int\u00e9rieur. Les deux autres supports de toitures en carton bois de 2.2 mm seront coll\u00e9s contre les deux fa\u00e7ades de c\u00f4t\u00e9s \u00e0 l&rsquo;int\u00e9rieur.<\/p>\t\t\t\t\t\t\t\t<\/div>\n\t\t\t\t<\/div>\n\t\t\t\t\t<\/div>\n\t\t<\/div>\n\t\t\t\t\t<\/div>\n\t\t<\/section>\n\t\t\t\t<section class=\"has_eae_slider elementor-section elementor-top-section elementor-element elementor-element-e8accfc elementor-section-boxed elementor-section-height-default elementor-section-height-default\" data-eae-slider=\"9176\" data-id=\"e8accfc\" data-element_type=\"section\" data-e-type=\"section\">\n\t\t\t\t\t\t<div class=\"elementor-container elementor-column-gap-default\">\n\t\t\t\t\t<div class=\"has_eae_slider elementor-column elementor-col-100 elementor-top-column elementor-element elementor-element-444ad01\" data-eae-slider=\"73071\" data-id=\"444ad01\" data-element_type=\"column\" data-e-type=\"column\">\n\t\t\t<div class=\"elementor-widget-wrap elementor-element-populated\">\n\t\t\t\t\t\t<div class=\"elementor-element elementor-element-0db80ce elementor-widget elementor-widget-heading\" data-id=\"0db80ce\" data-element_type=\"widget\" data-e-type=\"widget\" data-widget_type=\"heading.default\">\n\t\t\t\t<div class=\"elementor-widget-container\">\n\t\t\t\t\t<h2 class=\"elementor-heading-title elementor-size-default\"><span class=\"ez-toc-section\" id=\"La_peinture_de_votre_maquette\"><\/span>La peinture de votre maquette<span class=\"ez-toc-section-end\"><\/span><\/h2>\t\t\t\t<\/div>\n\t\t\t\t<\/div>\n\t\t\t\t\t<\/div>\n\t\t<\/div>\n\t\t\t\t\t<\/div>\n\t\t<\/section>\n\t\t\t\t<section class=\"has_eae_slider elementor-section elementor-top-section elementor-element elementor-element-2ab59ee elementor-section-boxed elementor-section-height-default elementor-section-height-default\" data-eae-slider=\"43443\" data-id=\"2ab59ee\" data-element_type=\"section\" data-e-type=\"section\">\n\t\t\t\t\t\t<div class=\"elementor-container elementor-column-gap-default\">\n\t\t\t\t\t<div class=\"has_eae_slider elementor-column elementor-col-100 elementor-top-column elementor-element elementor-element-45df403\" data-eae-slider=\"77145\" data-id=\"45df403\" data-element_type=\"column\" data-e-type=\"column\">\n\t\t\t<div class=\"elementor-widget-wrap elementor-element-populated\">\n\t\t\t\t\t\t<div class=\"elementor-element elementor-element-0f83797 elementor-widget__width-initial elementor-widget elementor-widget-text-editor\" data-id=\"0f83797\" data-element_type=\"widget\" data-e-type=\"widget\" data-widget_type=\"text-editor.default\">\n\t\t\t\t<div class=\"elementor-widget-container\">\n\t\t\t\t\t\t\t\t\t<p>\u00c0 ce stade du montage, c&rsquo;est \u00e0 dire a minima apr\u00e8s avoir install\u00e9 les principaux \u00e9l\u00e9ments de la fa\u00e7ade avant, les 2 planchers et coll\u00e9 les fa\u00e7ades lat\u00e9rales, nous vous recommandons de proc\u00e9der \u00e0 la peinture de votre immeuble. Ce travail doit \u00eatre fait avant le montage des huisseries, des persiennes, et des \u00e9l\u00e9ments finaux de toiture.<\/p><p>Pour plus de conseils, vous pouvez consulter <a href=\"https:\/\/www.cheminsdereves.fr\/index.php\/support\/la-peinture-et-la-patine-des-immeubles-en-carton-bois\/\"><strong>notre guide pour la d\u00e9coration et la patine des immeubles en\u00a0 carton bois<\/strong><\/a>.<\/p><p>Nous vous conseillons de passer dans un premier temps au pinceau deux couches de peinture sur les tranches visibles qui ont \u00e9t\u00e9 d\u00e9coup\u00e9es au laser si vous ne l&rsquo;avez pas fait au fur et \u00e0 mesure (balcons et supports de balcons, tranches des huisseries notamment). Cela vous \u00e9vitera de devoir trop insister sur ces zones lorsque vous peindrez l&rsquo;ensemble de la maquette.<\/p>\t\t\t\t\t\t\t\t<\/div>\n\t\t\t\t<\/div>\n\t\t\t\t\t<\/div>\n\t\t<\/div>\n\t\t\t\t\t<\/div>\n\t\t<\/section>\n\t\t\t\t<section class=\"has_eae_slider elementor-section elementor-top-section elementor-element elementor-element-f8d6b90 elementor-section-boxed elementor-section-height-default elementor-section-height-default\" data-eae-slider=\"56503\" data-id=\"f8d6b90\" data-element_type=\"section\" data-e-type=\"section\">\n\t\t\t\t\t\t<div class=\"elementor-container elementor-column-gap-default\">\n\t\t\t\t\t<div class=\"has_eae_slider elementor-column elementor-col-50 elementor-top-column elementor-element elementor-element-83f46d3\" data-eae-slider=\"30789\" data-id=\"83f46d3\" data-element_type=\"column\" data-e-type=\"column\">\n\t\t\t<div class=\"elementor-widget-wrap elementor-element-populated\">\n\t\t\t\t\t\t<div class=\"elementor-element elementor-element-d5aadd2 elementor-widget elementor-widget-image\" data-id=\"d5aadd2\" data-element_type=\"widget\" data-e-type=\"widget\" data-widget_type=\"image.default\">\n\t\t\t\t<div class=\"elementor-widget-container\">\n\t\t\t\t\t\t\t\t\t\t\t\t\t\t\t<img loading=\"lazy\" decoding=\"async\" width=\"240\" height=\"320\" src=\"https:\/\/www.cheminsdereves.fr\/wp-content\/uploads\/2026\/04\/facade-peinte-rotated.jpg\" class=\"attachment-large size-large wp-image-22298\" alt=\"\" srcset=\"https:\/\/www.cheminsdereves.fr\/wp-content\/uploads\/2026\/04\/facade-peinte-rotated.jpg 240w, https:\/\/www.cheminsdereves.fr\/wp-content\/uploads\/2026\/04\/facade-peinte-225x300.jpg 225w\" sizes=\"(max-width: 240px) 100vw, 240px\" \/>\t\t\t\t\t\t\t\t\t\t\t\t\t\t\t<\/div>\n\t\t\t\t<\/div>\n\t\t\t\t\t<\/div>\n\t\t<\/div>\n\t\t\t\t<div class=\"has_eae_slider elementor-column elementor-col-50 elementor-top-column elementor-element elementor-element-8df90f1\" data-eae-slider=\"14873\" data-id=\"8df90f1\" data-element_type=\"column\" data-e-type=\"column\">\n\t\t\t<div class=\"elementor-widget-wrap elementor-element-populated\">\n\t\t\t\t\t\t<div class=\"elementor-element elementor-element-35b1d05 elementor-widget__width-initial elementor-widget elementor-widget-text-editor\" data-id=\"35b1d05\" data-element_type=\"widget\" data-e-type=\"widget\" data-widget_type=\"text-editor.default\">\n\t\t\t\t<div class=\"elementor-widget-container\">\n\t\t\t\t\t\t\t\t\t<p>Nous vous recommandons \u00e0 l&rsquo;issue de peindre \u00e0 l&rsquo;a\u00e9rographe ou \u00e0 la bombe en passant une \u00e0 deux couches l\u00e9g\u00e8res d&rsquo;appr\u00eat (le carton bois absorbe beaucoup la premi\u00e8re couche) et de la m\u00eame fa\u00e7on deux couches fines et l\u00e9g\u00e8res de peinture en laissant bien s\u00e9cher entre les couches pour bien vous rendre compte de la progression du travail. Vos couches doivent \u00eatre suffisamment fines pour ne pas perdre le b\u00e9n\u00e9fice des gravures apparentes sur la fa\u00e7ade avant comme illustr\u00e9 sur les photos.<\/p>\t\t\t\t\t\t\t\t<\/div>\n\t\t\t\t<\/div>\n\t\t\t\t\t<\/div>\n\t\t<\/div>\n\t\t\t\t\t<\/div>\n\t\t<\/section>\n\t\t\t\t<section class=\"has_eae_slider elementor-section elementor-top-section elementor-element elementor-element-c771870 elementor-section-boxed elementor-section-height-default elementor-section-height-default\" data-eae-slider=\"62188\" data-id=\"c771870\" data-element_type=\"section\" data-e-type=\"section\">\n\t\t\t\t\t\t<div class=\"elementor-container elementor-column-gap-default\">\n\t\t\t\t\t<div class=\"has_eae_slider elementor-column elementor-col-100 elementor-top-column elementor-element elementor-element-0973809\" data-eae-slider=\"85773\" data-id=\"0973809\" data-element_type=\"column\" data-e-type=\"column\">\n\t\t\t<div class=\"elementor-widget-wrap elementor-element-populated\">\n\t\t\t\t\t\t<div class=\"elementor-element elementor-element-47fd504 elementor-widget elementor-widget-heading\" data-id=\"47fd504\" data-element_type=\"widget\" data-e-type=\"widget\" data-widget_type=\"heading.default\">\n\t\t\t\t<div class=\"elementor-widget-container\">\n\t\t\t\t\t<h2 class=\"elementor-heading-title elementor-size-default\"><span class=\"ez-toc-section\" id=\"Le_montage_des_huisseries\"><\/span>Le montage des huisseries<span class=\"ez-toc-section-end\"><\/span><\/h2>\t\t\t\t<\/div>\n\t\t\t\t<\/div>\n\t\t\t\t\t<\/div>\n\t\t<\/div>\n\t\t\t\t\t<\/div>\n\t\t<\/section>\n\t\t\t\t<section class=\"has_eae_slider elementor-section elementor-top-section elementor-element elementor-element-70c15c6 elementor-section-boxed elementor-section-height-default elementor-section-height-default\" data-eae-slider=\"3631\" data-id=\"70c15c6\" data-element_type=\"section\" data-e-type=\"section\">\n\t\t\t\t\t\t<div class=\"elementor-container elementor-column-gap-default\">\n\t\t\t\t\t<div class=\"has_eae_slider elementor-column elementor-col-100 elementor-top-column elementor-element elementor-element-e5a090a\" data-eae-slider=\"60520\" data-id=\"e5a090a\" data-element_type=\"column\" data-e-type=\"column\">\n\t\t\t<div class=\"elementor-widget-wrap elementor-element-populated\">\n\t\t\t\t\t\t<div class=\"elementor-element elementor-element-c82f030 elementor-widget elementor-widget-heading\" data-id=\"c82f030\" data-element_type=\"widget\" data-e-type=\"widget\" data-widget_type=\"heading.default\">\n\t\t\t\t<div class=\"elementor-widget-container\">\n\t\t\t\t\t<h3 class=\"elementor-heading-title elementor-size-default\"><span class=\"ez-toc-section\" id=\"Huisseries_et_persiennes\"><\/span>Huisseries et persiennes<span class=\"ez-toc-section-end\"><\/span><\/h3>\t\t\t\t<\/div>\n\t\t\t\t<\/div>\n\t\t\t\t\t<\/div>\n\t\t<\/div>\n\t\t\t\t\t<\/div>\n\t\t<\/section>\n\t\t\t\t<section class=\"has_eae_slider elementor-section elementor-top-section elementor-element elementor-element-cea25b1 elementor-section-boxed elementor-section-height-default elementor-section-height-default\" data-eae-slider=\"48273\" data-id=\"cea25b1\" data-element_type=\"section\" data-e-type=\"section\">\n\t\t\t\t\t\t<div class=\"elementor-container elementor-column-gap-default\">\n\t\t\t\t\t<div class=\"has_eae_slider elementor-column elementor-col-50 elementor-top-column elementor-element elementor-element-a0d7693\" data-eae-slider=\"32020\" data-id=\"a0d7693\" data-element_type=\"column\" data-e-type=\"column\">\n\t\t\t<div class=\"elementor-widget-wrap elementor-element-populated\">\n\t\t\t\t\t\t<div class=\"elementor-element elementor-element-c8db1fd elementor-widget elementor-widget-image\" data-id=\"c8db1fd\" data-element_type=\"widget\" data-e-type=\"widget\" data-widget_type=\"image.default\">\n\t\t\t\t<div class=\"elementor-widget-container\">\n\t\t\t\t\t\t\t\t\t\t\t\t\t\t\t<img loading=\"lazy\" decoding=\"async\" width=\"240\" height=\"320\" src=\"https:\/\/www.cheminsdereves.fr\/wp-content\/uploads\/2026\/04\/huisseries-38bis-rotated.jpg\" class=\"attachment-large size-large wp-image-22309\" alt=\"\" srcset=\"https:\/\/www.cheminsdereves.fr\/wp-content\/uploads\/2026\/04\/huisseries-38bis-rotated.jpg 240w, https:\/\/www.cheminsdereves.fr\/wp-content\/uploads\/2026\/04\/huisseries-38bis-225x300.jpg 225w\" sizes=\"(max-width: 240px) 100vw, 240px\" \/>\t\t\t\t\t\t\t\t\t\t\t\t\t\t\t<\/div>\n\t\t\t\t<\/div>\n\t\t\t\t<div class=\"elementor-element elementor-element-35bd77b elementor-widget__width-initial elementor-widget elementor-widget-text-editor\" data-id=\"35bd77b\" data-element_type=\"widget\" data-e-type=\"widget\" data-widget_type=\"text-editor.default\">\n\t\t\t\t<div class=\"elementor-widget-container\">\n\t\t\t\t\t\t\t\t\t<p>N&rsquo;oubliez pas de coller les feuilles de vitrage une fois l&rsquo;ensemble des huisseries install\u00e9es.<\/p>\t\t\t\t\t\t\t\t<\/div>\n\t\t\t\t<\/div>\n\t\t\t\t<div class=\"elementor-element elementor-element-9c05b80 elementor-widget elementor-widget-image\" data-id=\"9c05b80\" data-element_type=\"widget\" data-e-type=\"widget\" data-widget_type=\"image.default\">\n\t\t\t\t<div class=\"elementor-widget-container\">\n\t\t\t\t\t\t\t\t\t\t\t\t\t\t\t<img loading=\"lazy\" decoding=\"async\" width=\"240\" height=\"320\" src=\"https:\/\/www.cheminsdereves.fr\/wp-content\/uploads\/2026\/04\/Persiennes-38-bis-rotated.jpg\" class=\"attachment-large size-large wp-image-22340\" alt=\"\" srcset=\"https:\/\/www.cheminsdereves.fr\/wp-content\/uploads\/2026\/04\/Persiennes-38-bis-rotated.jpg 240w, https:\/\/www.cheminsdereves.fr\/wp-content\/uploads\/2026\/04\/Persiennes-38-bis-225x300.jpg 225w\" sizes=\"(max-width: 240px) 100vw, 240px\" \/>\t\t\t\t\t\t\t\t\t\t\t\t\t\t\t<\/div>\n\t\t\t\t<\/div>\n\t\t\t\t\t<\/div>\n\t\t<\/div>\n\t\t\t\t<div class=\"has_eae_slider elementor-column elementor-col-50 elementor-top-column elementor-element elementor-element-9534fc3\" data-eae-slider=\"63024\" data-id=\"9534fc3\" data-element_type=\"column\" data-e-type=\"column\">\n\t\t\t<div class=\"elementor-widget-wrap elementor-element-populated\">\n\t\t\t\t\t\t<div class=\"elementor-element elementor-element-542492c elementor-widget__width-initial elementor-widget elementor-widget-text-editor\" data-id=\"542492c\" data-element_type=\"widget\" data-e-type=\"widget\" data-widget_type=\"text-editor.default\">\n\t\t\t\t<div class=\"elementor-widget-container\">\n\t\t\t\t\t\t\t\t\t<p>Les huisseries sont group\u00e9es sur la plaque par rang\u00e9es de 4 et dans l&rsquo;ordre des \u00e9tages : le dernier \u00e9tage en haut et le RDC en bas. Ne les m\u00e9langez pas quand vous les installez et terminez un \u00e9tage avant d&rsquo;entamer le suivant.<\/p>\t\t\t\t\t\t\t\t<\/div>\n\t\t\t\t<\/div>\n\t\t\t\t<div class=\"elementor-element elementor-element-deec7d7 elementor-widget__width-initial elementor-widget elementor-widget-text-editor\" data-id=\"deec7d7\" data-element_type=\"widget\" data-e-type=\"widget\" data-widget_type=\"text-editor.default\">\n\t\t\t\t<div class=\"elementor-widget-container\">\n\t\t\t\t\t\t\t\t\t<p>Les grilles de soupiraux se trouvent sur la petite plaque de Canson de couleur grise.<\/p>\t\t\t\t\t\t\t\t<\/div>\n\t\t\t\t<\/div>\n\t\t\t\t<div class=\"elementor-element elementor-element-4b78641 elementor-widget elementor-widget-image\" data-id=\"4b78641\" data-element_type=\"widget\" data-e-type=\"widget\" data-widget_type=\"image.default\">\n\t\t\t\t<div class=\"elementor-widget-container\">\n\t\t\t\t\t\t\t\t\t\t\t\t\t\t\t<img loading=\"lazy\" decoding=\"async\" width=\"320\" height=\"240\" src=\"https:\/\/www.cheminsdereves.fr\/wp-content\/uploads\/2026\/04\/grille-38bis.jpg\" class=\"attachment-large size-large wp-image-22308\" alt=\"\" srcset=\"https:\/\/www.cheminsdereves.fr\/wp-content\/uploads\/2026\/04\/grille-38bis.jpg 320w, https:\/\/www.cheminsdereves.fr\/wp-content\/uploads\/2026\/04\/grille-38bis-300x225.jpg 300w\" sizes=\"(max-width: 320px) 100vw, 320px\" \/>\t\t\t\t\t\t\t\t\t\t\t\t\t\t\t<\/div>\n\t\t\t\t<\/div>\n\t\t\t\t<div class=\"elementor-element elementor-element-e3fc8bb elementor-widget__width-initial elementor-widget elementor-widget-text-editor\" data-id=\"e3fc8bb\" data-element_type=\"widget\" data-e-type=\"widget\" data-widget_type=\"text-editor.default\">\n\t\t\t\t<div class=\"elementor-widget-container\">\n\t\t\t\t\t\t\t\t\t<p>La plaque de persiennes permet de r\u00e9aliser \u00e0 la fois des persiennes ferm\u00e9es et ouvertes (cf. photo ci-contre sur cet immeuble en cours de finition). Elles sont aussi class\u00e9es par taille. Vous pouvez \u00e0 l&rsquo;issue coller les planchers suppl\u00e9mentaires si besoin.<\/p>\t\t\t\t\t\t\t\t<\/div>\n\t\t\t\t<\/div>\n\t\t\t\t\t<\/div>\n\t\t<\/div>\n\t\t\t\t\t<\/div>\n\t\t<\/section>\n\t\t\t\t<section class=\"has_eae_slider elementor-section elementor-top-section elementor-element elementor-element-4c64718 elementor-section-boxed elementor-section-height-default elementor-section-height-default\" data-eae-slider=\"72750\" data-id=\"4c64718\" data-element_type=\"section\" data-e-type=\"section\">\n\t\t\t\t\t\t<div class=\"elementor-container elementor-column-gap-default\">\n\t\t\t\t\t<div class=\"has_eae_slider elementor-column elementor-col-100 elementor-top-column elementor-element elementor-element-26db3b8\" data-eae-slider=\"7834\" data-id=\"26db3b8\" data-element_type=\"column\" data-e-type=\"column\">\n\t\t\t<div class=\"elementor-widget-wrap elementor-element-populated\">\n\t\t\t\t\t\t<div class=\"elementor-element elementor-element-609d0cd elementor-widget elementor-widget-heading\" data-id=\"609d0cd\" data-element_type=\"widget\" data-e-type=\"widget\" data-widget_type=\"heading.default\">\n\t\t\t\t<div class=\"elementor-widget-container\">\n\t\t\t\t\t<h3 class=\"elementor-heading-title elementor-size-default\"><span class=\"ez-toc-section\" id=\"La_porte_dentree\"><\/span>La porte d'entr\u00e9e<span class=\"ez-toc-section-end\"><\/span><\/h3>\t\t\t\t<\/div>\n\t\t\t\t<\/div>\n\t\t\t\t\t<\/div>\n\t\t<\/div>\n\t\t\t\t\t<\/div>\n\t\t<\/section>\n\t\t\t\t<section class=\"has_eae_slider elementor-section elementor-top-section elementor-element elementor-element-88eabc3 elementor-section-boxed elementor-section-height-default elementor-section-height-default\" data-eae-slider=\"9975\" data-id=\"88eabc3\" data-element_type=\"section\" data-e-type=\"section\">\n\t\t\t\t\t\t<div class=\"elementor-container elementor-column-gap-default\">\n\t\t\t\t\t<div class=\"has_eae_slider elementor-column elementor-col-50 elementor-top-column elementor-element elementor-element-f220e90\" data-eae-slider=\"34949\" data-id=\"f220e90\" data-element_type=\"column\" data-e-type=\"column\">\n\t\t\t<div class=\"elementor-widget-wrap elementor-element-populated\">\n\t\t\t\t\t\t<div class=\"elementor-element elementor-element-4f32e90 elementor-widget elementor-widget-image\" data-id=\"4f32e90\" data-element_type=\"widget\" data-e-type=\"widget\" data-widget_type=\"image.default\">\n\t\t\t\t<div class=\"elementor-widget-container\">\n\t\t\t\t\t\t\t\t\t\t\t\t\t\t\t<img loading=\"lazy\" decoding=\"async\" width=\"320\" height=\"240\" src=\"https:\/\/www.cheminsdereves.fr\/wp-content\/uploads\/2026\/04\/Porte-38-bis-1.jpg\" class=\"attachment-large size-large wp-image-22310\" alt=\"\" srcset=\"https:\/\/www.cheminsdereves.fr\/wp-content\/uploads\/2026\/04\/Porte-38-bis-1.jpg 320w, https:\/\/www.cheminsdereves.fr\/wp-content\/uploads\/2026\/04\/Porte-38-bis-1-300x225.jpg 300w\" sizes=\"(max-width: 320px) 100vw, 320px\" \/>\t\t\t\t\t\t\t\t\t\t\t\t\t\t\t<\/div>\n\t\t\t\t<\/div>\n\t\t\t\t<div class=\"elementor-element elementor-element-cd3c785 elementor-widget__width-initial elementor-widget elementor-widget-text-editor\" data-id=\"cd3c785\" data-element_type=\"widget\" data-e-type=\"widget\" data-widget_type=\"text-editor.default\">\n\t\t\t\t<div class=\"elementor-widget-container\">\n\t\t\t\t\t\t\t\t\t<p>Il ne vous restera plus qu&rsquo;\u00e0 la peindre dans une couleur de votre choix et \u00e0 la patiner si besoin.<\/p>\t\t\t\t\t\t\t\t<\/div>\n\t\t\t\t<\/div>\n\t\t\t\t\t<\/div>\n\t\t<\/div>\n\t\t\t\t<div class=\"has_eae_slider elementor-column elementor-col-50 elementor-top-column elementor-element elementor-element-35351af\" data-eae-slider=\"62913\" data-id=\"35351af\" data-element_type=\"column\" data-e-type=\"column\">\n\t\t\t<div class=\"elementor-widget-wrap elementor-element-populated\">\n\t\t\t\t\t\t<div class=\"elementor-element elementor-element-3a9b9b8 elementor-widget__width-initial elementor-widget elementor-widget-text-editor\" data-id=\"3a9b9b8\" data-element_type=\"widget\" data-e-type=\"widget\" data-widget_type=\"text-editor.default\">\n\t\t\t\t<div class=\"elementor-widget-container\">\n\t\t\t\t\t\t\t\t\t<p>Pour constituer la porte d&rsquo;entr\u00e9e, vous pouvez coller les habillages en Canson 240 g sur la carton bois. Cela permet de donner un peu de structure \u00e0 la porte.<\/p>\t\t\t\t\t\t\t\t<\/div>\n\t\t\t\t<\/div>\n\t\t\t\t<div class=\"elementor-element elementor-element-8bbdb3e elementor-widget elementor-widget-image\" data-id=\"8bbdb3e\" data-element_type=\"widget\" data-e-type=\"widget\" data-widget_type=\"image.default\">\n\t\t\t\t<div class=\"elementor-widget-container\">\n\t\t\t\t\t\t\t\t\t\t\t\t\t\t\t<img loading=\"lazy\" decoding=\"async\" width=\"240\" height=\"320\" src=\"https:\/\/www.cheminsdereves.fr\/wp-content\/uploads\/2026\/04\/Porte-38bis-rotated.jpg\" class=\"attachment-large size-large wp-image-22314\" alt=\"\" srcset=\"https:\/\/www.cheminsdereves.fr\/wp-content\/uploads\/2026\/04\/Porte-38bis-rotated.jpg 240w, https:\/\/www.cheminsdereves.fr\/wp-content\/uploads\/2026\/04\/Porte-38bis-225x300.jpg 225w\" sizes=\"(max-width: 240px) 100vw, 240px\" \/>\t\t\t\t\t\t\t\t\t\t\t\t\t\t\t<\/div>\n\t\t\t\t<\/div>\n\t\t\t\t\t<\/div>\n\t\t<\/div>\n\t\t\t\t\t<\/div>\n\t\t<\/section>\n\t\t\t\t<section class=\"has_eae_slider elementor-section elementor-top-section elementor-element elementor-element-6b8e319 elementor-section-boxed elementor-section-height-default elementor-section-height-default\" data-eae-slider=\"37316\" data-id=\"6b8e319\" data-element_type=\"section\" data-e-type=\"section\">\n\t\t\t\t\t\t<div class=\"elementor-container elementor-column-gap-default\">\n\t\t\t\t\t<div class=\"has_eae_slider elementor-column elementor-col-100 elementor-top-column elementor-element elementor-element-5c4d5f7\" data-eae-slider=\"89933\" data-id=\"5c4d5f7\" data-element_type=\"column\" data-e-type=\"column\">\n\t\t\t<div class=\"elementor-widget-wrap elementor-element-populated\">\n\t\t\t\t\t\t<div class=\"elementor-element elementor-element-8b15fb7 elementor-widget elementor-widget-heading\" data-id=\"8b15fb7\" data-element_type=\"widget\" data-e-type=\"widget\" data-widget_type=\"heading.default\">\n\t\t\t\t<div class=\"elementor-widget-container\">\n\t\t\t\t\t<h2 class=\"elementor-heading-title elementor-size-default\"><span class=\"ez-toc-section\" id=\"Le_montage_de_la_toiture\"><\/span>Le montage de la toiture<span class=\"ez-toc-section-end\"><\/span><\/h2>\t\t\t\t<\/div>\n\t\t\t\t<\/div>\n\t\t\t\t\t<\/div>\n\t\t<\/div>\n\t\t\t\t\t<\/div>\n\t\t<\/section>\n\t\t\t\t<section class=\"has_eae_slider elementor-section elementor-top-section elementor-element elementor-element-b028c3b elementor-section-boxed elementor-section-height-default elementor-section-height-default\" data-eae-slider=\"52760\" data-id=\"b028c3b\" data-element_type=\"section\" data-e-type=\"section\">\n\t\t\t\t\t\t<div class=\"elementor-container elementor-column-gap-default\">\n\t\t\t\t\t<div class=\"has_eae_slider elementor-column elementor-col-100 elementor-top-column elementor-element elementor-element-fa0a54f\" data-eae-slider=\"70277\" data-id=\"fa0a54f\" data-element_type=\"column\" data-e-type=\"column\">\n\t\t\t<div class=\"elementor-widget-wrap elementor-element-populated\">\n\t\t\t\t\t\t<div class=\"elementor-element elementor-element-d92e241 elementor-widget elementor-widget-heading\" data-id=\"d92e241\" data-element_type=\"widget\" data-e-type=\"widget\" data-widget_type=\"heading.default\">\n\t\t\t\t<div class=\"elementor-widget-container\">\n\t\t\t\t\t<h3 class=\"elementor-heading-title elementor-size-default\"><span class=\"ez-toc-section\" id=\"Le_pan_de_toit_en_ardoises\"><\/span>Le pan de toit en ardoises<span class=\"ez-toc-section-end\"><\/span><\/h3>\t\t\t\t<\/div>\n\t\t\t\t<\/div>\n\t\t\t\t\t<\/div>\n\t\t<\/div>\n\t\t\t\t\t<\/div>\n\t\t<\/section>\n\t\t\t\t<section class=\"has_eae_slider elementor-section elementor-top-section elementor-element elementor-element-acc382d elementor-section-boxed elementor-section-height-default elementor-section-height-default\" data-eae-slider=\"45669\" data-id=\"acc382d\" data-element_type=\"section\" data-e-type=\"section\">\n\t\t\t\t\t\t<div class=\"elementor-container elementor-column-gap-default\">\n\t\t\t\t\t<div class=\"has_eae_slider elementor-column elementor-col-50 elementor-top-column elementor-element elementor-element-1dbf66f\" data-eae-slider=\"39716\" data-id=\"1dbf66f\" data-element_type=\"column\" data-e-type=\"column\">\n\t\t\t<div class=\"elementor-widget-wrap elementor-element-populated\">\n\t\t\t\t\t\t<div class=\"elementor-element elementor-element-8ef0172 elementor-widget elementor-widget-image\" data-id=\"8ef0172\" data-element_type=\"widget\" data-e-type=\"widget\" data-widget_type=\"image.default\">\n\t\t\t\t<div class=\"elementor-widget-container\">\n\t\t\t\t\t\t\t\t\t\t\t\t\t\t\t<img loading=\"lazy\" decoding=\"async\" width=\"320\" height=\"320\" src=\"https:\/\/www.cheminsdereves.fr\/wp-content\/uploads\/2026\/04\/toiture-1.jpg\" class=\"attachment-large size-large wp-image-22341\" alt=\"\" srcset=\"https:\/\/www.cheminsdereves.fr\/wp-content\/uploads\/2026\/04\/toiture-1.jpg 320w, https:\/\/www.cheminsdereves.fr\/wp-content\/uploads\/2026\/04\/toiture-1-300x300.jpg 300w, https:\/\/www.cheminsdereves.fr\/wp-content\/uploads\/2026\/04\/toiture-1-150x150.jpg 150w, https:\/\/www.cheminsdereves.fr\/wp-content\/uploads\/2026\/04\/toiture-1-100x100.jpg 100w\" sizes=\"(max-width: 320px) 100vw, 320px\" \/>\t\t\t\t\t\t\t\t\t\t\t\t\t\t\t<\/div>\n\t\t\t\t<\/div>\n\t\t\t\t<div class=\"elementor-element elementor-element-e57bea0 elementor-widget__width-initial elementor-widget elementor-widget-text-editor\" data-id=\"e57bea0\" data-element_type=\"widget\" data-e-type=\"widget\" data-widget_type=\"text-editor.default\">\n\t\t\t\t<div class=\"elementor-widget-container\">\n\t\t\t\t\t\t\t\t\t<p>\u00a0Comme montr\u00e9 sur cette photo, les bandes d&rsquo;ardoises sont d\u00e9j\u00e0 pr\u00e9-d\u00e9coup\u00e9es et il faut les coller les unes sur les autres en suivant les lignes de gravure. Il faut partir du bas du toit et monter jusqu&rsquo;au haut du toit.<\/p>\t\t\t\t\t\t\t\t<\/div>\n\t\t\t\t<\/div>\n\t\t\t\t<div class=\"elementor-element elementor-element-b437c69 elementor-widget elementor-widget-image\" data-id=\"b437c69\" data-element_type=\"widget\" data-e-type=\"widget\" data-widget_type=\"image.default\">\n\t\t\t\t<div class=\"elementor-widget-container\">\n\t\t\t\t\t\t\t\t\t\t\t\t\t\t\t<img loading=\"lazy\" decoding=\"async\" width=\"320\" height=\"240\" src=\"https:\/\/www.cheminsdereves.fr\/wp-content\/uploads\/2026\/04\/Ardoises-2.jpg\" class=\"attachment-large size-large wp-image-22343\" alt=\"\" srcset=\"https:\/\/www.cheminsdereves.fr\/wp-content\/uploads\/2026\/04\/Ardoises-2.jpg 320w, https:\/\/www.cheminsdereves.fr\/wp-content\/uploads\/2026\/04\/Ardoises-2-300x225.jpg 300w\" sizes=\"(max-width: 320px) 100vw, 320px\" \/>\t\t\t\t\t\t\t\t\t\t\t\t\t\t\t<\/div>\n\t\t\t\t<\/div>\n\t\t\t\t<div class=\"elementor-element elementor-element-e6a48ec elementor-widget__width-initial elementor-widget elementor-widget-text-editor\" data-id=\"e6a48ec\" data-element_type=\"widget\" data-e-type=\"widget\" data-widget_type=\"text-editor.default\">\n\t\t\t\t<div class=\"elementor-widget-container\">\n\t\t\t\t\t\t\t\t\t<p>Suivez bien les lignes de gravure et travaillez tranquillement pour obtenir une toiture bien r\u00e9guli\u00e8re.<\/p>\t\t\t\t\t\t\t\t<\/div>\n\t\t\t\t<\/div>\n\t\t\t\t<div class=\"elementor-element elementor-element-97bcea7 elementor-widget elementor-widget-image\" data-id=\"97bcea7\" data-element_type=\"widget\" data-e-type=\"widget\" data-widget_type=\"image.default\">\n\t\t\t\t<div class=\"elementor-widget-container\">\n\t\t\t\t\t\t\t\t\t\t\t\t\t\t\t<img loading=\"lazy\" decoding=\"async\" width=\"320\" height=\"240\" src=\"https:\/\/www.cheminsdereves.fr\/wp-content\/uploads\/2026\/04\/Ardoises-4.jpg\" class=\"attachment-large size-large wp-image-22345\" alt=\"\" srcset=\"https:\/\/www.cheminsdereves.fr\/wp-content\/uploads\/2026\/04\/Ardoises-4.jpg 320w, https:\/\/www.cheminsdereves.fr\/wp-content\/uploads\/2026\/04\/Ardoises-4-300x225.jpg 300w\" sizes=\"(max-width: 320px) 100vw, 320px\" \/>\t\t\t\t\t\t\t\t\t\t\t\t\t\t\t<\/div>\n\t\t\t\t<\/div>\n\t\t\t\t\t<\/div>\n\t\t<\/div>\n\t\t\t\t<div class=\"has_eae_slider elementor-column elementor-col-50 elementor-top-column elementor-element elementor-element-fe87df7\" data-eae-slider=\"99288\" data-id=\"fe87df7\" data-element_type=\"column\" data-e-type=\"column\">\n\t\t\t<div class=\"elementor-widget-wrap elementor-element-populated\">\n\t\t\t\t\t\t<div class=\"elementor-element elementor-element-93f2684 elementor-widget__width-initial elementor-widget elementor-widget-text-editor\" data-id=\"93f2684\" data-element_type=\"widget\" data-e-type=\"widget\" data-widget_type=\"text-editor.default\">\n\t\t\t\t<div class=\"elementor-widget-container\">\n\t\t\t\t\t\t\t\t\t<p>Les bases des toitures sont constitu\u00e9es par deux plaques de carton bois de 1.5 mm. Celle du haut va recevoir la partie d\u00e9coup\u00e9e \u00e9voquant les joints de zinc et celle du bas les ardoises. Collez avant l&rsquo;entourage des 4 fen\u00eatres de toit (carton bois de 2.2 mm). Elles doivent \u00eatre en l\u00e9g\u00e8re saillie. Passez une couche de peinture grise sur ces fen\u00eatres de toit avant de finaliser la mise en place des rang\u00e9es d&rsquo;ardoises.<\/p>\t\t\t\t\t\t\t\t<\/div>\n\t\t\t\t<\/div>\n\t\t\t\t<div class=\"elementor-element elementor-element-bb07c92 elementor-widget elementor-widget-image\" data-id=\"bb07c92\" data-element_type=\"widget\" data-e-type=\"widget\" data-widget_type=\"image.default\">\n\t\t\t\t<div class=\"elementor-widget-container\">\n\t\t\t\t\t\t\t\t\t\t\t\t\t\t\t<img loading=\"lazy\" decoding=\"async\" width=\"320\" height=\"240\" src=\"https:\/\/www.cheminsdereves.fr\/wp-content\/uploads\/2026\/04\/ardoises-1.jpg\" class=\"attachment-large size-large wp-image-22342\" alt=\"\" srcset=\"https:\/\/www.cheminsdereves.fr\/wp-content\/uploads\/2026\/04\/ardoises-1.jpg 320w, https:\/\/www.cheminsdereves.fr\/wp-content\/uploads\/2026\/04\/ardoises-1-300x225.jpg 300w\" sizes=\"(max-width: 320px) 100vw, 320px\" \/>\t\t\t\t\t\t\t\t\t\t\t\t\t\t\t<\/div>\n\t\t\t\t<\/div>\n\t\t\t\t<div class=\"elementor-element elementor-element-fc1afb2 elementor-widget__width-initial elementor-widget elementor-widget-text-editor\" data-id=\"fc1afb2\" data-element_type=\"widget\" data-e-type=\"widget\" data-widget_type=\"text-editor.default\">\n\t\t\t\t<div class=\"elementor-widget-container\">\n\t\t\t\t\t\t\t\t\t<p>Avec la pratique, vous pourrez coller deux ou trois rang\u00e9es \u00e0 la fois. Commencez par le bas de toiture en superposant les rang\u00e9es.<\/p>\t\t\t\t\t\t\t\t<\/div>\n\t\t\t\t<\/div>\n\t\t\t\t<div class=\"elementor-element elementor-element-458d910 elementor-widget elementor-widget-image\" data-id=\"458d910\" data-element_type=\"widget\" data-e-type=\"widget\" data-widget_type=\"image.default\">\n\t\t\t\t<div class=\"elementor-widget-container\">\n\t\t\t\t\t\t\t\t\t\t\t\t\t\t\t<img loading=\"lazy\" decoding=\"async\" width=\"320\" height=\"240\" src=\"https:\/\/www.cheminsdereves.fr\/wp-content\/uploads\/2026\/04\/Ardoises-3.jpg\" class=\"attachment-large size-large wp-image-22344\" alt=\"\" srcset=\"https:\/\/www.cheminsdereves.fr\/wp-content\/uploads\/2026\/04\/Ardoises-3.jpg 320w, https:\/\/www.cheminsdereves.fr\/wp-content\/uploads\/2026\/04\/Ardoises-3-300x225.jpg 300w\" sizes=\"(max-width: 320px) 100vw, 320px\" \/>\t\t\t\t\t\t\t\t\t\t\t\t\t\t\t<\/div>\n\t\t\t\t<\/div>\n\t\t\t\t<div class=\"elementor-element elementor-element-308a4ff elementor-widget__width-initial elementor-widget elementor-widget-text-editor\" data-id=\"308a4ff\" data-element_type=\"widget\" data-e-type=\"widget\" data-widget_type=\"text-editor.default\">\n\t\t\t\t<div class=\"elementor-widget-container\">\n\t\t\t\t\t\t\t\t\t<p>\u00a0<\/p><p>Ci-contre, le pan de toit en ardoises quasiment termin\u00e9. Ne collez pas la derni\u00e8re rang\u00e9e sup\u00e9rieure. Celle-ci sera install\u00e9e \u00e0 la fin des travaux. N&rsquo;oubliez pas de coller des vitrages au verso.<\/p>\t\t\t\t\t\t\t\t<\/div>\n\t\t\t\t<\/div>\n\t\t\t\t\t<\/div>\n\t\t<\/div>\n\t\t\t\t\t<\/div>\n\t\t<\/section>\n\t\t\t\t<section class=\"has_eae_slider elementor-section elementor-top-section elementor-element elementor-element-d3d3b3a elementor-section-boxed elementor-section-height-default elementor-section-height-default\" data-eae-slider=\"23429\" data-id=\"d3d3b3a\" data-element_type=\"section\" data-e-type=\"section\">\n\t\t\t\t\t\t<div class=\"elementor-container elementor-column-gap-default\">\n\t\t\t\t\t<div class=\"has_eae_slider elementor-column elementor-col-100 elementor-top-column elementor-element elementor-element-c5096d8\" data-eae-slider=\"51008\" data-id=\"c5096d8\" data-element_type=\"column\" data-e-type=\"column\">\n\t\t\t<div class=\"elementor-widget-wrap elementor-element-populated\">\n\t\t\t\t\t\t<div class=\"elementor-element elementor-element-5b10f82 elementor-widget elementor-widget-heading\" data-id=\"5b10f82\" data-element_type=\"widget\" data-e-type=\"widget\" data-widget_type=\"heading.default\">\n\t\t\t\t<div class=\"elementor-widget-container\">\n\t\t\t\t\t<h3 class=\"elementor-heading-title elementor-size-default\"><span class=\"ez-toc-section\" id=\"La_finalisation_de_la_toiture\"><\/span>La finalisation de la toiture<span class=\"ez-toc-section-end\"><\/span><\/h3>\t\t\t\t<\/div>\n\t\t\t\t<\/div>\n\t\t\t\t\t<\/div>\n\t\t<\/div>\n\t\t\t\t\t<\/div>\n\t\t<\/section>\n\t\t\t\t<section class=\"has_eae_slider elementor-section elementor-top-section elementor-element elementor-element-845d0ce elementor-section-boxed elementor-section-height-default elementor-section-height-default\" data-eae-slider=\"1727\" data-id=\"845d0ce\" data-element_type=\"section\" data-e-type=\"section\">\n\t\t\t\t\t\t<div class=\"elementor-container elementor-column-gap-default\">\n\t\t\t\t\t<div class=\"has_eae_slider elementor-column elementor-col-50 elementor-top-column elementor-element elementor-element-641b7c9\" data-eae-slider=\"97250\" data-id=\"641b7c9\" data-element_type=\"column\" data-e-type=\"column\">\n\t\t\t<div class=\"elementor-widget-wrap elementor-element-populated\">\n\t\t\t\t\t\t<div class=\"elementor-element elementor-element-29c9780 elementor-widget elementor-widget-image\" data-id=\"29c9780\" data-element_type=\"widget\" data-e-type=\"widget\" data-widget_type=\"image.default\">\n\t\t\t\t<div class=\"elementor-widget-container\">\n\t\t\t\t\t\t\t\t\t\t\t\t\t\t\t<img loading=\"lazy\" decoding=\"async\" width=\"320\" height=\"240\" src=\"https:\/\/www.cheminsdereves.fr\/wp-content\/uploads\/2026\/04\/supports-toit.jpg\" class=\"attachment-large size-large wp-image-22315\" alt=\"\" srcset=\"https:\/\/www.cheminsdereves.fr\/wp-content\/uploads\/2026\/04\/supports-toit.jpg 320w, https:\/\/www.cheminsdereves.fr\/wp-content\/uploads\/2026\/04\/supports-toit-300x225.jpg 300w\" sizes=\"(max-width: 320px) 100vw, 320px\" \/>\t\t\t\t\t\t\t\t\t\t\t\t\t\t\t<\/div>\n\t\t\t\t<\/div>\n\t\t\t\t<div class=\"elementor-element elementor-element-7311819 elementor-widget__width-initial elementor-widget elementor-widget-text-editor\" data-id=\"7311819\" data-element_type=\"widget\" data-e-type=\"widget\" data-widget_type=\"text-editor.default\">\n\t\t\t\t<div class=\"elementor-widget-container\">\n\t\t\t\t\t\t\t\t\t<p>Nous vous conseillons de faire un montage \u00e0 blanc dans un 1er temps de fa\u00e7on \u00e0 bien vous rendre compte du r\u00e9sultat qui doit \u00eatre obtenu. Les diff\u00e9rentes parties ont \u00e9t\u00e9 mise en place sur la photo ci-contre sans collage. La derni\u00e8re rang\u00e9e d&rsquo;ardoises viendra relier les parties inf\u00e9rieure et sup\u00e9rieure du toit apr\u00e8s collage.<\/p>\t\t\t\t\t\t\t\t<\/div>\n\t\t\t\t<\/div>\n\t\t\t\t<div class=\"elementor-element elementor-element-e806925 elementor-widget elementor-widget-image\" data-id=\"e806925\" data-element_type=\"widget\" data-e-type=\"widget\" data-widget_type=\"image.default\">\n\t\t\t\t<div class=\"elementor-widget-container\">\n\t\t\t\t\t\t\t\t\t\t\t\t\t\t\t<img loading=\"lazy\" decoding=\"async\" width=\"320\" height=\"240\" src=\"https:\/\/www.cheminsdereves.fr\/wp-content\/uploads\/2026\/04\/Montage-toiture-3.jpg\" class=\"attachment-large size-large wp-image-22347\" alt=\"\" srcset=\"https:\/\/www.cheminsdereves.fr\/wp-content\/uploads\/2026\/04\/Montage-toiture-3.jpg 320w, https:\/\/www.cheminsdereves.fr\/wp-content\/uploads\/2026\/04\/Montage-toiture-3-300x225.jpg 300w\" sizes=\"(max-width: 320px) 100vw, 320px\" \/>\t\t\t\t\t\t\t\t\t\t\t\t\t\t\t<\/div>\n\t\t\t\t<\/div>\n\t\t\t\t<div class=\"elementor-element elementor-element-d1dabd4 elementor-widget__width-initial elementor-widget elementor-widget-text-editor\" data-id=\"d1dabd4\" data-element_type=\"widget\" data-e-type=\"widget\" data-widget_type=\"text-editor.default\">\n\t\t\t\t<div class=\"elementor-widget-container\">\n\t\t\t\t\t\t\t\t\t<p>La derni\u00e8re rang\u00e9e d&rsquo;ardoises a \u00e9t\u00e9 coll\u00e9e. Comme vous pouvez le constater, on obtient ainsi une bonne jointure entre les deux parties de toiture.<\/p>\t\t\t\t\t\t\t\t<\/div>\n\t\t\t\t<\/div>\n\t\t\t\t\t<\/div>\n\t\t<\/div>\n\t\t\t\t<div class=\"has_eae_slider elementor-column elementor-col-50 elementor-top-column elementor-element elementor-element-c40498d\" data-eae-slider=\"63332\" data-id=\"c40498d\" data-element_type=\"column\" data-e-type=\"column\">\n\t\t\t<div class=\"elementor-widget-wrap elementor-element-populated\">\n\t\t\t\t\t\t<div class=\"elementor-element elementor-element-6381b73 elementor-widget__width-initial elementor-widget elementor-widget-text-editor\" data-id=\"6381b73\" data-element_type=\"widget\" data-e-type=\"widget\" data-widget_type=\"text-editor.default\">\n\t\t\t\t<div class=\"elementor-widget-container\">\n\t\t\t\t\t\t\t\t\t<p>Trois supports de toiture sont dot\u00e9s d&rsquo;ergots de positionnement que vous ins\u00e9rerez dans le plancher. Nous vous conseillons d&rsquo;effectuer le montage \u00e0 blanc sans colle dans un premier temps.<\/p>\t\t\t\t\t\t\t\t<\/div>\n\t\t\t\t<\/div>\n\t\t\t\t<div class=\"elementor-element elementor-element-8df0fd8 elementor-widget__width-initial elementor-widget elementor-widget-text-editor\" data-id=\"8df0fd8\" data-element_type=\"widget\" data-e-type=\"widget\" data-widget_type=\"text-editor.default\">\n\t\t\t\t<div class=\"elementor-widget-container\">\n\t\t\t\t\t\t\t\t\t<p>Deux supports s&rsquo;installent sur le plancher et contre les deux fa\u00e7ades lat\u00e9rales. Les deux autres contre le support central.<\/p>\t\t\t\t\t\t\t\t<\/div>\n\t\t\t\t<\/div>\n\t\t\t\t<div class=\"elementor-element elementor-element-96d75d0 elementor-widget elementor-widget-image\" data-id=\"96d75d0\" data-element_type=\"widget\" data-e-type=\"widget\" data-widget_type=\"image.default\">\n\t\t\t\t<div class=\"elementor-widget-container\">\n\t\t\t\t\t\t\t\t\t\t\t\t\t\t\t<img loading=\"lazy\" decoding=\"async\" width=\"320\" height=\"240\" src=\"https:\/\/www.cheminsdereves.fr\/wp-content\/uploads\/2026\/04\/Montage-toiture-2.jpg\" class=\"attachment-large size-large wp-image-22346\" alt=\"\" srcset=\"https:\/\/www.cheminsdereves.fr\/wp-content\/uploads\/2026\/04\/Montage-toiture-2.jpg 320w, https:\/\/www.cheminsdereves.fr\/wp-content\/uploads\/2026\/04\/Montage-toiture-2-300x225.jpg 300w\" sizes=\"(max-width: 320px) 100vw, 320px\" \/>\t\t\t\t\t\t\t\t\t\t\t\t\t\t\t<\/div>\n\t\t\t\t<\/div>\n\t\t\t\t<div class=\"elementor-element elementor-element-c327d63 elementor-widget__width-initial elementor-widget elementor-widget-text-editor\" data-id=\"c327d63\" data-element_type=\"widget\" data-e-type=\"widget\" data-widget_type=\"text-editor.default\">\n\t\t\t\t<div class=\"elementor-widget-container\">\n\t\t\t\t\t\t\t\t\t<p>Une fois que vous avez bien compris le montage, vous pouvez coller en place les deux parties du toit. La partie sup\u00e9rieure \u00e9 \u00e9t\u00e9 peinte avant collage mais vous pouvez aussi le faire \u00e0 l&rsquo;issue. Comme vous pouvez le voir, il ne vous restera plus qu&rsquo;\u00e0 coller la derni\u00e8re rang\u00e9e d&rsquo;ardoises.<\/p>\t\t\t\t\t\t\t\t<\/div>\n\t\t\t\t<\/div>\n\t\t\t\t<div class=\"elementor-element elementor-element-0d714de elementor-widget elementor-widget-image\" data-id=\"0d714de\" data-element_type=\"widget\" data-e-type=\"widget\" data-widget_type=\"image.default\">\n\t\t\t\t<div class=\"elementor-widget-container\">\n\t\t\t\t\t\t\t\t\t\t\t\t\t\t\t<img loading=\"lazy\" decoding=\"async\" width=\"320\" height=\"240\" src=\"https:\/\/www.cheminsdereves.fr\/wp-content\/uploads\/2026\/04\/Fin-ardoises-38bis.jpg\" class=\"attachment-large size-large wp-image-22560\" alt=\"\" srcset=\"https:\/\/www.cheminsdereves.fr\/wp-content\/uploads\/2026\/04\/Fin-ardoises-38bis.jpg 320w, https:\/\/www.cheminsdereves.fr\/wp-content\/uploads\/2026\/04\/Fin-ardoises-38bis-300x225.jpg 300w\" sizes=\"(max-width: 320px) 100vw, 320px\" \/>\t\t\t\t\t\t\t\t\t\t\t\t\t\t\t<\/div>\n\t\t\t\t<\/div>\n\t\t\t\t\t<\/div>\n\t\t<\/div>\n\t\t\t\t\t<\/div>\n\t\t<\/section>\n\t\t\t\t<section class=\"has_eae_slider elementor-section elementor-top-section elementor-element elementor-element-78722fd elementor-section-boxed elementor-section-height-default elementor-section-height-default\" data-eae-slider=\"427\" data-id=\"78722fd\" data-element_type=\"section\" data-e-type=\"section\">\n\t\t\t\t\t\t<div class=\"elementor-container elementor-column-gap-default\">\n\t\t\t\t\t<div class=\"has_eae_slider elementor-column elementor-col-100 elementor-top-column elementor-element elementor-element-41f6540\" data-eae-slider=\"65578\" data-id=\"41f6540\" data-element_type=\"column\" data-e-type=\"column\">\n\t\t\t<div class=\"elementor-widget-wrap elementor-element-populated\">\n\t\t\t\t\t\t<div class=\"elementor-element elementor-element-9c2d648 elementor-widget elementor-widget-heading\" data-id=\"9c2d648\" data-element_type=\"widget\" data-e-type=\"widget\" data-widget_type=\"heading.default\">\n\t\t\t\t<div class=\"elementor-widget-container\">\n\t\t\t\t\t<h2 class=\"elementor-heading-title elementor-size-default\"><span class=\"ez-toc-section\" id=\"Les_ferronneries\"><\/span>Les ferronneries<span class=\"ez-toc-section-end\"><\/span><\/h2>\t\t\t\t<\/div>\n\t\t\t\t<\/div>\n\t\t\t\t\t<\/div>\n\t\t<\/div>\n\t\t\t\t\t<\/div>\n\t\t<\/section>\n\t\t\t\t<section class=\"has_eae_slider elementor-section elementor-top-section elementor-element elementor-element-62bb058 elementor-section-boxed elementor-section-height-default elementor-section-height-default\" data-eae-slider=\"476\" data-id=\"62bb058\" data-element_type=\"section\" data-e-type=\"section\">\n\t\t\t\t\t\t<div class=\"elementor-container elementor-column-gap-default\">\n\t\t\t\t\t<div class=\"has_eae_slider elementor-column elementor-col-50 elementor-top-column elementor-element elementor-element-0177209\" data-eae-slider=\"77829\" data-id=\"0177209\" data-element_type=\"column\" data-e-type=\"column\">\n\t\t\t<div class=\"elementor-widget-wrap elementor-element-populated\">\n\t\t\t\t\t\t<div class=\"elementor-element elementor-element-53adb2d elementor-widget elementor-widget-image\" data-id=\"53adb2d\" data-element_type=\"widget\" data-e-type=\"widget\" data-widget_type=\"image.default\">\n\t\t\t\t<div class=\"elementor-widget-container\">\n\t\t\t\t\t\t\t\t\t\t\t\t\t\t\t<img loading=\"lazy\" decoding=\"async\" width=\"320\" height=\"320\" src=\"https:\/\/www.cheminsdereves.fr\/wp-content\/uploads\/2026\/03\/Ferronneries-de-couleur.jpg\" class=\"attachment-large size-large wp-image-22039\" alt=\"\" srcset=\"https:\/\/www.cheminsdereves.fr\/wp-content\/uploads\/2026\/03\/Ferronneries-de-couleur.jpg 320w, https:\/\/www.cheminsdereves.fr\/wp-content\/uploads\/2026\/03\/Ferronneries-de-couleur-300x300.jpg 300w, https:\/\/www.cheminsdereves.fr\/wp-content\/uploads\/2026\/03\/Ferronneries-de-couleur-150x150.jpg 150w, https:\/\/www.cheminsdereves.fr\/wp-content\/uploads\/2026\/03\/Ferronneries-de-couleur-100x100.jpg 100w\" sizes=\"(max-width: 320px) 100vw, 320px\" \/>\t\t\t\t\t\t\t\t\t\t\t\t\t\t\t<\/div>\n\t\t\t\t<\/div>\n\t\t\t\t<div class=\"elementor-element elementor-element-035931b elementor-widget__width-initial elementor-widget elementor-widget-text-editor\" data-id=\"035931b\" data-element_type=\"widget\" data-e-type=\"widget\" data-widget_type=\"text-editor.default\">\n\t\t\t\t<div class=\"elementor-widget-container\">\n\t\t\t\t\t\t\t\t\t<p>Le laiton n\u00e9cessite un appr\u00eat pour faciliter l&rsquo;accroche de la peinture. D\u00e9graissez bien le laiton avant ces op\u00e9rations d&rsquo;appr\u00eatage et de peinture. Vous avez ci contre deux exemples de ferronneries peintes avant installation en fa\u00e7ade.<\/p>\t\t\t\t\t\t\t\t<\/div>\n\t\t\t\t<\/div>\n\t\t\t\t\t<\/div>\n\t\t<\/div>\n\t\t\t\t<div class=\"has_eae_slider elementor-column elementor-col-50 elementor-top-column elementor-element elementor-element-26b3036\" data-eae-slider=\"58266\" data-id=\"26b3036\" data-element_type=\"column\" data-e-type=\"column\">\n\t\t\t<div class=\"elementor-widget-wrap elementor-element-populated\">\n\t\t\t\t\t\t<div class=\"elementor-element elementor-element-dc2f89d elementor-widget__width-initial elementor-widget elementor-widget-text-editor\" data-id=\"dc2f89d\" data-element_type=\"widget\" data-e-type=\"widget\" data-widget_type=\"text-editor.default\">\n\t\t\t\t<div class=\"elementor-widget-container\">\n\t\t\t\t\t\t\t\t\t<p>La photo n&rsquo;est pas tr\u00e8s bien \u00e9clair\u00e9e mais vous pouvez remarquer ces ferronneries aux couleurs assez marqu\u00e9es sur ces immeubles haussmanniens situ\u00e9s \u00e0 Lyon. Vous pouvez donc vous permettre une certaine fantaisie si vous le souhaitez. Ces immeubles ont pour vis \u00e0 vis la pr\u00e9fecture du Rh\u00f4ne.<\/p>\t\t\t\t\t\t\t\t<\/div>\n\t\t\t\t<\/div>\n\t\t\t\t<div class=\"elementor-element elementor-element-6f90c3b elementor-widget elementor-widget-image\" data-id=\"6f90c3b\" data-element_type=\"widget\" data-e-type=\"widget\" data-widget_type=\"image.default\">\n\t\t\t\t<div class=\"elementor-widget-container\">\n\t\t\t\t\t\t\t\t\t\t\t\t\t\t\t<img loading=\"lazy\" decoding=\"async\" width=\"320\" height=\"320\" src=\"https:\/\/www.cheminsdereves.fr\/wp-content\/uploads\/2026\/03\/couleur-ferronneries-rotated.jpg\" class=\"attachment-large size-large wp-image-21384\" alt=\"\" srcset=\"https:\/\/www.cheminsdereves.fr\/wp-content\/uploads\/2026\/03\/couleur-ferronneries-rotated.jpg 320w, https:\/\/www.cheminsdereves.fr\/wp-content\/uploads\/2026\/03\/couleur-ferronneries-300x300.jpg 300w, https:\/\/www.cheminsdereves.fr\/wp-content\/uploads\/2026\/03\/couleur-ferronneries-150x150.jpg 150w, https:\/\/www.cheminsdereves.fr\/wp-content\/uploads\/2026\/03\/couleur-ferronneries-100x100.jpg 100w\" sizes=\"(max-width: 320px) 100vw, 320px\" \/>\t\t\t\t\t\t\t\t\t\t\t\t\t\t\t<\/div>\n\t\t\t\t<\/div>\n\t\t\t\t\t<\/div>\n\t\t<\/div>\n\t\t\t\t\t<\/div>\n\t\t<\/section>\n\t\t\t\t<section class=\"has_eae_slider elementor-section elementor-top-section elementor-element elementor-element-7c4808a elementor-section-boxed elementor-section-height-default elementor-section-height-default\" data-eae-slider=\"98981\" data-id=\"7c4808a\" data-element_type=\"section\" data-e-type=\"section\">\n\t\t\t\t\t\t<div class=\"elementor-container elementor-column-gap-default\">\n\t\t\t\t\t<div class=\"has_eae_slider elementor-column elementor-col-50 elementor-top-column elementor-element elementor-element-e192482\" data-eae-slider=\"12994\" data-id=\"e192482\" data-element_type=\"column\" data-e-type=\"column\">\n\t\t\t<div class=\"elementor-widget-wrap elementor-element-populated\">\n\t\t\t\t\t\t<div class=\"elementor-element elementor-element-5a55cfa elementor-widget elementor-widget-image\" data-id=\"5a55cfa\" data-element_type=\"widget\" data-e-type=\"widget\" data-widget_type=\"image.default\">\n\t\t\t\t<div class=\"elementor-widget-container\">\n\t\t\t\t\t\t\t\t\t\t\t\t\t\t\t<img loading=\"lazy\" decoding=\"async\" width=\"240\" height=\"320\" src=\"https:\/\/www.cheminsdereves.fr\/wp-content\/uploads\/2026\/04\/gabarit-38bis-rotated.jpg\" class=\"attachment-large size-large wp-image-22355\" alt=\"\" srcset=\"https:\/\/www.cheminsdereves.fr\/wp-content\/uploads\/2026\/04\/gabarit-38bis-rotated.jpg 240w, https:\/\/www.cheminsdereves.fr\/wp-content\/uploads\/2026\/04\/gabarit-38bis-225x300.jpg 225w\" sizes=\"(max-width: 240px) 100vw, 240px\" \/>\t\t\t\t\t\t\t\t\t\t\t\t\t\t\t<\/div>\n\t\t\t\t<\/div>\n\t\t\t\t<div class=\"elementor-element elementor-element-5a07b91 elementor-widget elementor-widget-image\" data-id=\"5a07b91\" data-element_type=\"widget\" data-e-type=\"widget\" data-widget_type=\"image.default\">\n\t\t\t\t<div class=\"elementor-widget-container\">\n\t\t\t\t\t\t\t\t\t\t\t\t\t\t\t<img loading=\"lazy\" decoding=\"async\" width=\"320\" height=\"320\" src=\"https:\/\/www.cheminsdereves.fr\/wp-content\/uploads\/2026\/04\/Rambardes-fenetres-2-rotated.jpg\" class=\"attachment-large size-large wp-image-22357\" alt=\"\" srcset=\"https:\/\/www.cheminsdereves.fr\/wp-content\/uploads\/2026\/04\/Rambardes-fenetres-2-rotated.jpg 320w, https:\/\/www.cheminsdereves.fr\/wp-content\/uploads\/2026\/04\/Rambardes-fenetres-2-300x300.jpg 300w, https:\/\/www.cheminsdereves.fr\/wp-content\/uploads\/2026\/04\/Rambardes-fenetres-2-150x150.jpg 150w, https:\/\/www.cheminsdereves.fr\/wp-content\/uploads\/2026\/04\/Rambardes-fenetres-2-100x100.jpg 100w\" sizes=\"(max-width: 320px) 100vw, 320px\" \/>\t\t\t\t\t\t\t\t\t\t\t\t\t\t\t<\/div>\n\t\t\t\t<\/div>\n\t\t\t\t<div class=\"elementor-element elementor-element-4df3382 elementor-widget__width-initial elementor-widget elementor-widget-text-editor\" data-id=\"4df3382\" data-element_type=\"widget\" data-e-type=\"widget\" data-widget_type=\"text-editor.default\">\n\t\t\t\t<div class=\"elementor-widget-container\">\n\t\t\t\t\t\t\t\t\t<p>Un trait de gravure indique o\u00f9 les balcons doivent \u00eatre perc\u00e9s.<\/p>\t\t\t\t\t\t\t\t<\/div>\n\t\t\t\t<\/div>\n\t\t\t\t\t<\/div>\n\t\t<\/div>\n\t\t\t\t<div class=\"has_eae_slider elementor-column elementor-col-50 elementor-top-column elementor-element elementor-element-37754cb\" data-eae-slider=\"59713\" data-id=\"37754cb\" data-element_type=\"column\" data-e-type=\"column\">\n\t\t\t<div class=\"elementor-widget-wrap elementor-element-populated\">\n\t\t\t\t\t\t<div class=\"elementor-element elementor-element-d384370 elementor-widget__width-initial elementor-widget elementor-widget-text-editor\" data-id=\"d384370\" data-element_type=\"widget\" data-e-type=\"widget\" data-widget_type=\"text-editor.default\">\n\t\t\t\t<div class=\"elementor-widget-container\">\n\t\t\t\t\t\t\t\t\t<p>Le kit dispose d&rsquo;un gabarit de per\u00e7age pour les ferronneries de fen\u00eatres. Il faut centrer le trait de gravure du gabarit sur les traits de gravure de l&rsquo;huisserie.<\/p>\t\t\t\t\t\t\t\t<\/div>\n\t\t\t\t<\/div>\n\t\t\t\t<div class=\"elementor-element elementor-element-241f3e2 elementor-widget elementor-widget-image\" data-id=\"241f3e2\" data-element_type=\"widget\" data-e-type=\"widget\" data-widget_type=\"image.default\">\n\t\t\t\t<div class=\"elementor-widget-container\">\n\t\t\t\t\t\t\t\t\t\t\t\t\t\t\t<img loading=\"lazy\" decoding=\"async\" width=\"320\" height=\"240\" src=\"https:\/\/www.cheminsdereves.fr\/wp-content\/uploads\/2026\/04\/rambardes-fenetres-1.jpg\" class=\"attachment-large size-large wp-image-22356\" alt=\"\" srcset=\"https:\/\/www.cheminsdereves.fr\/wp-content\/uploads\/2026\/04\/rambardes-fenetres-1.jpg 320w, https:\/\/www.cheminsdereves.fr\/wp-content\/uploads\/2026\/04\/rambardes-fenetres-1-300x225.jpg 300w\" sizes=\"(max-width: 320px) 100vw, 320px\" \/>\t\t\t\t\t\t\t\t\t\t\t\t\t\t\t<\/div>\n\t\t\t\t<\/div>\n\t\t\t\t<div class=\"elementor-element elementor-element-5d53fd0 elementor-widget__width-initial elementor-widget elementor-widget-text-editor\" data-id=\"5d53fd0\" data-element_type=\"widget\" data-e-type=\"widget\" data-widget_type=\"text-editor.default\">\n\t\t\t\t<div class=\"elementor-widget-container\">\n\t\t\t\t\t\t\t\t\t<p>Une fois la fa\u00e7ade d\u00e9licatement perc\u00e9e, coupez, pliez la pi\u00e8ce de laiton et collez la en place avec une micro goutte de colle cyanoacrylate.<\/p>\t\t\t\t\t\t\t\t<\/div>\n\t\t\t\t<\/div>\n\t\t\t\t<div class=\"elementor-element elementor-element-1cf3901 elementor-widget elementor-widget-image\" data-id=\"1cf3901\" data-element_type=\"widget\" data-e-type=\"widget\" data-widget_type=\"image.default\">\n\t\t\t\t<div class=\"elementor-widget-container\">\n\t\t\t\t\t\t\t\t\t\t\t\t\t\t\t<img loading=\"lazy\" decoding=\"async\" width=\"320\" height=\"240\" src=\"https:\/\/www.cheminsdereves.fr\/wp-content\/uploads\/2026\/04\/Balcons-1.jpg\" class=\"attachment-large size-large wp-image-22354\" alt=\"\" srcset=\"https:\/\/www.cheminsdereves.fr\/wp-content\/uploads\/2026\/04\/Balcons-1.jpg 320w, https:\/\/www.cheminsdereves.fr\/wp-content\/uploads\/2026\/04\/Balcons-1-300x225.jpg 300w\" sizes=\"(max-width: 320px) 100vw, 320px\" \/>\t\t\t\t\t\t\t\t\t\t\t\t\t\t\t<\/div>\n\t\t\t\t<\/div>\n\t\t\t\t<div class=\"elementor-element elementor-element-bde347b elementor-widget__width-initial elementor-widget elementor-widget-text-editor\" data-id=\"bde347b\" data-element_type=\"widget\" data-e-type=\"widget\" data-widget_type=\"text-editor.default\">\n\t\t\t\t<div class=\"elementor-widget-container\">\n\t\t\t\t\t\t\t\t\t<p>Pliez les et collez les en place avec une micro goutte de colle cyanoacrylate.<\/p>\t\t\t\t\t\t\t\t<\/div>\n\t\t\t\t<\/div>\n\t\t\t\t\t<\/div>\n\t\t<\/div>\n\t\t\t\t\t<\/div>\n\t\t<\/section>\n\t\t\t\t<section class=\"has_eae_slider elementor-section elementor-top-section elementor-element elementor-element-168b6d0 elementor-section-boxed elementor-section-height-default elementor-section-height-default\" data-eae-slider=\"61166\" data-id=\"168b6d0\" data-element_type=\"section\" data-e-type=\"section\">\n\t\t\t\t\t\t<div class=\"elementor-container elementor-column-gap-default\">\n\t\t\t\t\t<div class=\"has_eae_slider elementor-column elementor-col-100 elementor-top-column elementor-element elementor-element-1593d48\" data-eae-slider=\"53169\" data-id=\"1593d48\" data-element_type=\"column\" data-e-type=\"column\">\n\t\t\t<div class=\"elementor-widget-wrap elementor-element-populated\">\n\t\t\t\t\t\t<div class=\"elementor-element elementor-element-f024031 elementor-widget elementor-widget-heading\" data-id=\"f024031\" data-element_type=\"widget\" data-e-type=\"widget\" data-widget_type=\"heading.default\">\n\t\t\t\t<div class=\"elementor-widget-container\">\n\t\t\t\t\t<h2 class=\"elementor-heading-title elementor-size-default\"><span class=\"ez-toc-section\" id=\"La_descente_deau\"><\/span>La descente d'eau<span class=\"ez-toc-section-end\"><\/span><\/h2>\t\t\t\t<\/div>\n\t\t\t\t<\/div>\n\t\t\t\t\t<\/div>\n\t\t<\/div>\n\t\t\t\t\t<\/div>\n\t\t<\/section>\n\t\t\t\t<section class=\"has_eae_slider elementor-section elementor-top-section elementor-element elementor-element-3996104 elementor-section-boxed elementor-section-height-default elementor-section-height-default\" data-eae-slider=\"52815\" data-id=\"3996104\" data-element_type=\"section\" data-e-type=\"section\">\n\t\t\t\t\t\t<div class=\"elementor-container elementor-column-gap-default\">\n\t\t\t\t\t<div class=\"has_eae_slider elementor-column elementor-col-50 elementor-top-column elementor-element elementor-element-79f1395\" data-eae-slider=\"23452\" data-id=\"79f1395\" data-element_type=\"column\" data-e-type=\"column\">\n\t\t\t<div class=\"elementor-widget-wrap elementor-element-populated\">\n\t\t\t\t\t\t<div class=\"elementor-element elementor-element-1522a3f elementor-widget elementor-widget-image\" data-id=\"1522a3f\" data-element_type=\"widget\" data-e-type=\"widget\" data-widget_type=\"image.default\">\n\t\t\t\t<div class=\"elementor-widget-container\">\n\t\t\t\t\t\t\t\t\t\t\t\t\t\t\t<img loading=\"lazy\" decoding=\"async\" width=\"240\" height=\"320\" src=\"https:\/\/www.cheminsdereves.fr\/wp-content\/uploads\/2026\/04\/Colliers-11-ter-rotated.jpg\" class=\"attachment-large size-large wp-image-22463\" alt=\"\" srcset=\"https:\/\/www.cheminsdereves.fr\/wp-content\/uploads\/2026\/04\/Colliers-11-ter-rotated.jpg 240w, https:\/\/www.cheminsdereves.fr\/wp-content\/uploads\/2026\/04\/Colliers-11-ter-225x300.jpg 225w\" sizes=\"(max-width: 240px) 100vw, 240px\" \/>\t\t\t\t\t\t\t\t\t\t\t\t\t\t\t<\/div>\n\t\t\t\t<\/div>\n\t\t\t\t<div class=\"elementor-element elementor-element-e671e00 elementor-widget__width-initial elementor-widget elementor-widget-text-editor\" data-id=\"e671e00\" data-element_type=\"widget\" data-e-type=\"widget\" data-widget_type=\"text-editor.default\">\n\t\t\t\t<div class=\"elementor-widget-container\">\n\t\t\t\t\t\t\t\t\t<p>Il est possible de placer la descente d&rsquo;eau \u00e0 droite ou \u00e0 gauche de la fa\u00e7ade. Vous devrez percer ou d\u00e9couper l\u00e9g\u00e8rement les balcons selon le c\u00f4t\u00e9 de votre choix.<\/p>\t\t\t\t\t\t\t\t<\/div>\n\t\t\t\t<\/div>\n\t\t\t\t<div class=\"elementor-element elementor-element-d4f7e5b elementor-widget elementor-widget-text-editor\" data-id=\"d4f7e5b\" data-element_type=\"widget\" data-e-type=\"widget\" data-widget_type=\"text-editor.default\">\n\t\t\t\t<div class=\"elementor-widget-container\">\n\t\t\t\t\t\t\t\t\t<p>.<\/p>\t\t\t\t\t\t\t\t<\/div>\n\t\t\t\t<\/div>\n\t\t\t\t\t<\/div>\n\t\t<\/div>\n\t\t\t\t<div class=\"has_eae_slider elementor-column elementor-col-50 elementor-top-column elementor-element elementor-element-69a6d24\" data-eae-slider=\"19013\" data-id=\"69a6d24\" data-element_type=\"column\" data-e-type=\"column\">\n\t\t\t<div class=\"elementor-widget-wrap elementor-element-populated\">\n\t\t\t\t\t\t<div class=\"elementor-element elementor-element-fb13d21 elementor-widget__width-initial elementor-widget elementor-widget-text-editor\" data-id=\"fb13d21\" data-element_type=\"widget\" data-e-type=\"widget\" data-widget_type=\"text-editor.default\">\n\t\t\t\t<div class=\"elementor-widget-container\">\n\t\t\t\t\t\t\t\t\t<p>Percez la fa\u00e7ade avec un foret de 0.4 ou 0.5 mm et collez les colliers.\u00a0<\/p>\t\t\t\t\t\t\t\t<\/div>\n\t\t\t\t<\/div>\n\t\t\t\t<div class=\"elementor-element elementor-element-8d3704f elementor-widget elementor-widget-image\" data-id=\"8d3704f\" data-element_type=\"widget\" data-e-type=\"widget\" data-widget_type=\"image.default\">\n\t\t\t\t<div class=\"elementor-widget-container\">\n\t\t\t\t\t\t\t\t\t\t\t\t\t\t\t<img loading=\"lazy\" decoding=\"async\" width=\"240\" height=\"320\" src=\"https:\/\/www.cheminsdereves.fr\/wp-content\/uploads\/2026\/04\/descente-eau-2-11ter-rotated.jpg\" class=\"attachment-large size-large wp-image-22465\" alt=\"\" srcset=\"https:\/\/www.cheminsdereves.fr\/wp-content\/uploads\/2026\/04\/descente-eau-2-11ter-rotated.jpg 240w, https:\/\/www.cheminsdereves.fr\/wp-content\/uploads\/2026\/04\/descente-eau-2-11ter-225x300.jpg 225w\" sizes=\"(max-width: 240px) 100vw, 240px\" \/>\t\t\t\t\t\t\t\t\t\t\t\t\t\t\t<\/div>\n\t\t\t\t<\/div>\n\t\t\t\t\t<\/div>\n\t\t<\/div>\n\t\t\t\t\t<\/div>\n\t\t<\/section>\n\t\t\t\t<section class=\"has_eae_slider elementor-section elementor-top-section elementor-element elementor-element-e9e231a elementor-section-boxed elementor-section-height-default elementor-section-height-default\" data-eae-slider=\"92732\" data-id=\"e9e231a\" data-element_type=\"section\" data-e-type=\"section\">\n\t\t\t\t\t\t<div class=\"elementor-container elementor-column-gap-default\">\n\t\t\t\t\t<div class=\"has_eae_slider elementor-column elementor-col-50 elementor-top-column elementor-element elementor-element-b80783f\" data-eae-slider=\"94174\" data-id=\"b80783f\" data-element_type=\"column\" data-e-type=\"column\">\n\t\t\t<div class=\"elementor-widget-wrap elementor-element-populated\">\n\t\t\t\t\t\t<div class=\"elementor-element elementor-element-80b85f7 elementor-widget elementor-widget-image\" data-id=\"80b85f7\" data-element_type=\"widget\" data-e-type=\"widget\" data-widget_type=\"image.default\">\n\t\t\t\t<div class=\"elementor-widget-container\">\n\t\t\t\t\t\t\t\t\t\t\t\t\t\t\t<img loading=\"lazy\" decoding=\"async\" width=\"240\" height=\"320\" src=\"https:\/\/www.cheminsdereves.fr\/wp-content\/uploads\/2026\/04\/Photo-globale-38bis-rotated.jpg\" class=\"attachment-large size-large wp-image-22606\" alt=\"\" srcset=\"https:\/\/www.cheminsdereves.fr\/wp-content\/uploads\/2026\/04\/Photo-globale-38bis-rotated.jpg 240w, https:\/\/www.cheminsdereves.fr\/wp-content\/uploads\/2026\/04\/Photo-globale-38bis-225x300.jpg 225w\" sizes=\"(max-width: 240px) 100vw, 240px\" \/>\t\t\t\t\t\t\t\t\t\t\t\t\t\t\t<\/div>\n\t\t\t\t<\/div>\n\t\t\t\t\t<\/div>\n\t\t<\/div>\n\t\t\t\t<div class=\"has_eae_slider elementor-column elementor-col-50 elementor-top-column elementor-element elementor-element-ae4b36f\" data-eae-slider=\"76478\" data-id=\"ae4b36f\" data-element_type=\"column\" data-e-type=\"column\">\n\t\t\t<div class=\"elementor-widget-wrap elementor-element-populated\">\n\t\t\t\t\t\t<div class=\"elementor-element elementor-element-a29f265 elementor-widget__width-initial elementor-widget elementor-widget-text-editor\" data-id=\"a29f265\" data-element_type=\"widget\" data-e-type=\"widget\" data-widget_type=\"text-editor.default\">\n\t\t\t\t<div class=\"elementor-widget-container\">\n\t\t\t\t\t\t\t\t\t<p>\u00a0<\/p><p>\u00a0<\/p><p>Votre immeuble est \u00e0 pr\u00e9sent termin\u00e9. Il ne vous reste plus qu&rsquo;\u00e0 lui trouver une place de choix sur votre r\u00e9seau.<\/p>\t\t\t\t\t\t\t\t<\/div>\n\t\t\t\t<\/div>\n\t\t\t\t\t<\/div>\n\t\t<\/div>\n\t\t\t\t\t<\/div>\n\t\t<\/section>\n\t\t\t\t<\/div>\n\t\t","protected":false},"excerpt":{"rendered":"<p>Cette collection d&rsquo;immeubles a \u00e9t\u00e9 d\u00e9velopp\u00e9e \u00e0 partir des sources du 19\u00e8me si\u00e8cle du centre de documentation de l&rsquo;Ecole Nationale Sup\u00e9rieure\u00a0 d&rsquo;Architecture de Lyon, dont les documentalistes ont eu la gentillesse de mettre \u00e0 notre disposition leurs fonds anciens. Bien entendu, certains immeubles ont \u00e9t\u00e9 modifi\u00e9s et adapt\u00e9s pour pouvoir \u00eatre produits en carton bois. [&hellip;]<\/p>\n","protected":false},"author":1,"featured_media":0,"parent":0,"menu_order":0,"comment_status":"closed","ping_status":"closed","template":"","meta":{"ocean_post_layout":"","ocean_both_sidebars_style":"","ocean_both_sidebars_content_width":0,"ocean_both_sidebars_sidebars_width":0,"ocean_sidebar":"","ocean_second_sidebar":"","ocean_disable_margins":"enable","ocean_add_body_class":"","ocean_shortcode_before_top_bar":"","ocean_shortcode_after_top_bar":"","ocean_shortcode_before_header":"","ocean_shortcode_after_header":"","ocean_has_shortcode":"","ocean_shortcode_after_title":"","ocean_shortcode_before_footer_widgets":"","ocean_shortcode_after_footer_widgets":"","ocean_shortcode_before_footer_bottom":"","ocean_shortcode_after_footer_bottom":"","ocean_display_top_bar":"default","ocean_display_header":"default","ocean_header_style":"","ocean_center_header_left_menu":"","ocean_custom_header_template":"","ocean_custom_logo":0,"ocean_custom_retina_logo":0,"ocean_custom_logo_max_width":0,"ocean_custom_logo_tablet_max_width":0,"ocean_custom_logo_mobile_max_width":0,"ocean_custom_logo_max_height":0,"ocean_custom_logo_tablet_max_height":0,"ocean_custom_logo_mobile_max_height":0,"ocean_header_custom_menu":"","ocean_menu_typo_font_family":"","ocean_menu_typo_font_subset":"","ocean_menu_typo_font_size":0,"ocean_menu_typo_font_size_tablet":0,"ocean_menu_typo_font_size_mobile":0,"ocean_menu_typo_font_size_unit":"px","ocean_menu_typo_font_weight":"","ocean_menu_typo_font_weight_tablet":"","ocean_menu_typo_font_weight_mobile":"","ocean_menu_typo_transform":"","ocean_menu_typo_transform_tablet":"","ocean_menu_typo_transform_mobile":"","ocean_menu_typo_line_height":0,"ocean_menu_typo_line_height_tablet":0,"ocean_menu_typo_line_height_mobile":0,"ocean_menu_typo_line_height_unit":"","ocean_menu_typo_spacing":0,"ocean_menu_typo_spacing_tablet":0,"ocean_menu_typo_spacing_mobile":0,"ocean_menu_typo_spacing_unit":"","ocean_menu_link_color":"","ocean_menu_link_color_hover":"","ocean_menu_link_color_active":"","ocean_menu_link_background":"","ocean_menu_link_hover_background":"","ocean_menu_link_active_background":"","ocean_menu_social_links_bg":"","ocean_menu_social_hover_links_bg":"","ocean_menu_social_links_color":"","ocean_menu_social_hover_links_color":"","ocean_disable_title":"default","ocean_disable_heading":"default","ocean_post_title":"","ocean_post_subheading":"","ocean_post_title_style":"","ocean_post_title_background_color":"","ocean_post_title_background":0,"ocean_post_title_bg_image_position":"","ocean_post_title_bg_image_attachment":"","ocean_post_title_bg_image_repeat":"","ocean_post_title_bg_image_size":"","ocean_post_title_height":0,"ocean_post_title_bg_overlay":0.5,"ocean_post_title_bg_overlay_color":"","ocean_disable_breadcrumbs":"default","ocean_breadcrumbs_color":"","ocean_breadcrumbs_separator_color":"","ocean_breadcrumbs_links_color":"","ocean_breadcrumbs_links_hover_color":"","ocean_display_footer_widgets":"default","ocean_display_footer_bottom":"default","ocean_custom_footer_template":"","footnotes":""},"class_list":["post-22293","page","type-page","status-publish","hentry","entry","owp-thumbs-layout-horizontal","owp-btn-normal","owp-tabs-layout-horizontal","has-no-thumbnails","has-product-nav"],"yoast_head":"<!-- This site is optimized with the Yoast SEO plugin v27.4 - https:\/\/yoast.com\/product\/yoast-seo-wordpress\/ -->\n<title>La mise en \u0153uvre de l&#039;immeuble haussmannien Au 38bis - Chemins de R\u00eaves<\/title>\n<meta name=\"robots\" content=\"index, follow, max-snippet:-1, max-image-preview:large, max-video-preview:-1\" \/>\n<link rel=\"canonical\" href=\"https:\/\/www.cheminsdereves.fr\/index.php\/la-mise-en-oeuvre-de-limmeuble-haussmannien-au-38bis\/\" \/>\n<meta property=\"og:locale\" content=\"fr_FR\" \/>\n<meta property=\"og:type\" content=\"article\" \/>\n<meta property=\"og:title\" content=\"La mise en \u0153uvre de l&#039;immeuble haussmannien Au 38bis - Chemins de R\u00eaves\" \/>\n<meta property=\"og:description\" content=\"Cette collection d&rsquo;immeubles a \u00e9t\u00e9 d\u00e9velopp\u00e9e \u00e0 partir des sources du 19\u00e8me si\u00e8cle du centre de documentation de l&rsquo;Ecole Nationale Sup\u00e9rieure\u00a0 d&rsquo;Architecture de Lyon, dont les documentalistes ont eu la gentillesse de mettre \u00e0 notre disposition leurs fonds anciens. Bien entendu, certains immeubles ont \u00e9t\u00e9 modifi\u00e9s et adapt\u00e9s pour pouvoir \u00eatre produits en carton bois. [&hellip;]\" \/>\n<meta property=\"og:url\" content=\"https:\/\/www.cheminsdereves.fr\/index.php\/la-mise-en-oeuvre-de-limmeuble-haussmannien-au-38bis\/\" \/>\n<meta property=\"og:site_name\" content=\"Chemins de R\u00eaves\" \/>\n<meta property=\"article:modified_time\" content=\"2026-04-29T12:35:52+00:00\" \/>\n<meta property=\"og:image\" content=\"https:\/\/www.cheminsdereves.fr\/wp-content\/uploads\/2025\/11\/Planche-3-mm-rotated.jpg\" \/>\n\t<meta property=\"og:image:width\" content=\"240\" \/>\n\t<meta property=\"og:image:height\" content=\"320\" \/>\n\t<meta property=\"og:image:type\" content=\"image\/jpeg\" \/>\n<meta name=\"twitter:card\" content=\"summary_large_image\" \/>\n<meta name=\"twitter:label1\" content=\"Dur\u00e9e de lecture estim\u00e9e\" \/>\n\t<meta name=\"twitter:data1\" content=\"18 minutes\" \/>\n<script type=\"application\/ld+json\" class=\"yoast-schema-graph\">{\"@context\":\"https:\\\/\\\/schema.org\",\"@graph\":[{\"@type\":\"WebPage\",\"@id\":\"https:\\\/\\\/www.cheminsdereves.fr\\\/index.php\\\/la-mise-en-oeuvre-de-limmeuble-haussmannien-au-38bis\\\/\",\"url\":\"https:\\\/\\\/www.cheminsdereves.fr\\\/index.php\\\/la-mise-en-oeuvre-de-limmeuble-haussmannien-au-38bis\\\/\",\"name\":\"La mise en \u0153uvre de l'immeuble haussmannien Au 38bis - Chemins de R\u00eaves\",\"isPartOf\":{\"@id\":\"https:\\\/\\\/www.cheminsdereves.fr\\\/#website\"},\"primaryImageOfPage\":{\"@id\":\"https:\\\/\\\/www.cheminsdereves.fr\\\/index.php\\\/la-mise-en-oeuvre-de-limmeuble-haussmannien-au-38bis\\\/#primaryimage\"},\"image\":{\"@id\":\"https:\\\/\\\/www.cheminsdereves.fr\\\/index.php\\\/la-mise-en-oeuvre-de-limmeuble-haussmannien-au-38bis\\\/#primaryimage\"},\"thumbnailUrl\":\"https:\\\/\\\/www.cheminsdereves.fr\\\/wp-content\\\/uploads\\\/2025\\\/11\\\/Planche-3-mm-rotated.jpg\",\"datePublished\":\"2026-04-29T08:04:59+00:00\",\"dateModified\":\"2026-04-29T12:35:52+00:00\",\"breadcrumb\":{\"@id\":\"https:\\\/\\\/www.cheminsdereves.fr\\\/index.php\\\/la-mise-en-oeuvre-de-limmeuble-haussmannien-au-38bis\\\/#breadcrumb\"},\"inLanguage\":\"fr-FR\",\"potentialAction\":[{\"@type\":\"ReadAction\",\"target\":[\"https:\\\/\\\/www.cheminsdereves.fr\\\/index.php\\\/la-mise-en-oeuvre-de-limmeuble-haussmannien-au-38bis\\\/\"]}]},{\"@type\":\"ImageObject\",\"inLanguage\":\"fr-FR\",\"@id\":\"https:\\\/\\\/www.cheminsdereves.fr\\\/index.php\\\/la-mise-en-oeuvre-de-limmeuble-haussmannien-au-38bis\\\/#primaryimage\",\"url\":\"https:\\\/\\\/www.cheminsdereves.fr\\\/wp-content\\\/uploads\\\/2025\\\/11\\\/Planche-3-mm-rotated.jpg\",\"contentUrl\":\"https:\\\/\\\/www.cheminsdereves.fr\\\/wp-content\\\/uploads\\\/2025\\\/11\\\/Planche-3-mm-rotated.jpg\",\"width\":240,\"height\":320},{\"@type\":\"BreadcrumbList\",\"@id\":\"https:\\\/\\\/www.cheminsdereves.fr\\\/index.php\\\/la-mise-en-oeuvre-de-limmeuble-haussmannien-au-38bis\\\/#breadcrumb\",\"itemListElement\":[{\"@type\":\"ListItem\",\"position\":1,\"name\":\"Accueil\",\"item\":\"https:\\\/\\\/www.cheminsdereves.fr\\\/\"},{\"@type\":\"ListItem\",\"position\":2,\"name\":\"La mise en \u0153uvre de l&rsquo;immeuble haussmannien Au 38bis\"}]},{\"@type\":\"WebSite\",\"@id\":\"https:\\\/\\\/www.cheminsdereves.fr\\\/#website\",\"url\":\"https:\\\/\\\/www.cheminsdereves.fr\\\/\",\"name\":\"Chemins de R\u00eaves\",\"description\":\"Un site consacr\u00e9 au mod\u00e9lisme ferroviaire\",\"publisher\":{\"@id\":\"https:\\\/\\\/www.cheminsdereves.fr\\\/#organization\"},\"potentialAction\":[{\"@type\":\"SearchAction\",\"target\":{\"@type\":\"EntryPoint\",\"urlTemplate\":\"https:\\\/\\\/www.cheminsdereves.fr\\\/?s={search_term_string}\"},\"query-input\":{\"@type\":\"PropertyValueSpecification\",\"valueRequired\":true,\"valueName\":\"search_term_string\"}}],\"inLanguage\":\"fr-FR\"},{\"@type\":\"Organization\",\"@id\":\"https:\\\/\\\/www.cheminsdereves.fr\\\/#organization\",\"name\":\"Chemins de R\u00eaves\",\"url\":\"https:\\\/\\\/www.cheminsdereves.fr\\\/\",\"logo\":{\"@type\":\"ImageObject\",\"inLanguage\":\"fr-FR\",\"@id\":\"https:\\\/\\\/www.cheminsdereves.fr\\\/#\\\/schema\\\/logo\\\/image\\\/\",\"url\":\"https:\\\/\\\/www.cheminsdereves.fr\\\/wp-content\\\/uploads\\\/2023\\\/05\\\/LogoBandeau.png\",\"contentUrl\":\"https:\\\/\\\/www.cheminsdereves.fr\\\/wp-content\\\/uploads\\\/2023\\\/05\\\/LogoBandeau.png\",\"width\":4871,\"height\":1000,\"caption\":\"Chemins de R\u00eaves\"},\"image\":{\"@id\":\"https:\\\/\\\/www.cheminsdereves.fr\\\/#\\\/schema\\\/logo\\\/image\\\/\"}}]}<\/script>\n<!-- \/ Yoast SEO plugin. -->","yoast_head_json":{"title":"La mise en \u0153uvre de l'immeuble haussmannien Au 38bis - Chemins de R\u00eaves","robots":{"index":"index","follow":"follow","max-snippet":"max-snippet:-1","max-image-preview":"max-image-preview:large","max-video-preview":"max-video-preview:-1"},"canonical":"https:\/\/www.cheminsdereves.fr\/index.php\/la-mise-en-oeuvre-de-limmeuble-haussmannien-au-38bis\/","og_locale":"fr_FR","og_type":"article","og_title":"La mise en \u0153uvre de l'immeuble haussmannien Au 38bis - Chemins de R\u00eaves","og_description":"Cette collection d&rsquo;immeubles a \u00e9t\u00e9 d\u00e9velopp\u00e9e \u00e0 partir des sources du 19\u00e8me si\u00e8cle du centre de documentation de l&rsquo;Ecole Nationale Sup\u00e9rieure\u00a0 d&rsquo;Architecture de Lyon, dont les documentalistes ont eu la gentillesse de mettre \u00e0 notre disposition leurs fonds anciens. Bien entendu, certains immeubles ont \u00e9t\u00e9 modifi\u00e9s et adapt\u00e9s pour pouvoir \u00eatre produits en carton bois. [&hellip;]","og_url":"https:\/\/www.cheminsdereves.fr\/index.php\/la-mise-en-oeuvre-de-limmeuble-haussmannien-au-38bis\/","og_site_name":"Chemins de R\u00eaves","article_modified_time":"2026-04-29T12:35:52+00:00","og_image":[{"width":240,"height":320,"url":"https:\/\/www.cheminsdereves.fr\/wp-content\/uploads\/2025\/11\/Planche-3-mm-rotated.jpg","type":"image\/jpeg"}],"twitter_card":"summary_large_image","twitter_misc":{"Dur\u00e9e de lecture estim\u00e9e":"18 minutes"},"schema":{"@context":"https:\/\/schema.org","@graph":[{"@type":"WebPage","@id":"https:\/\/www.cheminsdereves.fr\/index.php\/la-mise-en-oeuvre-de-limmeuble-haussmannien-au-38bis\/","url":"https:\/\/www.cheminsdereves.fr\/index.php\/la-mise-en-oeuvre-de-limmeuble-haussmannien-au-38bis\/","name":"La mise en \u0153uvre de l'immeuble haussmannien Au 38bis - Chemins de R\u00eaves","isPartOf":{"@id":"https:\/\/www.cheminsdereves.fr\/#website"},"primaryImageOfPage":{"@id":"https:\/\/www.cheminsdereves.fr\/index.php\/la-mise-en-oeuvre-de-limmeuble-haussmannien-au-38bis\/#primaryimage"},"image":{"@id":"https:\/\/www.cheminsdereves.fr\/index.php\/la-mise-en-oeuvre-de-limmeuble-haussmannien-au-38bis\/#primaryimage"},"thumbnailUrl":"https:\/\/www.cheminsdereves.fr\/wp-content\/uploads\/2025\/11\/Planche-3-mm-rotated.jpg","datePublished":"2026-04-29T08:04:59+00:00","dateModified":"2026-04-29T12:35:52+00:00","breadcrumb":{"@id":"https:\/\/www.cheminsdereves.fr\/index.php\/la-mise-en-oeuvre-de-limmeuble-haussmannien-au-38bis\/#breadcrumb"},"inLanguage":"fr-FR","potentialAction":[{"@type":"ReadAction","target":["https:\/\/www.cheminsdereves.fr\/index.php\/la-mise-en-oeuvre-de-limmeuble-haussmannien-au-38bis\/"]}]},{"@type":"ImageObject","inLanguage":"fr-FR","@id":"https:\/\/www.cheminsdereves.fr\/index.php\/la-mise-en-oeuvre-de-limmeuble-haussmannien-au-38bis\/#primaryimage","url":"https:\/\/www.cheminsdereves.fr\/wp-content\/uploads\/2025\/11\/Planche-3-mm-rotated.jpg","contentUrl":"https:\/\/www.cheminsdereves.fr\/wp-content\/uploads\/2025\/11\/Planche-3-mm-rotated.jpg","width":240,"height":320},{"@type":"BreadcrumbList","@id":"https:\/\/www.cheminsdereves.fr\/index.php\/la-mise-en-oeuvre-de-limmeuble-haussmannien-au-38bis\/#breadcrumb","itemListElement":[{"@type":"ListItem","position":1,"name":"Accueil","item":"https:\/\/www.cheminsdereves.fr\/"},{"@type":"ListItem","position":2,"name":"La mise en \u0153uvre de l&rsquo;immeuble haussmannien Au 38bis"}]},{"@type":"WebSite","@id":"https:\/\/www.cheminsdereves.fr\/#website","url":"https:\/\/www.cheminsdereves.fr\/","name":"Chemins de R\u00eaves","description":"Un site consacr\u00e9 au mod\u00e9lisme ferroviaire","publisher":{"@id":"https:\/\/www.cheminsdereves.fr\/#organization"},"potentialAction":[{"@type":"SearchAction","target":{"@type":"EntryPoint","urlTemplate":"https:\/\/www.cheminsdereves.fr\/?s={search_term_string}"},"query-input":{"@type":"PropertyValueSpecification","valueRequired":true,"valueName":"search_term_string"}}],"inLanguage":"fr-FR"},{"@type":"Organization","@id":"https:\/\/www.cheminsdereves.fr\/#organization","name":"Chemins de R\u00eaves","url":"https:\/\/www.cheminsdereves.fr\/","logo":{"@type":"ImageObject","inLanguage":"fr-FR","@id":"https:\/\/www.cheminsdereves.fr\/#\/schema\/logo\/image\/","url":"https:\/\/www.cheminsdereves.fr\/wp-content\/uploads\/2023\/05\/LogoBandeau.png","contentUrl":"https:\/\/www.cheminsdereves.fr\/wp-content\/uploads\/2023\/05\/LogoBandeau.png","width":4871,"height":1000,"caption":"Chemins de R\u00eaves"},"image":{"@id":"https:\/\/www.cheminsdereves.fr\/#\/schema\/logo\/image\/"}}]}},"_links":{"self":[{"href":"https:\/\/www.cheminsdereves.fr\/index.php\/wp-json\/wp\/v2\/pages\/22293","targetHints":{"allow":["GET"]}}],"collection":[{"href":"https:\/\/www.cheminsdereves.fr\/index.php\/wp-json\/wp\/v2\/pages"}],"about":[{"href":"https:\/\/www.cheminsdereves.fr\/index.php\/wp-json\/wp\/v2\/types\/page"}],"author":[{"embeddable":true,"href":"https:\/\/www.cheminsdereves.fr\/index.php\/wp-json\/wp\/v2\/users\/1"}],"replies":[{"embeddable":true,"href":"https:\/\/www.cheminsdereves.fr\/index.php\/wp-json\/wp\/v2\/comments?post=22293"}],"version-history":[{"count":52,"href":"https:\/\/www.cheminsdereves.fr\/index.php\/wp-json\/wp\/v2\/pages\/22293\/revisions"}],"predecessor-version":[{"id":22617,"href":"https:\/\/www.cheminsdereves.fr\/index.php\/wp-json\/wp\/v2\/pages\/22293\/revisions\/22617"}],"wp:attachment":[{"href":"https:\/\/www.cheminsdereves.fr\/index.php\/wp-json\/wp\/v2\/media?parent=22293"}],"curies":[{"name":"wp","href":"https:\/\/api.w.org\/{rel}","templated":true}]}}