{"id":24961,"date":"2026-09-04T12:52:08","date_gmt":"2026-09-04T10:52:08","guid":{"rendered":"https:\/\/www.cheminsdereves.fr\/?page_id=24961"},"modified":"2026-09-04T17:17:40","modified_gmt":"2026-09-04T15:17:40","slug":"la-mise-en-oeuvre-du-cinema-art-deco-eden","status":"publish","type":"page","link":"https:\/\/www.cheminsdereves.fr\/index.php\/la-mise-en-oeuvre-du-cinema-art-deco-eden\/","title":{"rendered":"La mise en \u0153uvre du cin\u00e9ma Art D\u00e9co Eden"},"content":{"rendered":"\t\t<div data-elementor-type=\"wp-page\" data-elementor-id=\"24961\" class=\"elementor elementor-24961\" data-elementor-post-type=\"page\">\n\t\t\t\t\t\t<section class=\"has_eae_slider elementor-section elementor-top-section elementor-element elementor-element-7dcf746 elementor-section-boxed elementor-section-height-default elementor-section-height-default\" data-eae-slider=\"80109\" data-id=\"7dcf746\" data-element_type=\"section\" data-e-type=\"section\">\n\t\t\t\t\t\t<div class=\"elementor-container elementor-column-gap-default\">\n\t\t\t\t\t<div class=\"has_eae_slider elementor-column elementor-col-100 elementor-top-column elementor-element elementor-element-aed6b15\" data-eae-slider=\"64363\" data-id=\"aed6b15\" data-element_type=\"column\" data-e-type=\"column\">\n\t\t\t<div class=\"elementor-widget-wrap elementor-element-populated\">\n\t\t\t\t\t\t<div class=\"elementor-element elementor-element-e420b4a elementor-widget__width-initial elementor-widget elementor-widget-text-editor\" data-id=\"e420b4a\" data-element_type=\"widget\" data-e-type=\"widget\" data-widget_type=\"text-editor.default\">\n\t\t\t\t<div class=\"elementor-widget-container\">\n\t\t\t\t\t\t\t\t\t<p>Cet immeuble est une cr\u00e9ation originale inspir\u00e9e d&rsquo;un b\u00e2timent r\u00e9el situ\u00e9 \u00e0 Cosne sur Loire dans la Ni\u00e8vre. Il est en demi relief, particuli\u00e8rement indiqu\u00e9 pour les parois de fond ou de c\u00f4t\u00e9. Les techniques de montage sont simples et requi\u00e8rent essentiellement de la colle blanche, un cutter, une lime et un r\u00e9glet. Les pi\u00e8ces sont pr\u00e9-d\u00e9coup\u00e9es avec pr\u00e9cision au laser et s&rsquo;ajustent parfaitement. Vous trouverez dans le set des planches de carton bois de 2,2 mm, 1.5 mm, 1 mm et 0.75 mm et des feuilles de d\u00e9taillage permettant la r\u00e9alisation des huisseries. Des indications pr\u00e9cises sont donn\u00e9es pour le montage, la peinture et la patine les cas \u00e9ch\u00e9ants.\u00a0<\/p><p>Les notices sont tr\u00e8s compl\u00e8tes et d\u00e9taill\u00e9es pour apporter un vrai service \u00e0 nos clients. M\u00eame si c&rsquo;est un peu fastidieux, nous vous conseillons de lire l&rsquo;int\u00e9gralit\u00e9 de la notice avant de d\u00e9marrer le montage. Malgr\u00e9 cela, si vous aviez une h\u00e9sitation lors du montage, n&rsquo;h\u00e9sitez pas \u00e0 nous contacter par courriel \u00e0 l&rsquo;adresse contact@cheminsdereves.fr. Nous nous ferons un plaisir de vous renseigner.<\/p><p>Nous vous souhaitons de bonnes s\u00e9ances de mod\u00e9lisme avec cette maquette.<\/p>\t\t\t\t\t\t\t\t<\/div>\n\t\t\t\t<\/div>\n\t\t\t\t\t<\/div>\n\t\t<\/div>\n\t\t\t\t\t<\/div>\n\t\t<\/section>\n\t\t\t\t<section class=\"has_eae_slider elementor-section elementor-top-section elementor-element elementor-element-6f62b24 elementor-section-boxed elementor-section-height-default elementor-section-height-default\" data-eae-slider=\"33688\" data-id=\"6f62b24\" data-element_type=\"section\" data-e-type=\"section\">\n\t\t\t\t\t\t<div class=\"elementor-container elementor-column-gap-default\">\n\t\t\t\t\t<div class=\"has_eae_slider elementor-column elementor-col-100 elementor-top-column elementor-element elementor-element-6070f67\" data-eae-slider=\"78129\" data-id=\"6070f67\" data-element_type=\"column\" data-e-type=\"column\">\n\t\t\t<div class=\"elementor-widget-wrap elementor-element-populated\">\n\t\t\t\t\t\t<div class=\"elementor-element elementor-element-6462062 elementor-widget elementor-widget-heading\" data-id=\"6462062\" data-element_type=\"widget\" data-e-type=\"widget\" data-widget_type=\"heading.default\">\n\t\t\t\t<div class=\"elementor-widget-container\">\n\t\t\t\t\t<div id=\"ez-toc-container\" class=\"ez-toc-v2_0_87 counter-hierarchy ez-toc-counter ez-toc-grey ez-toc-container-direction\">\n<div class=\"ez-toc-title-container\">\n<p class=\"ez-toc-title\" style=\"cursor:inherit\">Table des mati\u00e8res<\/p>\n<span class=\"ez-toc-title-toggle\"><a href=\"#\" class=\"ez-toc-pull-right ez-toc-btn ez-toc-btn-xs ez-toc-btn-default ez-toc-toggle\" aria-label=\"Toggle Table of Content\"><span class=\"ez-toc-js-icon-con\"><span class=\"\"><span class=\"eztoc-hide\" style=\"display:none;\">Toggle<\/span><span class=\"ez-toc-icon-toggle-span\"><svg style=\"fill: #999;color:#999\" xmlns=\"http:\/\/www.w3.org\/2000\/svg\" class=\"list-377408\" width=\"20px\" height=\"20px\" viewBox=\"0 0 24 24\" fill=\"none\"><path d=\"M6 6H4v2h2V6zm14 0H8v2h12V6zM4 11h2v2H4v-2zm16 0H8v2h12v-2zM4 16h2v2H4v-2zm16 0H8v2h12v-2z\" fill=\"currentColor\"><\/path><\/svg><svg style=\"fill: #999;color:#999\" class=\"arrow-unsorted-368013\" xmlns=\"http:\/\/www.w3.org\/2000\/svg\" width=\"10px\" height=\"10px\" viewBox=\"0 0 24 24\" version=\"1.2\" baseProfile=\"tiny\"><path d=\"M18.2 9.3l-6.2-6.3-6.2 6.3c-.2.2-.3.4-.3.7s.1.5.3.7c.2.2.4.3.7.3h11c.3 0 .5-.1.7-.3.2-.2.3-.5.3-.7s-.1-.5-.3-.7zM5.8 14.7l6.2 6.3 6.2-6.3c.2-.2.3-.5.3-.7s-.1-.5-.3-.7c-.2-.2-.4-.3-.7-.3h-11c-.3 0-.5.1-.7.3-.2.2-.3.5-.3.7s.1.5.3.7z\"\/><\/svg><\/span><\/span><\/span><\/a><\/span><\/div>\n<nav><ul class='ez-toc-list ez-toc-list-level-1 ' ><li class='ez-toc-page-1 ez-toc-heading-level-2'><a class=\"ez-toc-link ez-toc-heading-1\" href=\"https:\/\/www.cheminsdereves.fr\/index.php\/la-mise-en-oeuvre-du-cinema-art-deco-eden\/#Le_montage_de_la_facade_avant\" >Le montage de la fa\u00e7ade avant<\/a><\/li><li class='ez-toc-page-1 ez-toc-heading-level-2'><a class=\"ez-toc-link ez-toc-heading-2\" href=\"https:\/\/www.cheminsdereves.fr\/index.php\/la-mise-en-oeuvre-du-cinema-art-deco-eden\/#Les_travaux_de_peinture\" >Les travaux de peinture<\/a><\/li><li class='ez-toc-page-1 ez-toc-heading-level-2'><a class=\"ez-toc-link ez-toc-heading-3\" href=\"https:\/\/www.cheminsdereves.fr\/index.php\/la-mise-en-oeuvre-du-cinema-art-deco-eden\/#Le_montage_des_huisseries\" >Le montage des huisseries<\/a><\/li><li class='ez-toc-page-1 ez-toc-heading-level-2'><a class=\"ez-toc-link ez-toc-heading-4\" href=\"https:\/\/www.cheminsdereves.fr\/index.php\/la-mise-en-oeuvre-du-cinema-art-deco-eden\/#La_fin_du_montage\" >La fin du montage<\/a><ul class='ez-toc-list-level-3' ><li class='ez-toc-heading-level-3'><a class=\"ez-toc-link ez-toc-heading-5\" href=\"https:\/\/www.cheminsdereves.fr\/index.php\/la-mise-en-oeuvre-du-cinema-art-deco-eden\/#Le_montage_des_escaliers\" >Le montage des escaliers<\/a><\/li><li class='ez-toc-page-1 ez-toc-heading-level-3'><a class=\"ez-toc-link ez-toc-heading-6\" href=\"https:\/\/www.cheminsdereves.fr\/index.php\/la-mise-en-oeuvre-du-cinema-art-deco-eden\/#Les_murs_lateraux_et_la_toiture\" >Les murs lat\u00e9raux et la toiture<\/a><\/li><\/ul><\/li><\/ul><\/nav><\/div>\n<h2 class=\"elementor-heading-title elementor-size-default\"><span class=\"ez-toc-section\" id=\"Le_montage_de_la_facade_avant\"><\/span>Le montage de la fa\u00e7ade avant<span class=\"ez-toc-section-end\"><\/span><\/h2>\t\t\t\t<\/div>\n\t\t\t\t<\/div>\n\t\t\t\t\t<\/div>\n\t\t<\/div>\n\t\t\t\t\t<\/div>\n\t\t<\/section>\n\t\t\t\t<section class=\"has_eae_slider elementor-section elementor-top-section elementor-element elementor-element-e2c32df elementor-section-boxed elementor-section-height-default elementor-section-height-default\" data-eae-slider=\"29662\" data-id=\"e2c32df\" data-element_type=\"section\" data-e-type=\"section\">\n\t\t\t\t\t\t<div class=\"elementor-container elementor-column-gap-default\">\n\t\t\t\t\t<div class=\"has_eae_slider elementor-column elementor-col-50 elementor-top-column elementor-element elementor-element-511e1aa\" data-eae-slider=\"3701\" data-id=\"511e1aa\" data-element_type=\"column\" data-e-type=\"column\">\n\t\t\t<div class=\"elementor-widget-wrap elementor-element-populated\">\n\t\t\t\t\t\t<div class=\"elementor-element elementor-element-40b26dd elementor-widget elementor-widget-image\" data-id=\"40b26dd\" data-element_type=\"widget\" data-e-type=\"widget\" data-widget_type=\"image.default\">\n\t\t\t\t<div class=\"elementor-widget-container\">\n\t\t\t\t\t\t\t\t\t\t\t\t\t\t\t<img fetchpriority=\"high\" decoding=\"async\" width=\"320\" height=\"240\" src=\"https:\/\/www.cheminsdereves.fr\/wp-content\/uploads\/2026\/09\/Plaques-de-facade.jpg\" class=\"attachment-large size-large wp-image-24974\" alt=\"\" srcset=\"https:\/\/www.cheminsdereves.fr\/wp-content\/uploads\/2026\/09\/Plaques-de-facade.jpg 320w, https:\/\/www.cheminsdereves.fr\/wp-content\/uploads\/2026\/09\/Plaques-de-facade-300x225.jpg 300w\" sizes=\"(max-width: 320px) 100vw, 320px\" \/>\t\t\t\t\t\t\t\t\t\t\t\t\t\t\t<\/div>\n\t\t\t\t<\/div>\n\t\t\t\t<div class=\"elementor-element elementor-element-204fd64 elementor-widget elementor-widget-text-editor\" data-id=\"204fd64\" data-element_type=\"widget\" data-e-type=\"widget\" data-widget_type=\"text-editor.default\">\n\t\t\t\t<div class=\"elementor-widget-container\">\n\t\t\t\t\t\t\t\t\t<p>Vous allez travailler sur la fa\u00e7ade grav\u00e9e dans un 1er temps. Collez le grand demi cercle (carton bois de 1 mm) en haut de la fa\u00e7ade sup\u00e9rieure.<\/p>\t\t\t\t\t\t\t\t<\/div>\n\t\t\t\t<\/div>\n\t\t\t\t<div class=\"elementor-element elementor-element-39cb386 elementor-widget elementor-widget-image\" data-id=\"39cb386\" data-element_type=\"widget\" data-e-type=\"widget\" data-widget_type=\"image.default\">\n\t\t\t\t<div class=\"elementor-widget-container\">\n\t\t\t\t\t\t\t\t\t\t\t\t\t\t\t<img decoding=\"async\" width=\"320\" height=\"240\" src=\"https:\/\/www.cheminsdereves.fr\/wp-content\/uploads\/2026\/09\/Montage-facade-avant-2.jpg\" class=\"attachment-large size-large wp-image-24968\" alt=\"\" srcset=\"https:\/\/www.cheminsdereves.fr\/wp-content\/uploads\/2026\/09\/Montage-facade-avant-2.jpg 320w, https:\/\/www.cheminsdereves.fr\/wp-content\/uploads\/2026\/09\/Montage-facade-avant-2-300x225.jpg 300w\" sizes=\"(max-width: 320px) 100vw, 320px\" \/>\t\t\t\t\t\t\t\t\t\t\t\t\t\t\t<\/div>\n\t\t\t\t<\/div>\n\t\t\t\t<div class=\"elementor-element elementor-element-17cdbe2 elementor-widget elementor-widget-text-editor\" data-id=\"17cdbe2\" data-element_type=\"widget\" data-e-type=\"widget\" data-widget_type=\"text-editor.default\">\n\t\t\t\t<div class=\"elementor-widget-container\">\n\t\t\t\t\t\t\t\t\t<p>Collez les pi\u00e8ces rectangulaires (carton bois de 1 mm) sous les grands demi cercles en les centrant (ci contre et ci dessous).\u00a0<\/p>\t\t\t\t\t\t\t\t<\/div>\n\t\t\t\t<\/div>\n\t\t\t\t<div class=\"elementor-element elementor-element-3acdcbe elementor-widget elementor-widget-image\" data-id=\"3acdcbe\" data-element_type=\"widget\" data-e-type=\"widget\" data-widget_type=\"image.default\">\n\t\t\t\t<div class=\"elementor-widget-container\">\n\t\t\t\t\t\t\t\t\t\t\t\t\t\t\t<img decoding=\"async\" width=\"240\" height=\"320\" src=\"https:\/\/www.cheminsdereves.fr\/wp-content\/uploads\/2026\/09\/Details-modenatures.jpg\" class=\"attachment-large size-large wp-image-24966\" alt=\"\" srcset=\"https:\/\/www.cheminsdereves.fr\/wp-content\/uploads\/2026\/09\/Details-modenatures.jpg 240w, https:\/\/www.cheminsdereves.fr\/wp-content\/uploads\/2026\/09\/Details-modenatures-225x300.jpg 225w\" sizes=\"(max-width: 240px) 100vw, 240px\" \/>\t\t\t\t\t\t\t\t\t\t\t\t\t\t\t<\/div>\n\t\t\t\t<\/div>\n\t\t\t\t<div class=\"elementor-element elementor-element-7569166 elementor-widget elementor-widget-text-editor\" data-id=\"7569166\" data-element_type=\"widget\" data-e-type=\"widget\" data-widget_type=\"text-editor.default\">\n\t\t\t\t<div class=\"elementor-widget-container\">\n\t\t\t\t\t\t\t\t\t<p>Collez ensuite les deux demi cercles comme illustr\u00e9 sur la photo.<\/p>\t\t\t\t\t\t\t\t<\/div>\n\t\t\t\t<\/div>\n\t\t\t\t<div class=\"elementor-element elementor-element-d641fa3 elementor-widget elementor-widget-image\" data-id=\"d641fa3\" data-element_type=\"widget\" data-e-type=\"widget\" data-widget_type=\"image.default\">\n\t\t\t\t<div class=\"elementor-widget-container\">\n\t\t\t\t\t\t\t\t\t\t\t\t\t\t\t<img loading=\"lazy\" decoding=\"async\" width=\"240\" height=\"320\" src=\"https:\/\/www.cheminsdereves.fr\/wp-content\/uploads\/2026\/09\/Montage-facade-avant-6-rotated.jpg\" class=\"attachment-large size-large wp-image-24972\" alt=\"\" srcset=\"https:\/\/www.cheminsdereves.fr\/wp-content\/uploads\/2026\/09\/Montage-facade-avant-6-rotated.jpg 240w, https:\/\/www.cheminsdereves.fr\/wp-content\/uploads\/2026\/09\/Montage-facade-avant-6-225x300.jpg 225w\" sizes=\"(max-width: 240px) 100vw, 240px\" \/>\t\t\t\t\t\t\t\t\t\t\t\t\t\t\t<\/div>\n\t\t\t\t<\/div>\n\t\t\t\t<div class=\"elementor-element elementor-element-3270b21 elementor-widget elementor-widget-text-editor\" data-id=\"3270b21\" data-element_type=\"widget\" data-e-type=\"widget\" data-widget_type=\"text-editor.default\">\n\t\t\t\t<div class=\"elementor-widget-container\">\n\t\t\t\t\t\t\t\t\t<p>Vous collerez \u00e0 l&rsquo;issue les deux demi cercles inf\u00e9rieurs en faisant attention de bien les centrer.<\/p>\t\t\t\t\t\t\t\t<\/div>\n\t\t\t\t<\/div>\n\t\t\t\t<div class=\"elementor-element elementor-element-d563b7a elementor-widget elementor-widget-image\" data-id=\"d563b7a\" data-element_type=\"widget\" data-e-type=\"widget\" data-widget_type=\"image.default\">\n\t\t\t\t<div class=\"elementor-widget-container\">\n\t\t\t\t\t\t\t\t\t\t\t\t\t\t\t<img loading=\"lazy\" decoding=\"async\" width=\"320\" height=\"240\" src=\"https:\/\/www.cheminsdereves.fr\/wp-content\/uploads\/2026\/09\/Point-montage-facade-avant.jpg\" class=\"attachment-large size-large wp-image-24975\" alt=\"\" srcset=\"https:\/\/www.cheminsdereves.fr\/wp-content\/uploads\/2026\/09\/Point-montage-facade-avant.jpg 320w, https:\/\/www.cheminsdereves.fr\/wp-content\/uploads\/2026\/09\/Point-montage-facade-avant-300x225.jpg 300w\" sizes=\"(max-width: 320px) 100vw, 320px\" \/>\t\t\t\t\t\t\t\t\t\t\t\t\t\t\t<\/div>\n\t\t\t\t<\/div>\n\t\t\t\t\t<\/div>\n\t\t<\/div>\n\t\t\t\t<div class=\"has_eae_slider elementor-column elementor-col-50 elementor-top-column elementor-element elementor-element-9370814\" data-eae-slider=\"97046\" data-id=\"9370814\" data-element_type=\"column\" data-e-type=\"column\">\n\t\t\t<div class=\"elementor-widget-wrap elementor-element-populated\">\n\t\t\t\t\t\t<div class=\"elementor-element elementor-element-235ea47 elementor-widget elementor-widget-text-editor\" data-id=\"235ea47\" data-element_type=\"widget\" data-e-type=\"widget\" data-widget_type=\"text-editor.default\">\n\t\t\t\t<div class=\"elementor-widget-container\">\n\t\t\t\t\t\t\t\t\t<p>La structure de la fa\u00e7ade avant est compos\u00e9e d&rsquo;une fa\u00e7ade inf\u00e9rieure (carton bois de 1.5 mm) et d&rsquo;une fa\u00e7ade sup\u00e9rieure (carton bois de 0.75 mm) finement grav\u00e9e.<\/p>\t\t\t\t\t\t\t\t<\/div>\n\t\t\t\t<\/div>\n\t\t\t\t<div class=\"elementor-element elementor-element-9b38395 elementor-widget elementor-widget-image\" data-id=\"9b38395\" data-element_type=\"widget\" data-e-type=\"widget\" data-widget_type=\"image.default\">\n\t\t\t\t<div class=\"elementor-widget-container\">\n\t\t\t\t\t\t\t\t\t\t\t\t\t\t\t<img loading=\"lazy\" decoding=\"async\" width=\"320\" height=\"240\" src=\"https:\/\/www.cheminsdereves.fr\/wp-content\/uploads\/2026\/09\/Montage-facade-avant-1.jpg\" class=\"attachment-large size-large wp-image-24967\" alt=\"\" srcset=\"https:\/\/www.cheminsdereves.fr\/wp-content\/uploads\/2026\/09\/Montage-facade-avant-1.jpg 320w, https:\/\/www.cheminsdereves.fr\/wp-content\/uploads\/2026\/09\/Montage-facade-avant-1-300x225.jpg 300w\" sizes=\"(max-width: 320px) 100vw, 320px\" \/>\t\t\t\t\t\t\t\t\t\t\t\t\t\t\t<\/div>\n\t\t\t\t<\/div>\n\t\t\t\t<div class=\"elementor-element elementor-element-242073e elementor-widget elementor-widget-text-editor\" data-id=\"242073e\" data-element_type=\"widget\" data-e-type=\"widget\" data-widget_type=\"text-editor.default\">\n\t\t\t\t<div class=\"elementor-widget-container\">\n\t\t\t\t\t\t\t\t\t<p>Collez les deux demi cercles au bas des ouvertures.<\/p>\t\t\t\t\t\t\t\t<\/div>\n\t\t\t\t<\/div>\n\t\t\t\t<div class=\"elementor-element elementor-element-27e0131 elementor-widget elementor-widget-image\" data-id=\"27e0131\" data-element_type=\"widget\" data-e-type=\"widget\" data-widget_type=\"image.default\">\n\t\t\t\t<div class=\"elementor-widget-container\">\n\t\t\t\t\t\t\t\t\t\t\t\t\t\t\t<img loading=\"lazy\" decoding=\"async\" width=\"320\" height=\"240\" src=\"https:\/\/www.cheminsdereves.fr\/wp-content\/uploads\/2026\/09\/Montage-facade-avant-3.jpg\" class=\"attachment-large size-large wp-image-24969\" alt=\"\" srcset=\"https:\/\/www.cheminsdereves.fr\/wp-content\/uploads\/2026\/09\/Montage-facade-avant-3.jpg 320w, https:\/\/www.cheminsdereves.fr\/wp-content\/uploads\/2026\/09\/Montage-facade-avant-3-300x225.jpg 300w\" sizes=\"(max-width: 320px) 100vw, 320px\" \/>\t\t\t\t\t\t\t\t\t\t\t\t\t\t\t<\/div>\n\t\t\t\t<\/div>\n\t\t\t\t<div class=\"elementor-element elementor-element-3bdbf7e elementor-widget elementor-widget-text-editor\" data-id=\"3bdbf7e\" data-element_type=\"widget\" data-e-type=\"widget\" data-widget_type=\"text-editor.default\">\n\t\t\t\t<div class=\"elementor-widget-container\">\n\t\t\t\t\t\t\t\t\t<p>\u00a0Pr\u00e9parez les mod\u00e9natures inf\u00e9rieures en accolant 3 petites pi\u00e8ces de 2.2 mm et deux pi\u00e8ces intercal\u00e9es de 0.75 mm. Collez les sous la pi\u00e8ce rectangulaire. Voil\u00e0 le r\u00e9sultat que vous devriez obtenir.<\/p>\t\t\t\t\t\t\t\t<\/div>\n\t\t\t\t<\/div>\n\t\t\t\t<div class=\"elementor-element elementor-element-54b18b6 elementor-widget elementor-widget-image\" data-id=\"54b18b6\" data-element_type=\"widget\" data-e-type=\"widget\" data-widget_type=\"image.default\">\n\t\t\t\t<div class=\"elementor-widget-container\">\n\t\t\t\t\t\t\t\t\t\t\t\t\t\t\t<img loading=\"lazy\" decoding=\"async\" width=\"240\" height=\"320\" src=\"https:\/\/www.cheminsdereves.fr\/wp-content\/uploads\/2026\/09\/Montage-facade-avant-5-rotated.jpg\" class=\"attachment-large size-large wp-image-24971\" alt=\"\" srcset=\"https:\/\/www.cheminsdereves.fr\/wp-content\/uploads\/2026\/09\/Montage-facade-avant-5-rotated.jpg 240w, https:\/\/www.cheminsdereves.fr\/wp-content\/uploads\/2026\/09\/Montage-facade-avant-5-225x300.jpg 225w\" sizes=\"(max-width: 240px) 100vw, 240px\" \/>\t\t\t\t\t\t\t\t\t\t\t\t\t\t\t<\/div>\n\t\t\t\t<\/div>\n\t\t\t\t<div class=\"elementor-element elementor-element-8ee99e6 elementor-widget elementor-widget-text-editor\" data-id=\"8ee99e6\" data-element_type=\"widget\" data-e-type=\"widget\" data-widget_type=\"text-editor.default\">\n\t\t\t\t<div class=\"elementor-widget-container\">\n\t\t\t\t\t\t\t\t\t<p>Les pi\u00e8ces doivent affleurer au verso de la fa\u00e7ade.<\/p>\t\t\t\t\t\t\t\t<\/div>\n\t\t\t\t<\/div>\n\t\t\t\t<div class=\"elementor-element elementor-element-21c5566 elementor-widget elementor-widget-image\" data-id=\"21c5566\" data-element_type=\"widget\" data-e-type=\"widget\" data-widget_type=\"image.default\">\n\t\t\t\t<div class=\"elementor-widget-container\">\n\t\t\t\t\t\t\t\t\t\t\t\t\t\t\t<img loading=\"lazy\" decoding=\"async\" width=\"240\" height=\"320\" src=\"https:\/\/www.cheminsdereves.fr\/wp-content\/uploads\/2026\/09\/Montage-facade-avant-7.jpg\" class=\"attachment-large size-large wp-image-24973\" alt=\"\" srcset=\"https:\/\/www.cheminsdereves.fr\/wp-content\/uploads\/2026\/09\/Montage-facade-avant-7.jpg 240w, https:\/\/www.cheminsdereves.fr\/wp-content\/uploads\/2026\/09\/Montage-facade-avant-7-225x300.jpg 225w\" sizes=\"(max-width: 240px) 100vw, 240px\" \/>\t\t\t\t\t\t\t\t\t\t\t\t\t\t\t<\/div>\n\t\t\t\t<\/div>\n\t\t\t\t<div class=\"elementor-element elementor-element-c79fa4a elementor-widget elementor-widget-text-editor\" data-id=\"c79fa4a\" data-element_type=\"widget\" data-e-type=\"widget\" data-widget_type=\"text-editor.default\">\n\t\t\t\t<div class=\"elementor-widget-container\">\n\t\t\t\t\t\t\t\t\t<p>Un point d&rsquo;\u00e9tape pour vous assurer que vous n&rsquo;avez rien oubli\u00e9.<\/p>\t\t\t\t\t\t\t\t<\/div>\n\t\t\t\t<\/div>\n\t\t\t\t\t<\/div>\n\t\t<\/div>\n\t\t\t\t\t<\/div>\n\t\t<\/section>\n\t\t\t\t<section class=\"has_eae_slider elementor-section elementor-top-section elementor-element elementor-element-1d00d30 elementor-section-boxed elementor-section-height-default elementor-section-height-default\" data-eae-slider=\"50935\" data-id=\"1d00d30\" data-element_type=\"section\" data-e-type=\"section\">\n\t\t\t\t\t\t<div class=\"elementor-container elementor-column-gap-default\">\n\t\t\t\t\t<div class=\"has_eae_slider elementor-column elementor-col-50 elementor-top-column elementor-element elementor-element-49b7611\" data-eae-slider=\"63464\" data-id=\"49b7611\" data-element_type=\"column\" data-e-type=\"column\">\n\t\t\t<div class=\"elementor-widget-wrap elementor-element-populated\">\n\t\t\t\t\t\t<div class=\"elementor-element elementor-element-c1f2e24 elementor-widget elementor-widget-text-editor\" data-id=\"c1f2e24\" data-element_type=\"widget\" data-e-type=\"widget\" data-widget_type=\"text-editor.default\">\n\t\t\t\t<div class=\"elementor-widget-container\">\n\t\t\t\t\t\t\t\t\t<p>Enfin, vous collerez les deux demi cercles en haut des fa\u00e7ades. Les travaux sur la fa\u00e7ade sup\u00e9rieure sont \u00e0 pr\u00e9sent termin\u00e9s<\/p>\t\t\t\t\t\t\t\t<\/div>\n\t\t\t\t<\/div>\n\t\t\t\t\t<\/div>\n\t\t<\/div>\n\t\t\t\t<div class=\"has_eae_slider elementor-column elementor-col-50 elementor-top-column elementor-element elementor-element-4d80beb\" data-eae-slider=\"15533\" data-id=\"4d80beb\" data-element_type=\"column\" data-e-type=\"column\">\n\t\t\t<div class=\"elementor-widget-wrap elementor-element-populated\">\n\t\t\t\t\t\t<div class=\"elementor-element elementor-element-1e6ac2b elementor-widget elementor-widget-image\" data-id=\"1e6ac2b\" data-element_type=\"widget\" data-e-type=\"widget\" data-widget_type=\"image.default\">\n\t\t\t\t<div class=\"elementor-widget-container\">\n\t\t\t\t\t\t\t\t\t\t\t\t\t\t\t<img loading=\"lazy\" decoding=\"async\" width=\"320\" height=\"240\" src=\"https:\/\/www.cheminsdereves.fr\/wp-content\/uploads\/2026\/09\/Facade-0.75-mm-peinte.jpg\" class=\"attachment-large size-large wp-image-24976\" alt=\"\" srcset=\"https:\/\/www.cheminsdereves.fr\/wp-content\/uploads\/2026\/09\/Facade-0.75-mm-peinte.jpg 320w, https:\/\/www.cheminsdereves.fr\/wp-content\/uploads\/2026\/09\/Facade-0.75-mm-peinte-300x225.jpg 300w\" sizes=\"(max-width: 320px) 100vw, 320px\" \/>\t\t\t\t\t\t\t\t\t\t\t\t\t\t\t<\/div>\n\t\t\t\t<\/div>\n\t\t\t\t\t<\/div>\n\t\t<\/div>\n\t\t\t\t\t<\/div>\n\t\t<\/section>\n\t\t\t\t<section class=\"has_eae_slider elementor-section elementor-top-section elementor-element elementor-element-9a40f9b elementor-section-boxed elementor-section-height-default elementor-section-height-default\" data-eae-slider=\"69286\" data-id=\"9a40f9b\" data-element_type=\"section\" data-e-type=\"section\">\n\t\t\t\t\t\t<div class=\"elementor-container elementor-column-gap-default\">\n\t\t\t\t\t<div class=\"has_eae_slider elementor-column elementor-col-100 elementor-top-column elementor-element elementor-element-41d0fb5\" data-eae-slider=\"77468\" data-id=\"41d0fb5\" data-element_type=\"column\" data-e-type=\"column\">\n\t\t\t<div class=\"elementor-widget-wrap elementor-element-populated\">\n\t\t\t\t\t\t<div class=\"elementor-element elementor-element-cd7c796 elementor-widget elementor-widget-heading\" data-id=\"cd7c796\" data-element_type=\"widget\" data-e-type=\"widget\" data-widget_type=\"heading.default\">\n\t\t\t\t<div class=\"elementor-widget-container\">\n\t\t\t\t\t<h2 class=\"elementor-heading-title elementor-size-default\"><span class=\"ez-toc-section\" id=\"Les_travaux_de_peinture\"><\/span>Les travaux de peinture <span class=\"ez-toc-section-end\"><\/span><\/h2>\t\t\t\t<\/div>\n\t\t\t\t<\/div>\n\t\t\t\t\t<\/div>\n\t\t<\/div>\n\t\t\t\t\t<\/div>\n\t\t<\/section>\n\t\t\t\t<section class=\"has_eae_slider elementor-section elementor-top-section elementor-element elementor-element-630beb7 elementor-section-boxed elementor-section-height-default elementor-section-height-default\" data-eae-slider=\"85733\" data-id=\"630beb7\" data-element_type=\"section\" data-e-type=\"section\">\n\t\t\t\t\t\t<div class=\"elementor-container elementor-column-gap-default\">\n\t\t\t\t\t<div class=\"has_eae_slider elementor-column elementor-col-100 elementor-top-column elementor-element elementor-element-41efa2a\" data-eae-slider=\"71539\" data-id=\"41efa2a\" data-element_type=\"column\" data-e-type=\"column\">\n\t\t\t<div class=\"elementor-widget-wrap elementor-element-populated\">\n\t\t\t\t\t\t<div class=\"elementor-element elementor-element-0690d00 elementor-widget elementor-widget-text-editor\" data-id=\"0690d00\" data-element_type=\"widget\" data-e-type=\"widget\" data-widget_type=\"text-editor.default\">\n\t\t\t\t<div class=\"elementor-widget-container\">\n\t\t\t\t\t\t\t\t\t<p>Nous vous recommandons de proc\u00e9der \u00e0 ce stade \u00e0 la peinture des tranches sur les pi\u00e8ces d\u00e9j\u00e0 install\u00e9es. Si vous souhaitez, conservez la couleur du carton bois, un m\u00e9lange de teinte ivoire juste relev\u00e9e d&rsquo;une pointe de S\u00e9pia ou un m\u00e9lange de teinte ivoire et de teinte \u00ab\u00a0Buff\u00a0\u00bb donnent de bons r\u00e9sultats sur les tranches. Des indications d\u00e9taill\u00e9es sur la peinture de ces immeubles sont d\u00e9crites dans <a href=\"https:\/\/www.cheminsdereves.fr\/index.php\/support\/la-peinture-et-la-patine-des-immeubles-en-carton-bois\/\"><strong>cette page<\/strong><\/a>.<\/p>\t\t\t\t\t\t\t\t<\/div>\n\t\t\t\t<\/div>\n\t\t\t\t\t<\/div>\n\t\t<\/div>\n\t\t\t\t\t<\/div>\n\t\t<\/section>\n\t\t\t\t<section class=\"has_eae_slider elementor-section elementor-top-section elementor-element elementor-element-feaad5f elementor-section-boxed elementor-section-height-default elementor-section-height-default\" data-eae-slider=\"17612\" data-id=\"feaad5f\" data-element_type=\"section\" data-e-type=\"section\">\n\t\t\t\t\t\t<div class=\"elementor-container elementor-column-gap-default\">\n\t\t\t\t\t<div class=\"has_eae_slider elementor-column elementor-col-50 elementor-top-column elementor-element elementor-element-6e88000\" data-eae-slider=\"21732\" data-id=\"6e88000\" data-element_type=\"column\" data-e-type=\"column\">\n\t\t\t<div class=\"elementor-widget-wrap elementor-element-populated\">\n\t\t\t\t\t\t<div class=\"elementor-element elementor-element-e63c1ab elementor-widget elementor-widget-image\" data-id=\"e63c1ab\" data-element_type=\"widget\" data-e-type=\"widget\" data-widget_type=\"image.default\">\n\t\t\t\t<div class=\"elementor-widget-container\">\n\t\t\t\t\t\t\t\t\t\t\t\t\t\t\t<img loading=\"lazy\" decoding=\"async\" width=\"320\" height=\"240\" src=\"https:\/\/www.cheminsdereves.fr\/wp-content\/uploads\/2026\/09\/Facade-0.75-mm-peinte.jpg\" class=\"attachment-large size-large wp-image-24976\" alt=\"\" srcset=\"https:\/\/www.cheminsdereves.fr\/wp-content\/uploads\/2026\/09\/Facade-0.75-mm-peinte.jpg 320w, https:\/\/www.cheminsdereves.fr\/wp-content\/uploads\/2026\/09\/Facade-0.75-mm-peinte-300x225.jpg 300w\" sizes=\"(max-width: 320px) 100vw, 320px\" \/>\t\t\t\t\t\t\t\t\t\t\t\t\t\t\t<\/div>\n\t\t\t\t<\/div>\n\t\t\t\t<div class=\"elementor-element elementor-element-ee89b67 elementor-widget elementor-widget-text-editor\" data-id=\"ee89b67\" data-element_type=\"widget\" data-e-type=\"widget\" data-widget_type=\"text-editor.default\">\n\t\t\t\t<div class=\"elementor-widget-container\">\n\t\t\t\t\t\t\t\t\t<p>Sur la fa\u00e7ade inf\u00e9rieure, une peinture rouge a \u00e9t\u00e9 appliqu\u00e9e en guise de fond pour l&rsquo;inscription. Une peinture blanche a aussi \u00e9t\u00e9 appliqu\u00e9e sous la fen\u00eatre centrale en forme de demi lune.<\/p>\t\t\t\t\t\t\t\t<\/div>\n\t\t\t\t<\/div>\n\t\t\t\t\t<\/div>\n\t\t<\/div>\n\t\t\t\t<div class=\"has_eae_slider elementor-column elementor-col-50 elementor-top-column elementor-element elementor-element-3bc95c5\" data-eae-slider=\"47245\" data-id=\"3bc95c5\" data-element_type=\"column\" data-e-type=\"column\">\n\t\t\t<div class=\"elementor-widget-wrap elementor-element-populated\">\n\t\t\t\t\t\t<div class=\"elementor-element elementor-element-964a700 elementor-widget elementor-widget-text-editor\" data-id=\"964a700\" data-element_type=\"widget\" data-e-type=\"widget\" data-widget_type=\"text-editor.default\">\n\t\t\t\t<div class=\"elementor-widget-container\">\n\t\t\t\t\t\t\t\t\t<p>Nous avons fait le choix de nous rapprocher du mod\u00e8le r\u00e9el qui est peint en blanc. Deux fines couches de peinture ont \u00e9t\u00e9 pulv\u00e9ris\u00e9es de fa\u00e7on \u00e0 ne pas emp\u00e2ter les d\u00e9tails et les traits de gravure qui donnent tout le cachet \u00e0 ce b\u00e2timent.<\/p>\t\t\t\t\t\t\t\t<\/div>\n\t\t\t\t<\/div>\n\t\t\t\t<div class=\"elementor-element elementor-element-b2638d4 elementor-widget elementor-widget-image\" data-id=\"b2638d4\" data-element_type=\"widget\" data-e-type=\"widget\" data-widget_type=\"image.default\">\n\t\t\t\t<div class=\"elementor-widget-container\">\n\t\t\t\t\t\t\t\t\t\t\t\t\t\t\t<img loading=\"lazy\" decoding=\"async\" width=\"320\" height=\"240\" src=\"https:\/\/www.cheminsdereves.fr\/wp-content\/uploads\/2026\/09\/Peinture-Facade-de-base.jpg\" class=\"attachment-large size-large wp-image-24980\" alt=\"\" srcset=\"https:\/\/www.cheminsdereves.fr\/wp-content\/uploads\/2026\/09\/Peinture-Facade-de-base.jpg 320w, https:\/\/www.cheminsdereves.fr\/wp-content\/uploads\/2026\/09\/Peinture-Facade-de-base-300x225.jpg 300w\" sizes=\"(max-width: 320px) 100vw, 320px\" \/>\t\t\t\t\t\t\t\t\t\t\t\t\t\t\t<\/div>\n\t\t\t\t<\/div>\n\t\t\t\t\t<\/div>\n\t\t<\/div>\n\t\t\t\t\t<\/div>\n\t\t<\/section>\n\t\t\t\t<section class=\"has_eae_slider elementor-section elementor-top-section elementor-element elementor-element-933d65b elementor-section-boxed elementor-section-height-default elementor-section-height-default\" data-eae-slider=\"18686\" data-id=\"933d65b\" data-element_type=\"section\" data-e-type=\"section\">\n\t\t\t\t\t\t<div class=\"elementor-container elementor-column-gap-default\">\n\t\t\t\t\t<div class=\"has_eae_slider elementor-column elementor-col-100 elementor-top-column elementor-element elementor-element-ad75f8c\" data-eae-slider=\"87322\" data-id=\"ad75f8c\" data-element_type=\"column\" data-e-type=\"column\">\n\t\t\t<div class=\"elementor-widget-wrap elementor-element-populated\">\n\t\t\t\t\t\t<div class=\"elementor-element elementor-element-7dc765c elementor-widget elementor-widget-heading\" data-id=\"7dc765c\" data-element_type=\"widget\" data-e-type=\"widget\" data-widget_type=\"heading.default\">\n\t\t\t\t<div class=\"elementor-widget-container\">\n\t\t\t\t\t<h2 class=\"elementor-heading-title elementor-size-default\"><span class=\"ez-toc-section\" id=\"Le_montage_des_huisseries\"><\/span>Le montage des huisseries<span class=\"ez-toc-section-end\"><\/span><\/h2>\t\t\t\t<\/div>\n\t\t\t\t<\/div>\n\t\t\t\t\t<\/div>\n\t\t<\/div>\n\t\t\t\t\t<\/div>\n\t\t<\/section>\n\t\t\t\t<section class=\"has_eae_slider elementor-section elementor-top-section elementor-element elementor-element-2376dba elementor-section-boxed elementor-section-height-default elementor-section-height-default\" data-eae-slider=\"64058\" data-id=\"2376dba\" data-element_type=\"section\" data-e-type=\"section\">\n\t\t\t\t\t\t<div class=\"elementor-container elementor-column-gap-default\">\n\t\t\t\t\t<div class=\"has_eae_slider elementor-column elementor-col-100 elementor-top-column elementor-element elementor-element-7d0d110\" data-eae-slider=\"17624\" data-id=\"7d0d110\" data-element_type=\"column\" data-e-type=\"column\">\n\t\t\t<div class=\"elementor-widget-wrap elementor-element-populated\">\n\t\t\t\t\t\t<div class=\"elementor-element elementor-element-daac73f elementor-widget elementor-widget-text-editor\" data-id=\"daac73f\" data-element_type=\"widget\" data-e-type=\"widget\" data-widget_type=\"text-editor.default\">\n\t\t\t\t<div class=\"elementor-widget-container\">\n\t\t\t\t\t\t\t\t\t<p>Deux options diff\u00e9rentes sont fournies dans le kit. Les huisseries sont fournies en papier Canson \u00ab\u00a0vieux rose\u00a0\u00bb, ce qui correspond peu ou prou \u00e0 la couleur du b\u00e2timent r\u00e9el et en papier Canson couleur Ivoire plus neutre. Vous pouvez ainsi choisir ce qui convient le mieux \u00e0 votre projet.<\/p>\t\t\t\t\t\t\t\t<\/div>\n\t\t\t\t<\/div>\n\t\t\t\t\t<\/div>\n\t\t<\/div>\n\t\t\t\t\t<\/div>\n\t\t<\/section>\n\t\t\t\t<section class=\"has_eae_slider elementor-section elementor-top-section elementor-element elementor-element-0274e5b elementor-section-boxed elementor-section-height-default elementor-section-height-default\" data-eae-slider=\"37016\" data-id=\"0274e5b\" data-element_type=\"section\" data-e-type=\"section\">\n\t\t\t\t\t\t<div class=\"elementor-container elementor-column-gap-default\">\n\t\t\t\t\t<div class=\"has_eae_slider elementor-column elementor-col-50 elementor-top-column elementor-element elementor-element-369d322\" data-eae-slider=\"47523\" data-id=\"369d322\" data-element_type=\"column\" data-e-type=\"column\">\n\t\t\t<div class=\"elementor-widget-wrap elementor-element-populated\">\n\t\t\t\t\t\t<div class=\"elementor-element elementor-element-b63884b elementor-widget elementor-widget-image\" data-id=\"b63884b\" data-element_type=\"widget\" data-e-type=\"widget\" data-widget_type=\"image.default\">\n\t\t\t\t<div class=\"elementor-widget-container\">\n\t\t\t\t\t\t\t\t\t\t\t\t\t\t\t<img decoding=\"async\" src=\"https:\/\/www.cheminsdereves.fr\/wp-content\/uploads\/2026\/09\/Huisseries-Eden.jpg\" title=\"\" alt=\"\" loading=\"lazy\" \/>\t\t\t\t\t\t\t\t\t\t\t\t\t\t\t<\/div>\n\t\t\t\t<\/div>\n\t\t\t\t<div class=\"elementor-element elementor-element-31815b6 elementor-widget elementor-widget-image\" data-id=\"31815b6\" data-element_type=\"widget\" data-e-type=\"widget\" data-widget_type=\"image.default\">\n\t\t\t\t<div class=\"elementor-widget-container\">\n\t\t\t\t\t\t\t\t\t\t\t\t\t\t\t<img loading=\"lazy\" decoding=\"async\" width=\"320\" height=\"240\" src=\"https:\/\/www.cheminsdereves.fr\/wp-content\/uploads\/2026\/09\/Huisseries-Eden.jpg\" class=\"attachment-large size-large wp-image-25032\" alt=\"\" srcset=\"https:\/\/www.cheminsdereves.fr\/wp-content\/uploads\/2026\/09\/Huisseries-Eden.jpg 320w, https:\/\/www.cheminsdereves.fr\/wp-content\/uploads\/2026\/09\/Huisseries-Eden-300x225.jpg 300w\" sizes=\"(max-width: 320px) 100vw, 320px\" \/>\t\t\t\t\t\t\t\t\t\t\t\t\t\t\t<\/div>\n\t\t\t\t<\/div>\n\t\t\t\t<div class=\"elementor-element elementor-element-692632d elementor-widget elementor-widget-text-editor\" data-id=\"692632d\" data-element_type=\"widget\" data-e-type=\"widget\" data-widget_type=\"text-editor.default\">\n\t\t\t\t<div class=\"elementor-widget-container\">\n\t\t\t\t\t\t\t\t\t<p>Ins\u00e9rer d\u00e9licatement l&rsquo;inscription. Faites attention \u00e0 ne pas perdre (fourni en double) et \u00e0 bien coller l&rsquo;int\u00e9rieur du D et du A.<\/p>\t\t\t\t\t\t\t\t<\/div>\n\t\t\t\t<\/div>\n\t\t\t\t\t<\/div>\n\t\t<\/div>\n\t\t\t\t<div class=\"has_eae_slider elementor-column elementor-col-50 elementor-top-column elementor-element elementor-element-efdc0d5\" data-eae-slider=\"15097\" data-id=\"efdc0d5\" data-element_type=\"column\" data-e-type=\"column\">\n\t\t\t<div class=\"elementor-widget-wrap elementor-element-populated\">\n\t\t\t\t\t\t<div class=\"elementor-element elementor-element-8492705 elementor-widget elementor-widget-text-editor\" data-id=\"8492705\" data-element_type=\"widget\" data-e-type=\"widget\" data-widget_type=\"text-editor.default\">\n\t\t\t\t<div class=\"elementor-widget-container\">\n\t\t\t\t\t\t\t\t\t<p>La version color\u00e9e est proche du site r\u00e9el. L&rsquo;autre version vous permettra de faire vos propres choix.<\/p>\t\t\t\t\t\t\t\t<\/div>\n\t\t\t\t<\/div>\n\t\t\t\t<div class=\"elementor-element elementor-element-443420d elementor-widget elementor-widget-image\" data-id=\"443420d\" data-element_type=\"widget\" data-e-type=\"widget\" data-widget_type=\"image.default\">\n\t\t\t\t<div class=\"elementor-widget-container\">\n\t\t\t\t\t\t\t\t\t\t\t\t\t\t\t<img loading=\"lazy\" decoding=\"async\" width=\"320\" height=\"240\" src=\"https:\/\/www.cheminsdereves.fr\/wp-content\/uploads\/2026\/09\/Insertion-libelle-cinema.jpg\" class=\"attachment-large size-large wp-image-25000\" alt=\"\" srcset=\"https:\/\/www.cheminsdereves.fr\/wp-content\/uploads\/2026\/09\/Insertion-libelle-cinema.jpg 320w, https:\/\/www.cheminsdereves.fr\/wp-content\/uploads\/2026\/09\/Insertion-libelle-cinema-300x225.jpg 300w\" sizes=\"(max-width: 320px) 100vw, 320px\" \/>\t\t\t\t\t\t\t\t\t\t\t\t\t\t\t<\/div>\n\t\t\t\t<\/div>\n\t\t\t\t\t<\/div>\n\t\t<\/div>\n\t\t\t\t\t<\/div>\n\t\t<\/section>\n\t\t\t\t<section class=\"has_eae_slider elementor-section elementor-top-section elementor-element elementor-element-5a19acd elementor-section-boxed elementor-section-height-default elementor-section-height-default\" data-eae-slider=\"84983\" data-id=\"5a19acd\" data-element_type=\"section\" data-e-type=\"section\">\n\t\t\t\t\t\t<div class=\"elementor-container elementor-column-gap-default\">\n\t\t\t\t\t<div class=\"has_eae_slider elementor-column elementor-col-100 elementor-top-column elementor-element elementor-element-18fdc80\" data-eae-slider=\"82000\" data-id=\"18fdc80\" data-element_type=\"column\" data-e-type=\"column\">\n\t\t\t<div class=\"elementor-widget-wrap elementor-element-populated\">\n\t\t\t\t\t\t<div class=\"elementor-element elementor-element-deffba8 elementor-widget elementor-widget-heading\" data-id=\"deffba8\" data-element_type=\"widget\" data-e-type=\"widget\" data-widget_type=\"heading.default\">\n\t\t\t\t<div class=\"elementor-widget-container\">\n\t\t\t\t\t<h2 class=\"elementor-heading-title elementor-size-default\"><span class=\"ez-toc-section\" id=\"La_fin_du_montage\"><\/span>La fin du montage<span class=\"ez-toc-section-end\"><\/span><\/h2>\t\t\t\t<\/div>\n\t\t\t\t<\/div>\n\t\t\t\t\t<\/div>\n\t\t<\/div>\n\t\t\t\t\t<\/div>\n\t\t<\/section>\n\t\t\t\t<section class=\"has_eae_slider elementor-section elementor-top-section elementor-element elementor-element-5104f8c elementor-section-boxed elementor-section-height-default elementor-section-height-default\" data-eae-slider=\"18900\" data-id=\"5104f8c\" data-element_type=\"section\" data-e-type=\"section\">\n\t\t\t\t\t\t<div class=\"elementor-container elementor-column-gap-default\">\n\t\t\t\t\t<div class=\"has_eae_slider elementor-column elementor-col-100 elementor-top-column elementor-element elementor-element-fe51f52\" data-eae-slider=\"89700\" data-id=\"fe51f52\" data-element_type=\"column\" data-e-type=\"column\">\n\t\t\t<div class=\"elementor-widget-wrap elementor-element-populated\">\n\t\t\t\t\t\t<div class=\"elementor-element elementor-element-b4bf1e6 elementor-widget elementor-widget-heading\" data-id=\"b4bf1e6\" data-element_type=\"widget\" data-e-type=\"widget\" data-widget_type=\"heading.default\">\n\t\t\t\t<div class=\"elementor-widget-container\">\n\t\t\t\t\t<h3 class=\"elementor-heading-title elementor-size-default\"><span class=\"ez-toc-section\" id=\"Le_montage_des_escaliers\"><\/span>Le montage des escaliers<span class=\"ez-toc-section-end\"><\/span><\/h3>\t\t\t\t<\/div>\n\t\t\t\t<\/div>\n\t\t\t\t\t<\/div>\n\t\t<\/div>\n\t\t\t\t\t<\/div>\n\t\t<\/section>\n\t\t\t\t<section class=\"has_eae_slider elementor-section elementor-top-section elementor-element elementor-element-c0003b5 elementor-section-boxed elementor-section-height-default elementor-section-height-default\" data-eae-slider=\"36518\" data-id=\"c0003b5\" data-element_type=\"section\" data-e-type=\"section\">\n\t\t\t\t\t\t<div class=\"elementor-container elementor-column-gap-default\">\n\t\t\t\t\t<div class=\"has_eae_slider elementor-column elementor-col-50 elementor-top-column elementor-element elementor-element-6210f15\" data-eae-slider=\"2118\" data-id=\"6210f15\" data-element_type=\"column\" data-e-type=\"column\">\n\t\t\t<div class=\"elementor-widget-wrap elementor-element-populated\">\n\t\t\t\t\t\t<div class=\"elementor-element elementor-element-239559d elementor-widget elementor-widget-image\" data-id=\"239559d\" data-element_type=\"widget\" data-e-type=\"widget\" data-widget_type=\"image.default\">\n\t\t\t\t<div class=\"elementor-widget-container\">\n\t\t\t\t\t\t\t\t\t\t\t\t\t\t\t<img loading=\"lazy\" decoding=\"async\" width=\"240\" height=\"320\" src=\"https:\/\/www.cheminsdereves.fr\/wp-content\/uploads\/2026\/09\/Escalier-Eden-rotated.jpg\" class=\"attachment-large size-large wp-image-25003\" alt=\"\" srcset=\"https:\/\/www.cheminsdereves.fr\/wp-content\/uploads\/2026\/09\/Escalier-Eden-rotated.jpg 240w, https:\/\/www.cheminsdereves.fr\/wp-content\/uploads\/2026\/09\/Escalier-Eden-225x300.jpg 225w\" sizes=\"(max-width: 240px) 100vw, 240px\" \/>\t\t\t\t\t\t\t\t\t\t\t\t\t\t\t<\/div>\n\t\t\t\t<\/div>\n\t\t\t\t\t<\/div>\n\t\t<\/div>\n\t\t\t\t<div class=\"has_eae_slider elementor-column elementor-col-50 elementor-top-column elementor-element elementor-element-26073ad\" data-eae-slider=\"55854\" data-id=\"26073ad\" data-element_type=\"column\" data-e-type=\"column\">\n\t\t\t<div class=\"elementor-widget-wrap elementor-element-populated\">\n\t\t\t\t\t\t<div class=\"elementor-element elementor-element-07d8b0c elementor-widget elementor-widget-text-editor\" data-id=\"07d8b0c\" data-element_type=\"widget\" data-e-type=\"widget\" data-widget_type=\"text-editor.default\">\n\t\t\t\t<div class=\"elementor-widget-container\">\n\t\t\t\t\t\t\t\t\t<p>Il suffit de superposer les trois pi\u00e8ces de 1.5 mm pour former l&rsquo;escalier. Vous pouvez les peindre \u00e0 ce stade si vous le souhaitez.<\/p><p>Nota : si vous ne souhaitez pas utiliser les escaliers, il faudra couper le bas des deux fa\u00e7ades lat\u00e9rales.<\/p>\t\t\t\t\t\t\t\t<\/div>\n\t\t\t\t<\/div>\n\t\t\t\t\t<\/div>\n\t\t<\/div>\n\t\t\t\t\t<\/div>\n\t\t<\/section>\n\t\t\t\t<section class=\"has_eae_slider elementor-section elementor-top-section elementor-element elementor-element-9535fda elementor-section-boxed elementor-section-height-default elementor-section-height-default\" data-eae-slider=\"83380\" data-id=\"9535fda\" data-element_type=\"section\" data-e-type=\"section\">\n\t\t\t\t\t\t<div class=\"elementor-container elementor-column-gap-default\">\n\t\t\t\t\t<div class=\"has_eae_slider elementor-column elementor-col-100 elementor-top-column elementor-element elementor-element-2c1e355\" data-eae-slider=\"99645\" data-id=\"2c1e355\" data-element_type=\"column\" data-e-type=\"column\">\n\t\t\t<div class=\"elementor-widget-wrap elementor-element-populated\">\n\t\t\t\t\t\t<div class=\"elementor-element elementor-element-1475291 elementor-widget elementor-widget-heading\" data-id=\"1475291\" data-element_type=\"widget\" data-e-type=\"widget\" data-widget_type=\"heading.default\">\n\t\t\t\t<div class=\"elementor-widget-container\">\n\t\t\t\t\t<h3 class=\"elementor-heading-title elementor-size-default\"><span class=\"ez-toc-section\" id=\"Les_murs_lateraux_et_la_toiture\"><\/span>Les murs lat\u00e9raux et la toiture<span class=\"ez-toc-section-end\"><\/span><\/h3>\t\t\t\t<\/div>\n\t\t\t\t<\/div>\n\t\t\t\t\t<\/div>\n\t\t<\/div>\n\t\t\t\t\t<\/div>\n\t\t<\/section>\n\t\t\t\t<section class=\"has_eae_slider elementor-section elementor-top-section elementor-element elementor-element-3453c86 elementor-section-boxed elementor-section-height-default elementor-section-height-default\" data-eae-slider=\"38644\" data-id=\"3453c86\" data-element_type=\"section\" data-e-type=\"section\">\n\t\t\t\t\t\t<div class=\"elementor-container elementor-column-gap-default\">\n\t\t\t\t\t<div class=\"has_eae_slider elementor-column elementor-col-50 elementor-top-column elementor-element elementor-element-4f32c8c\" data-eae-slider=\"99212\" data-id=\"4f32c8c\" data-element_type=\"column\" data-e-type=\"column\">\n\t\t\t<div class=\"elementor-widget-wrap elementor-element-populated\">\n\t\t\t\t\t\t<div class=\"elementor-element elementor-element-48167ec elementor-widget elementor-widget-image\" data-id=\"48167ec\" data-element_type=\"widget\" data-e-type=\"widget\" data-widget_type=\"image.default\">\n\t\t\t\t<div class=\"elementor-widget-container\">\n\t\t\t\t\t\t\t\t\t\t\t\t\t\t\t<img loading=\"lazy\" decoding=\"async\" width=\"240\" height=\"320\" src=\"https:\/\/www.cheminsdereves.fr\/wp-content\/uploads\/2026\/09\/Facades-laterales-et-escalier-rotated.jpg\" class=\"attachment-large size-large wp-image-24999\" alt=\"\" srcset=\"https:\/\/www.cheminsdereves.fr\/wp-content\/uploads\/2026\/09\/Facades-laterales-et-escalier-rotated.jpg 240w, https:\/\/www.cheminsdereves.fr\/wp-content\/uploads\/2026\/09\/Facades-laterales-et-escalier-225x300.jpg 225w\" sizes=\"(max-width: 240px) 100vw, 240px\" \/>\t\t\t\t\t\t\t\t\t\t\t\t\t\t\t<\/div>\n\t\t\t\t<\/div>\n\t\t\t\t<div class=\"elementor-element elementor-element-b53a561 elementor-widget elementor-widget-text-editor\" data-id=\"b53a561\" data-element_type=\"widget\" data-e-type=\"widget\" data-widget_type=\"text-editor.default\">\n\t\t\t\t<div class=\"elementor-widget-container\">\n\t\t\t\t\t\t\t\t\t<p>Les deux supports de toiture vont assurer l&rsquo;\u00e9querrage des fa\u00e7ades.<\/p>\t\t\t\t\t\t\t\t<\/div>\n\t\t\t\t<\/div>\n\t\t\t\t<div class=\"elementor-element elementor-element-cfb33c2 elementor-widget elementor-widget-image\" data-id=\"cfb33c2\" data-element_type=\"widget\" data-e-type=\"widget\" data-widget_type=\"image.default\">\n\t\t\t\t<div class=\"elementor-widget-container\">\n\t\t\t\t\t\t\t\t\t\t\t\t\t\t\t<img loading=\"lazy\" decoding=\"async\" width=\"240\" height=\"320\" src=\"https:\/\/www.cheminsdereves.fr\/wp-content\/uploads\/2026\/09\/Plaques-toiture-1.5-mm-rotated.jpg\" class=\"attachment-large size-large wp-image-25001\" alt=\"\" srcset=\"https:\/\/www.cheminsdereves.fr\/wp-content\/uploads\/2026\/09\/Plaques-toiture-1.5-mm-rotated.jpg 240w, https:\/\/www.cheminsdereves.fr\/wp-content\/uploads\/2026\/09\/Plaques-toiture-1.5-mm-225x300.jpg 225w\" sizes=\"(max-width: 240px) 100vw, 240px\" \/>\t\t\t\t\t\t\t\t\t\t\t\t\t\t\t<\/div>\n\t\t\t\t<\/div>\n\t\t\t\t<div class=\"elementor-element elementor-element-51e747d elementor-widget elementor-widget-text-editor\" data-id=\"51e747d\" data-element_type=\"widget\" data-e-type=\"widget\" data-widget_type=\"text-editor.default\">\n\t\t\t\t<div class=\"elementor-widget-container\">\n\t\t\t\t\t\t\t\t\t<p>Les bandes de tuiles se montent par superposition. Faites attention \u00e0 bien respecter le d\u00e9calage<\/p>\t\t\t\t\t\t\t\t<\/div>\n\t\t\t\t<\/div>\n\t\t\t\t<div class=\"elementor-element elementor-element-fdaed8c elementor-widget elementor-widget-image\" data-id=\"fdaed8c\" data-element_type=\"widget\" data-e-type=\"widget\" data-widget_type=\"image.default\">\n\t\t\t\t<div class=\"elementor-widget-container\">\n\t\t\t\t\t\t\t\t\t\t\t\t\t\t\t<img loading=\"lazy\" decoding=\"async\" width=\"240\" height=\"320\" src=\"https:\/\/www.cheminsdereves.fr\/wp-content\/uploads\/2026\/09\/Tuiles-Eden-3-rotated.jpg\" class=\"attachment-large size-large wp-image-25013\" alt=\"\" srcset=\"https:\/\/www.cheminsdereves.fr\/wp-content\/uploads\/2026\/09\/Tuiles-Eden-3-rotated.jpg 240w, https:\/\/www.cheminsdereves.fr\/wp-content\/uploads\/2026\/09\/Tuiles-Eden-3-225x300.jpg 225w\" sizes=\"(max-width: 240px) 100vw, 240px\" \/>\t\t\t\t\t\t\t\t\t\t\t\t\t\t\t<\/div>\n\t\t\t\t<\/div>\n\t\t\t\t<div class=\"elementor-element elementor-element-bd63de8 elementor-widget elementor-widget-text-editor\" data-id=\"bd63de8\" data-element_type=\"widget\" data-e-type=\"widget\" data-widget_type=\"text-editor.default\">\n\t\t\t\t<div class=\"elementor-widget-container\">\n\t\t\t\t\t\t\t\t\t<p>Faites de m\u00eame sur l&rsquo;autre pan de toiture.<\/p>\t\t\t\t\t\t\t\t<\/div>\n\t\t\t\t<\/div>\n\t\t\t\t<div class=\"elementor-element elementor-element-21f0702 elementor-widget elementor-widget-image\" data-id=\"21f0702\" data-element_type=\"widget\" data-e-type=\"widget\" data-widget_type=\"image.default\">\n\t\t\t\t<div class=\"elementor-widget-container\">\n\t\t\t\t\t\t\t\t\t\t\t\t\t\t\t<img loading=\"lazy\" decoding=\"async\" width=\"240\" height=\"320\" src=\"https:\/\/www.cheminsdereves.fr\/wp-content\/uploads\/2026\/09\/Tuiles-Eden-5-rotated.jpg\" class=\"attachment-large size-large wp-image-25015\" alt=\"\" srcset=\"https:\/\/www.cheminsdereves.fr\/wp-content\/uploads\/2026\/09\/Tuiles-Eden-5-rotated.jpg 240w, https:\/\/www.cheminsdereves.fr\/wp-content\/uploads\/2026\/09\/Tuiles-Eden-5-225x300.jpg 225w\" sizes=\"(max-width: 240px) 100vw, 240px\" \/>\t\t\t\t\t\t\t\t\t\t\t\t\t\t\t<\/div>\n\t\t\t\t<\/div>\n\t\t\t\t<div class=\"elementor-element elementor-element-e8f7200 elementor-widget elementor-widget-text-editor\" data-id=\"e8f7200\" data-element_type=\"widget\" data-e-type=\"widget\" data-widget_type=\"text-editor.default\">\n\t\t\t\t<div class=\"elementor-widget-container\">\n\t\t\t\t\t\t\t\t\t<p>Votre maquette est \u00e0 pr\u00e9sent termin\u00e9e et est pr\u00eate \u00e0 trouver une place de choix sur votre r\u00e9seau.<\/p>\t\t\t\t\t\t\t\t<\/div>\n\t\t\t\t<\/div>\n\t\t\t\t\t<\/div>\n\t\t<\/div>\n\t\t\t\t<div class=\"has_eae_slider elementor-column elementor-col-50 elementor-top-column elementor-element elementor-element-90e69df\" data-eae-slider=\"76442\" data-id=\"90e69df\" data-element_type=\"column\" data-e-type=\"column\">\n\t\t\t<div class=\"elementor-widget-wrap elementor-element-populated\">\n\t\t\t\t\t\t<div class=\"elementor-element elementor-element-3a0b43f elementor-widget elementor-widget-text-editor\" data-id=\"3a0b43f\" data-element_type=\"widget\" data-e-type=\"widget\" data-widget_type=\"text-editor.default\">\n\t\t\t\t<div class=\"elementor-widget-container\">\n\t\t\t\t\t\t\t\t\t<p>La fa\u00e7ade avant vient s&rsquo;enficher dans les murs lat\u00e9raux.<\/p>\t\t\t\t\t\t\t\t<\/div>\n\t\t\t\t<\/div>\n\t\t\t\t<div class=\"elementor-element elementor-element-83c0914 elementor-widget elementor-widget-image\" data-id=\"83c0914\" data-element_type=\"widget\" data-e-type=\"widget\" data-widget_type=\"image.default\">\n\t\t\t\t<div class=\"elementor-widget-container\">\n\t\t\t\t\t\t\t\t\t\t\t\t\t\t\t<img loading=\"lazy\" decoding=\"async\" width=\"240\" height=\"320\" src=\"https:\/\/www.cheminsdereves.fr\/wp-content\/uploads\/2026\/09\/Supports-de-toiture-rotated.jpg\" class=\"attachment-large size-large wp-image-25002\" alt=\"\" srcset=\"https:\/\/www.cheminsdereves.fr\/wp-content\/uploads\/2026\/09\/Supports-de-toiture-rotated.jpg 240w, https:\/\/www.cheminsdereves.fr\/wp-content\/uploads\/2026\/09\/Supports-de-toiture-225x300.jpg 225w\" sizes=\"(max-width: 240px) 100vw, 240px\" \/>\t\t\t\t\t\t\t\t\t\t\t\t\t\t\t<\/div>\n\t\t\t\t<\/div>\n\t\t\t\t<div class=\"elementor-element elementor-element-cf0eed4 elementor-widget elementor-widget-text-editor\" data-id=\"cf0eed4\" data-element_type=\"widget\" data-e-type=\"widget\" data-widget_type=\"text-editor.default\">\n\t\t\t\t<div class=\"elementor-widget-container\">\n\t\t\t\t\t\t\t\t\t<p>La toiture vient simplement se coller sur les deux supports.<\/p>\t\t\t\t\t\t\t\t<\/div>\n\t\t\t\t<\/div>\n\t\t\t\t<div class=\"elementor-element elementor-element-1a726a7 elementor-widget elementor-widget-image\" data-id=\"1a726a7\" data-element_type=\"widget\" data-e-type=\"widget\" data-widget_type=\"image.default\">\n\t\t\t\t<div class=\"elementor-widget-container\">\n\t\t\t\t\t\t\t\t\t\t\t\t\t\t\t<img loading=\"lazy\" decoding=\"async\" width=\"240\" height=\"320\" src=\"https:\/\/www.cheminsdereves.fr\/wp-content\/uploads\/2026\/09\/Tuiles-Eden-1-rotated.jpg\" class=\"attachment-large size-large wp-image-25011\" alt=\"\" srcset=\"https:\/\/www.cheminsdereves.fr\/wp-content\/uploads\/2026\/09\/Tuiles-Eden-1-rotated.jpg 240w, https:\/\/www.cheminsdereves.fr\/wp-content\/uploads\/2026\/09\/Tuiles-Eden-1-225x300.jpg 225w\" sizes=\"(max-width: 240px) 100vw, 240px\" \/>\t\t\t\t\t\t\t\t\t\t\t\t\t\t\t<\/div>\n\t\t\t\t<\/div>\n\t\t\t\t<div class=\"elementor-element elementor-element-1468e5e elementor-widget elementor-widget-text-editor\" data-id=\"1468e5e\" data-element_type=\"widget\" data-e-type=\"widget\" data-widget_type=\"text-editor.default\">\n\t\t\t\t<div class=\"elementor-widget-container\">\n\t\t\t\t\t\t\t\t\t<p>Poursuivez jusqu&rsquo;\u00e0 l&rsquo;avant derni\u00e8re bande de tuiles.<\/p>\t\t\t\t\t\t\t\t<\/div>\n\t\t\t\t<\/div>\n\t\t\t\t<div class=\"elementor-element elementor-element-33c9fd2 elementor-widget elementor-widget-image\" data-id=\"33c9fd2\" data-element_type=\"widget\" data-e-type=\"widget\" data-widget_type=\"image.default\">\n\t\t\t\t<div class=\"elementor-widget-container\">\n\t\t\t\t\t\t\t\t\t\t\t\t\t\t\t<img loading=\"lazy\" decoding=\"async\" width=\"320\" height=\"320\" src=\"https:\/\/www.cheminsdereves.fr\/wp-content\/uploads\/2026\/09\/Tuiles-Eden-4-rotated.jpg\" class=\"attachment-large size-large wp-image-25014\" alt=\"\" srcset=\"https:\/\/www.cheminsdereves.fr\/wp-content\/uploads\/2026\/09\/Tuiles-Eden-4-rotated.jpg 320w, https:\/\/www.cheminsdereves.fr\/wp-content\/uploads\/2026\/09\/Tuiles-Eden-4-300x300.jpg 300w, https:\/\/www.cheminsdereves.fr\/wp-content\/uploads\/2026\/09\/Tuiles-Eden-4-150x150.jpg 150w, https:\/\/www.cheminsdereves.fr\/wp-content\/uploads\/2026\/09\/Tuiles-Eden-4-100x100.jpg 100w\" sizes=\"(max-width: 320px) 100vw, 320px\" \/>\t\t\t\t\t\t\t\t\t\t\t\t\t\t\t<\/div>\n\t\t\t\t<\/div>\n\t\t\t\t<div class=\"elementor-element elementor-element-b772be1 elementor-widget elementor-widget-text-editor\" data-id=\"b772be1\" data-element_type=\"widget\" data-e-type=\"widget\" data-widget_type=\"text-editor.default\">\n\t\t\t\t<div class=\"elementor-widget-container\">\n\t\t\t\t\t\t\t\t\t<p>Collez les deux derni\u00e8res rang\u00e9es en ajustant bien en haut du fait\u00e2ge.<\/p>\t\t\t\t\t\t\t\t<\/div>\n\t\t\t\t<\/div>\n\t\t\t\t<div class=\"elementor-element elementor-element-139d1de elementor-widget elementor-widget-image\" data-id=\"139d1de\" data-element_type=\"widget\" data-e-type=\"widget\" data-widget_type=\"image.default\">\n\t\t\t\t<div class=\"elementor-widget-container\">\n\t\t\t\t\t\t\t\t\t\t\t\t\t\t\t<img decoding=\"async\" src=\"https:\/\/www.cheminsdereves.fr\/wp-content\/uploads\/2026\/09\/Photo-5-rotated.jpg\" title=\"\" alt=\"\" loading=\"lazy\" \/>\t\t\t\t\t\t\t\t\t\t\t\t\t\t\t<\/div>\n\t\t\t\t<\/div>\n\t\t\t\t\t<\/div>\n\t\t<\/div>\n\t\t\t\t\t<\/div>\n\t\t<\/section>\n\t\t\t\t<\/div>\n\t\t","protected":false},"excerpt":{"rendered":"<p>Cet immeuble est une cr\u00e9ation originale inspir\u00e9e d&rsquo;un b\u00e2timent r\u00e9el situ\u00e9 \u00e0 Cosne sur Loire dans la Ni\u00e8vre. Il est en demi relief, particuli\u00e8rement indiqu\u00e9 pour les parois de fond ou de c\u00f4t\u00e9. Les techniques de montage sont simples et requi\u00e8rent essentiellement de la colle blanche, un cutter, une lime et un r\u00e9glet. Les pi\u00e8ces [&hellip;]<\/p>\n","protected":false},"author":1,"featured_media":0,"parent":0,"menu_order":0,"comment_status":"closed","ping_status":"closed","template":"","meta":{"ocean_front_end_style_editor":"no","ocean_post_layout":"","ocean_both_sidebars_style":"","ocean_both_sidebars_content_width":0,"ocean_both_sidebars_sidebars_width":0,"ocean_sidebar":"","ocean_second_sidebar":"","ocean_disable_margins":"enable","ocean_add_body_class":"","ocean_shortcode_before_top_bar":"","ocean_shortcode_after_top_bar":"","ocean_shortcode_before_header":"","ocean_shortcode_after_header":"","ocean_has_shortcode":"","ocean_shortcode_after_title":"","ocean_shortcode_before_footer_widgets":"","ocean_shortcode_after_footer_widgets":"","ocean_shortcode_before_footer_bottom":"","ocean_shortcode_after_footer_bottom":"","ocean_display_top_bar":"default","ocean_display_header":"default","ocean_header_style":"","ocean_center_header_left_menu":"","ocean_custom_header_template":"","ocean_custom_logo":0,"ocean_custom_retina_logo":0,"ocean_custom_logo_max_width":0,"ocean_custom_logo_tablet_max_width":0,"ocean_custom_logo_mobile_max_width":0,"ocean_custom_logo_max_height":0,"ocean_custom_logo_tablet_max_height":0,"ocean_custom_logo_mobile_max_height":0,"ocean_header_custom_menu":"","ocean_menu_typo_font_family":"","ocean_menu_typo_font_subset":"","ocean_menu_typo_font_size":0,"ocean_menu_typo_font_size_tablet":0,"ocean_menu_typo_font_size_mobile":0,"ocean_menu_typo_font_size_unit":"px","ocean_menu_typo_font_weight":"","ocean_menu_typo_font_weight_tablet":"","ocean_menu_typo_font_weight_mobile":"","ocean_menu_typo_transform":"","ocean_menu_typo_transform_tablet":"","ocean_menu_typo_transform_mobile":"","ocean_menu_typo_line_height":0,"ocean_menu_typo_line_height_tablet":0,"ocean_menu_typo_line_height_mobile":0,"ocean_menu_typo_line_height_unit":"","ocean_menu_typo_spacing":0,"ocean_menu_typo_spacing_tablet":0,"ocean_menu_typo_spacing_mobile":0,"ocean_menu_typo_spacing_unit":"","ocean_menu_link_color":"","ocean_menu_link_color_hover":"","ocean_menu_link_color_active":"","ocean_menu_link_background":"","ocean_menu_link_hover_background":"","ocean_menu_link_active_background":"","ocean_menu_social_links_bg":"","ocean_menu_social_hover_links_bg":"","ocean_menu_social_links_color":"","ocean_menu_social_hover_links_color":"","ocean_disable_title":"default","ocean_disable_heading":"default","ocean_post_title":"","ocean_post_subheading":"","ocean_post_title_style":"","ocean_post_title_background_color":"","ocean_post_title_background":0,"ocean_post_title_bg_image_position":"","ocean_post_title_bg_image_attachment":"","ocean_post_title_bg_image_repeat":"","ocean_post_title_bg_image_size":"","ocean_post_title_height":0,"ocean_post_title_bg_overlay":0.5,"ocean_post_title_bg_overlay_color":"","ocean_disable_breadcrumbs":"default","ocean_breadcrumbs_color":"","ocean_breadcrumbs_separator_color":"","ocean_breadcrumbs_links_color":"","ocean_breadcrumbs_links_hover_color":"","ocean_display_footer_widgets":"default","ocean_display_footer_bottom":"default","ocean_custom_footer_template":"","footnotes":""},"class_list":["post-24961","page","type-page","status-publish","hentry","entry","owp-thumbs-layout-horizontal","owp-btn-normal","owp-tabs-layout-horizontal","has-no-thumbnails","has-product-nav"],"yoast_head":"<!-- This site is optimized with the Yoast SEO plugin v28.4 - https:\/\/yoast.com\/product\/yoast-seo-wordpress\/ -->\n<title>La mise en \u0153uvre du cin\u00e9ma Art D\u00e9co Eden - Chemins de R\u00eaves<\/title>\n<meta name=\"description\" content=\"La notice de montage et de d\u00e9coration du kit HO en d\u00e9coupe laser du cin\u00e9ma Art D\u00e9co l&#039;Eden situ\u00e9 \u00e0 Cosne sur Loire\" \/>\n<meta name=\"robots\" content=\"index, follow, max-snippet:-1, max-image-preview:large, max-video-preview:-1\" \/>\n<link rel=\"canonical\" href=\"https:\/\/www.cheminsdereves.fr\/index.php\/la-mise-en-oeuvre-du-cinema-art-deco-eden\/\" \/>\n<meta property=\"og:locale\" content=\"fr_FR\" \/>\n<meta property=\"og:type\" content=\"article\" \/>\n<meta property=\"og:title\" content=\"La mise en \u0153uvre du cin\u00e9ma Art D\u00e9co Eden - Chemins de R\u00eaves\" \/>\n<meta property=\"og:description\" content=\"La notice de montage et de d\u00e9coration du kit HO en d\u00e9coupe laser du cin\u00e9ma Art D\u00e9co l&#039;Eden situ\u00e9 \u00e0 Cosne sur Loire\" \/>\n<meta property=\"og:url\" content=\"https:\/\/www.cheminsdereves.fr\/index.php\/la-mise-en-oeuvre-du-cinema-art-deco-eden\/\" \/>\n<meta property=\"og:site_name\" content=\"Chemins de R\u00eaves\" \/>\n<meta property=\"article:modified_time\" content=\"2026-09-04T15:17:40+00:00\" \/>\n<meta property=\"og:image\" content=\"https:\/\/www.cheminsdereves.fr\/wp-content\/uploads\/2026\/09\/Plaques-de-facade.jpg\" \/>\n\t<meta property=\"og:image:width\" content=\"320\" \/>\n\t<meta property=\"og:image:height\" content=\"240\" \/>\n\t<meta property=\"og:image:type\" content=\"image\/jpeg\" \/>\n<meta name=\"twitter:card\" content=\"summary_large_image\" \/>\n<meta name=\"twitter:label1\" content=\"Dur\u00e9e de lecture estim\u00e9e\" \/>\n\t<meta name=\"twitter:data1\" content=\"9 minutes\" \/>\n<script type=\"application\/ld+json\" class=\"yoast-schema-graph\">{\"@context\":\"https:\\\/\\\/schema.org\",\"@graph\":[{\"@type\":\"WebPage\",\"@id\":\"https:\\\/\\\/www.cheminsdereves.fr\\\/index.php\\\/la-mise-en-oeuvre-du-cinema-art-deco-eden\\\/\",\"url\":\"https:\\\/\\\/www.cheminsdereves.fr\\\/index.php\\\/la-mise-en-oeuvre-du-cinema-art-deco-eden\\\/\",\"name\":\"La mise en \u0153uvre du cin\u00e9ma Art D\u00e9co Eden - Chemins de R\u00eaves\",\"isPartOf\":{\"@id\":\"https:\\\/\\\/www.cheminsdereves.fr\\\/#website\"},\"primaryImageOfPage\":{\"@id\":\"https:\\\/\\\/www.cheminsdereves.fr\\\/index.php\\\/la-mise-en-oeuvre-du-cinema-art-deco-eden\\\/#primaryimage\"},\"image\":{\"@id\":\"https:\\\/\\\/www.cheminsdereves.fr\\\/index.php\\\/la-mise-en-oeuvre-du-cinema-art-deco-eden\\\/#primaryimage\"},\"thumbnailUrl\":\"https:\\\/\\\/www.cheminsdereves.fr\\\/wp-content\\\/uploads\\\/2026\\\/09\\\/Plaques-de-facade.jpg\",\"datePublished\":\"2026-09-04T10:52:08+00:00\",\"dateModified\":\"2026-09-04T15:17:40+00:00\",\"description\":\"La notice de montage et de d\u00e9coration du kit HO en d\u00e9coupe laser du cin\u00e9ma Art D\u00e9co l'Eden situ\u00e9 \u00e0 Cosne sur Loire\",\"breadcrumb\":{\"@id\":\"https:\\\/\\\/www.cheminsdereves.fr\\\/index.php\\\/la-mise-en-oeuvre-du-cinema-art-deco-eden\\\/#breadcrumb\"},\"inLanguage\":\"fr-FR\",\"potentialAction\":[{\"@type\":\"ReadAction\",\"target\":[\"https:\\\/\\\/www.cheminsdereves.fr\\\/index.php\\\/la-mise-en-oeuvre-du-cinema-art-deco-eden\\\/\"]}]},{\"@type\":\"ImageObject\",\"inLanguage\":\"fr-FR\",\"@id\":\"https:\\\/\\\/www.cheminsdereves.fr\\\/index.php\\\/la-mise-en-oeuvre-du-cinema-art-deco-eden\\\/#primaryimage\",\"url\":\"https:\\\/\\\/www.cheminsdereves.fr\\\/wp-content\\\/uploads\\\/2026\\\/09\\\/Plaques-de-facade.jpg\",\"contentUrl\":\"https:\\\/\\\/www.cheminsdereves.fr\\\/wp-content\\\/uploads\\\/2026\\\/09\\\/Plaques-de-facade.jpg\",\"width\":320,\"height\":240},{\"@type\":\"BreadcrumbList\",\"@id\":\"https:\\\/\\\/www.cheminsdereves.fr\\\/index.php\\\/la-mise-en-oeuvre-du-cinema-art-deco-eden\\\/#breadcrumb\",\"itemListElement\":[{\"@type\":\"ListItem\",\"position\":1,\"name\":\"Accueil\",\"item\":\"https:\\\/\\\/www.cheminsdereves.fr\\\/\"},{\"@type\":\"ListItem\",\"position\":2,\"name\":\"La mise en \u0153uvre du cin\u00e9ma Art D\u00e9co Eden\"}]},{\"@type\":\"WebSite\",\"@id\":\"https:\\\/\\\/www.cheminsdereves.fr\\\/#website\",\"url\":\"https:\\\/\\\/www.cheminsdereves.fr\\\/\",\"name\":\"Chemins de R\u00eaves\",\"description\":\"Un site consacr\u00e9 au mod\u00e9lisme ferroviaire\",\"publisher\":{\"@id\":\"https:\\\/\\\/www.cheminsdereves.fr\\\/#organization\"},\"potentialAction\":[{\"@type\":\"SearchAction\",\"target\":{\"@type\":\"EntryPoint\",\"urlTemplate\":\"https:\\\/\\\/www.cheminsdereves.fr\\\/?s={search_term_string}\"},\"query-input\":{\"@type\":\"PropertyValueSpecification\",\"valueRequired\":true,\"valueName\":\"search_term_string\"}}],\"inLanguage\":\"fr-FR\"},{\"@type\":\"Organization\",\"@id\":\"https:\\\/\\\/www.cheminsdereves.fr\\\/#organization\",\"name\":\"Chemins de R\u00eaves\",\"url\":\"https:\\\/\\\/www.cheminsdereves.fr\\\/\",\"logo\":{\"@type\":\"ImageObject\",\"inLanguage\":\"fr-FR\",\"@id\":\"https:\\\/\\\/www.cheminsdereves.fr\\\/#\\\/schema\\\/logo\\\/image\\\/\",\"url\":\"https:\\\/\\\/www.cheminsdereves.fr\\\/wp-content\\\/uploads\\\/2023\\\/05\\\/LogoBandeau.png\",\"contentUrl\":\"https:\\\/\\\/www.cheminsdereves.fr\\\/wp-content\\\/uploads\\\/2023\\\/05\\\/LogoBandeau.png\",\"width\":4871,\"height\":1000,\"caption\":\"Chemins de R\u00eaves\"},\"image\":{\"@id\":\"https:\\\/\\\/www.cheminsdereves.fr\\\/#\\\/schema\\\/logo\\\/image\\\/\"}}]}<\/script>\n<!-- \/ Yoast SEO plugin. -->","yoast_head_json":{"title":"La mise en \u0153uvre du cin\u00e9ma Art D\u00e9co Eden - Chemins de R\u00eaves","description":"La notice de montage et de d\u00e9coration du kit HO en d\u00e9coupe laser du cin\u00e9ma Art D\u00e9co l'Eden situ\u00e9 \u00e0 Cosne sur Loire","robots":{"index":"index","follow":"follow","max-snippet":"max-snippet:-1","max-image-preview":"max-image-preview:large","max-video-preview":"max-video-preview:-1"},"canonical":"https:\/\/www.cheminsdereves.fr\/index.php\/la-mise-en-oeuvre-du-cinema-art-deco-eden\/","og_locale":"fr_FR","og_type":"article","og_title":"La mise en \u0153uvre du cin\u00e9ma Art D\u00e9co Eden - Chemins de R\u00eaves","og_description":"La notice de montage et de d\u00e9coration du kit HO en d\u00e9coupe laser du cin\u00e9ma Art D\u00e9co l'Eden situ\u00e9 \u00e0 Cosne sur Loire","og_url":"https:\/\/www.cheminsdereves.fr\/index.php\/la-mise-en-oeuvre-du-cinema-art-deco-eden\/","og_site_name":"Chemins de R\u00eaves","article_modified_time":"2026-09-04T15:17:40+00:00","og_image":[{"width":320,"height":240,"url":"https:\/\/www.cheminsdereves.fr\/wp-content\/uploads\/2026\/09\/Plaques-de-facade.jpg","type":"image\/jpeg"}],"twitter_card":"summary_large_image","twitter_misc":{"Dur\u00e9e de lecture estim\u00e9e":"9 minutes"},"schema":{"@context":"https:\/\/schema.org","@graph":[{"@type":"WebPage","@id":"https:\/\/www.cheminsdereves.fr\/index.php\/la-mise-en-oeuvre-du-cinema-art-deco-eden\/","url":"https:\/\/www.cheminsdereves.fr\/index.php\/la-mise-en-oeuvre-du-cinema-art-deco-eden\/","name":"La mise en \u0153uvre du cin\u00e9ma Art D\u00e9co Eden - Chemins de R\u00eaves","isPartOf":{"@id":"https:\/\/www.cheminsdereves.fr\/#website"},"primaryImageOfPage":{"@id":"https:\/\/www.cheminsdereves.fr\/index.php\/la-mise-en-oeuvre-du-cinema-art-deco-eden\/#primaryimage"},"image":{"@id":"https:\/\/www.cheminsdereves.fr\/index.php\/la-mise-en-oeuvre-du-cinema-art-deco-eden\/#primaryimage"},"thumbnailUrl":"https:\/\/www.cheminsdereves.fr\/wp-content\/uploads\/2026\/09\/Plaques-de-facade.jpg","datePublished":"2026-09-04T10:52:08+00:00","dateModified":"2026-09-04T15:17:40+00:00","description":"La notice de montage et de d\u00e9coration du kit HO en d\u00e9coupe laser du cin\u00e9ma Art D\u00e9co l'Eden situ\u00e9 \u00e0 Cosne sur Loire","breadcrumb":{"@id":"https:\/\/www.cheminsdereves.fr\/index.php\/la-mise-en-oeuvre-du-cinema-art-deco-eden\/#breadcrumb"},"inLanguage":"fr-FR","potentialAction":[{"@type":"ReadAction","target":["https:\/\/www.cheminsdereves.fr\/index.php\/la-mise-en-oeuvre-du-cinema-art-deco-eden\/"]}]},{"@type":"ImageObject","inLanguage":"fr-FR","@id":"https:\/\/www.cheminsdereves.fr\/index.php\/la-mise-en-oeuvre-du-cinema-art-deco-eden\/#primaryimage","url":"https:\/\/www.cheminsdereves.fr\/wp-content\/uploads\/2026\/09\/Plaques-de-facade.jpg","contentUrl":"https:\/\/www.cheminsdereves.fr\/wp-content\/uploads\/2026\/09\/Plaques-de-facade.jpg","width":320,"height":240},{"@type":"BreadcrumbList","@id":"https:\/\/www.cheminsdereves.fr\/index.php\/la-mise-en-oeuvre-du-cinema-art-deco-eden\/#breadcrumb","itemListElement":[{"@type":"ListItem","position":1,"name":"Accueil","item":"https:\/\/www.cheminsdereves.fr\/"},{"@type":"ListItem","position":2,"name":"La mise en \u0153uvre du cin\u00e9ma Art D\u00e9co Eden"}]},{"@type":"WebSite","@id":"https:\/\/www.cheminsdereves.fr\/#website","url":"https:\/\/www.cheminsdereves.fr\/","name":"Chemins de R\u00eaves","description":"Un site consacr\u00e9 au mod\u00e9lisme ferroviaire","publisher":{"@id":"https:\/\/www.cheminsdereves.fr\/#organization"},"potentialAction":[{"@type":"SearchAction","target":{"@type":"EntryPoint","urlTemplate":"https:\/\/www.cheminsdereves.fr\/?s={search_term_string}"},"query-input":{"@type":"PropertyValueSpecification","valueRequired":true,"valueName":"search_term_string"}}],"inLanguage":"fr-FR"},{"@type":"Organization","@id":"https:\/\/www.cheminsdereves.fr\/#organization","name":"Chemins de R\u00eaves","url":"https:\/\/www.cheminsdereves.fr\/","logo":{"@type":"ImageObject","inLanguage":"fr-FR","@id":"https:\/\/www.cheminsdereves.fr\/#\/schema\/logo\/image\/","url":"https:\/\/www.cheminsdereves.fr\/wp-content\/uploads\/2023\/05\/LogoBandeau.png","contentUrl":"https:\/\/www.cheminsdereves.fr\/wp-content\/uploads\/2023\/05\/LogoBandeau.png","width":4871,"height":1000,"caption":"Chemins de R\u00eaves"},"image":{"@id":"https:\/\/www.cheminsdereves.fr\/#\/schema\/logo\/image\/"}}]}},"_links":{"self":[{"href":"https:\/\/www.cheminsdereves.fr\/index.php\/wp-json\/wp\/v2\/pages\/24961","targetHints":{"allow":["GET"]}}],"collection":[{"href":"https:\/\/www.cheminsdereves.fr\/index.php\/wp-json\/wp\/v2\/pages"}],"about":[{"href":"https:\/\/www.cheminsdereves.fr\/index.php\/wp-json\/wp\/v2\/types\/page"}],"author":[{"embeddable":true,"href":"https:\/\/www.cheminsdereves.fr\/index.php\/wp-json\/wp\/v2\/users\/1"}],"replies":[{"embeddable":true,"href":"https:\/\/www.cheminsdereves.fr\/index.php\/wp-json\/wp\/v2\/comments?post=24961"}],"version-history":[{"count":40,"href":"https:\/\/www.cheminsdereves.fr\/index.php\/wp-json\/wp\/v2\/pages\/24961\/revisions"}],"predecessor-version":[{"id":25039,"href":"https:\/\/www.cheminsdereves.fr\/index.php\/wp-json\/wp\/v2\/pages\/24961\/revisions\/25039"}],"wp:attachment":[{"href":"https:\/\/www.cheminsdereves.fr\/index.php\/wp-json\/wp\/v2\/media?parent=24961"}],"curies":[{"name":"wp","href":"https:\/\/api.w.org\/{rel}","templated":true}]}}